{"id":753,"date":"2024-09-02T18:19:47","date_gmt":"2024-09-02T16:19:47","guid":{"rendered":"https:\/\/www.medine-schopfloch.de\/24\/?post_type=pgc_simply_gallery&#038;p=753"},"modified":"2025-10-26T17:03:30","modified_gmt":"2025-10-26T16:03:30","slug":"prinzenpaare","status":"publish","type":"pgc_simply_gallery","link":"https:\/\/www.medine-schopfloch.de\/24\/pgc_simply_gallery\/prinzenpaare\/","title":{"rendered":"Prinzenpaare"},"content":{"rendered":"<div class=\"pgc-sgb-cb wp-block-pgcsimplygalleryblock-viewer \" data-gallery-id=\"34495980\"><div class=\"sgb-preloader\" id=\"pr_34495980\">\n\t<div class=\"sgb-square\" style=\"background:#d4d4d4\"><\/div>\n\t<div class=\"sgb-square\" style=\"background:#d4d4d4\"><\/div>\n\t<div class=\"sgb-square\" style=\"background:#d4d4d4\"><\/div>\n\t<div class=\"sgb-square\" style=\"background:#d4d4d4\"><\/div><\/div><div class=\"simply-gallery-amp pgc_sgb_slider \" style=\"display: none;\"><div class=\"sgb-gallery\"><div class=\"sgb-item\"><a href=\"https:\/\/www.medine-schopfloch.de\/24\/pgc_simply_gallery\/prinzenpaare\/attachment\/2025\/\" target=\"_blank\"><img decoding=\"async\" alt=\"\" width=\"200\" height=\"300\" loading=\"lazy\" src=\"https:\/\/www.medine-schopfloch.de\/24\/wp-content\/uploads\/2024\/09\/2025-200x300.jpg\" srcset=\"https:\/\/www.medine-schopfloch.de\/24\/wp-content\/uploads\/2024\/09\/2025-200x300.jpg 200w,https:\/\/www.medine-schopfloch.de\/24\/wp-content\/uploads\/2024\/09\/2025-683x1024.jpg 683w,https:\/\/www.medine-schopfloch.de\/24\/wp-content\/uploads\/2024\/09\/2025-scaled.jpg 1707w\" sizes=\"auto, 250px\"\/><\/a><\/div><div class=\"sgb-item\"><a href=\"https:\/\/www.medine-schopfloch.de\/24\/pgc_simply_gallery\/prinzenpaare\/attachment\/2024\/\" target=\"_blank\"><img decoding=\"async\" alt=\"\" width=\"300\" height=\"206\" loading=\"lazy\" src=\"https:\/\/www.medine-schopfloch.de\/24\/wp-content\/uploads\/2024\/09\/2024-300x206.jpg\" srcset=\"https:\/\/www.medine-schopfloch.de\/24\/wp-content\/uploads\/2024\/09\/2024-300x206.jpg 300w,https:\/\/www.medine-schopfloch.de\/24\/wp-content\/uploads\/2024\/09\/2024.jpg 800w\" sizes=\"auto, 250px\"\/><\/a><\/div><div class=\"sgb-item\"><a href=\"https:\/\/www.medine-schopfloch.de\/24\/pgc_simply_gallery\/prinzenpaare\/attachment\/2023\/\" target=\"_blank\"><img decoding=\"async\" alt=\"\" width=\"300\" height=\"206\" loading=\"lazy\" src=\"https:\/\/www.medine-schopfloch.de\/24\/wp-content\/uploads\/2024\/09\/2023-300x206.jpg\" srcset=\"https:\/\/www.medine-schopfloch.de\/24\/wp-content\/uploads\/2024\/09\/2023-300x206.jpg 300w,https:\/\/www.medine-schopfloch.de\/24\/wp-content\/uploads\/2024\/09\/2023.jpg 800w\" sizes=\"auto, 250px\"\/><\/a><\/div><div class=\"sgb-item\"><a href=\"https:\/\/www.medine-schopfloch.de\/24\/pgc_simply_gallery\/prinzenpaare\/2020-22\/\" target=\"_blank\"><img decoding=\"async\" alt=\"\" width=\"300\" height=\"206\" loading=\"lazy\" src=\"https:\/\/www.medine-schopfloch.de\/24\/wp-content\/uploads\/2024\/09\/2020-22-300x206.jpg\" srcset=\"https:\/\/www.medine-schopfloch.de\/24\/wp-content\/uploads\/2024\/09\/2020-22-300x206.jpg 300w,https:\/\/www.medine-schopfloch.de\/24\/wp-content\/uploads\/2024\/09\/2020-22.jpg 800w\" sizes=\"auto, 250px\"\/><\/a><\/div><div class=\"sgb-item\"><a href=\"https:\/\/www.medine-schopfloch.de\/24\/pgc_simply_gallery\/prinzenpaare\/attachment\/2019\/\" target=\"_blank\"><img decoding=\"async\" alt=\"\" width=\"300\" height=\"206\" loading=\"lazy\" src=\"https:\/\/www.medine-schopfloch.de\/24\/wp-content\/uploads\/2024\/09\/2019-300x206.jpg\" srcset=\"https:\/\/www.medine-schopfloch.de\/24\/wp-content\/uploads\/2024\/09\/2019-300x206.jpg 300w,https:\/\/www.medine-schopfloch.de\/24\/wp-content\/uploads\/2024\/09\/2019.jpg 800w\" sizes=\"auto, 250px\"\/><\/a><\/div><div class=\"sgb-item\"><a href=\"https:\/\/www.medine-schopfloch.de\/24\/pgc_simply_gallery\/prinzenpaare\/attachment\/2018\/\" target=\"_blank\"><img decoding=\"async\" alt=\"\" width=\"300\" height=\"206\" loading=\"lazy\" src=\"https:\/\/www.medine-schopfloch.de\/24\/wp-content\/uploads\/2024\/09\/2018-300x206.jpg\" srcset=\"https:\/\/www.medine-schopfloch.de\/24\/wp-content\/uploads\/2024\/09\/2018-300x206.jpg 300w,https:\/\/www.medine-schopfloch.de\/24\/wp-content\/uploads\/2024\/09\/2018.jpg 800w\" sizes=\"auto, 250px\"\/><\/a><\/div><div class=\"sgb-item\"><a href=\"https:\/\/www.medine-schopfloch.de\/24\/pgc_simply_gallery\/prinzenpaare\/attachment\/2017\/\" target=\"_blank\"><img decoding=\"async\" alt=\"\" width=\"300\" height=\"206\" loading=\"lazy\" src=\"https:\/\/www.medine-schopfloch.de\/24\/wp-content\/uploads\/2024\/09\/2017-300x206.jpg\" srcset=\"https:\/\/www.medine-schopfloch.de\/24\/wp-content\/uploads\/2024\/09\/2017-300x206.jpg 300w,https:\/\/www.medine-schopfloch.de\/24\/wp-content\/uploads\/2024\/09\/2017.jpg 800w\" sizes=\"auto, 250px\"\/><\/a><\/div><div class=\"sgb-item\"><a href=\"https:\/\/www.medine-schopfloch.de\/24\/pgc_simply_gallery\/prinzenpaare\/attachment\/2016\/\" target=\"_blank\"><img decoding=\"async\" alt=\"\" width=\"300\" height=\"206\" loading=\"lazy\" src=\"https:\/\/www.medine-schopfloch.de\/24\/wp-content\/uploads\/2024\/09\/2016-300x206.jpg\" srcset=\"https:\/\/www.medine-schopfloch.de\/24\/wp-content\/uploads\/2024\/09\/2016-300x206.jpg 300w,https:\/\/www.medine-schopfloch.de\/24\/wp-content\/uploads\/2024\/09\/2016.jpg 800w\" sizes=\"auto, 250px\"\/><\/a><\/div><div class=\"sgb-item\"><a href=\"https:\/\/www.medine-schopfloch.de\/24\/pgc_simply_gallery\/prinzenpaare\/attachment\/2015\/\" target=\"_blank\"><img decoding=\"async\" alt=\"\" width=\"300\" height=\"206\" loading=\"lazy\" src=\"https:\/\/www.medine-schopfloch.de\/24\/wp-content\/uploads\/2024\/09\/2015-300x206.jpg\" srcset=\"https:\/\/www.medine-schopfloch.de\/24\/wp-content\/uploads\/2024\/09\/2015-300x206.jpg 300w,https:\/\/www.medine-schopfloch.de\/24\/wp-content\/uploads\/2024\/09\/2015.jpg 800w\" sizes=\"auto, 250px\"\/><\/a><\/div><div class=\"sgb-item\"><a href=\"https:\/\/www.medine-schopfloch.de\/24\/pgc_simply_gallery\/prinzenpaare\/attachment\/2014\/\" target=\"_blank\"><img decoding=\"async\" alt=\"\" width=\"300\" height=\"206\" loading=\"lazy\" src=\"https:\/\/www.medine-schopfloch.de\/24\/wp-content\/uploads\/2024\/09\/2014-300x206.jpg\" srcset=\"https:\/\/www.medine-schopfloch.de\/24\/wp-content\/uploads\/2024\/09\/2014-300x206.jpg 300w,https:\/\/www.medine-schopfloch.de\/24\/wp-content\/uploads\/2024\/09\/2014.jpg 800w\" sizes=\"auto, 250px\"\/><\/a><\/div><div class=\"sgb-item\"><a href=\"https:\/\/www.medine-schopfloch.de\/24\/pgc_simply_gallery\/prinzenpaare\/attachment\/2013\/\" target=\"_blank\"><img decoding=\"async\" alt=\"\" width=\"300\" height=\"206\" loading=\"lazy\" src=\"https:\/\/www.medine-schopfloch.de\/24\/wp-content\/uploads\/2024\/09\/2013-300x206.jpg\" srcset=\"https:\/\/www.medine-schopfloch.de\/24\/wp-content\/uploads\/2024\/09\/2013-300x206.jpg 300w,https:\/\/www.medine-schopfloch.de\/24\/wp-content\/uploads\/2024\/09\/2013.jpg 800w\" sizes=\"auto, 250px\"\/><\/a><\/div><div class=\"sgb-item\"><a href=\"https:\/\/www.medine-schopfloch.de\/24\/pgc_simply_gallery\/prinzenpaare\/attachment\/2012\/\" target=\"_blank\"><img decoding=\"async\" alt=\"\" width=\"300\" height=\"206\" loading=\"lazy\" src=\"https:\/\/www.medine-schopfloch.de\/24\/wp-content\/uploads\/2024\/09\/2012-300x206.jpg\" srcset=\"https:\/\/www.medine-schopfloch.de\/24\/wp-content\/uploads\/2024\/09\/2012-300x206.jpg 300w,https:\/\/www.medine-schopfloch.de\/24\/wp-content\/uploads\/2024\/09\/2012.jpg 800w\" sizes=\"auto, 250px\"\/><\/a><\/div><div class=\"sgb-item\"><a href=\"https:\/\/www.medine-schopfloch.de\/24\/pgc_simply_gallery\/prinzenpaare\/attachment\/2011\/\" target=\"_blank\"><img decoding=\"async\" alt=\"\" width=\"300\" height=\"206\" loading=\"lazy\" src=\"https:\/\/www.medine-schopfloch.de\/24\/wp-content\/uploads\/2024\/09\/2011-300x206.jpg\" srcset=\"https:\/\/www.medine-schopfloch.de\/24\/wp-content\/uploads\/2024\/09\/2011-300x206.jpg 300w,https:\/\/www.medine-schopfloch.de\/24\/wp-content\/uploads\/2024\/09\/2011.jpg 800w\" sizes=\"auto, 250px\"\/><\/a><\/div><div class=\"sgb-item\"><a href=\"https:\/\/www.medine-schopfloch.de\/24\/pgc_simply_gallery\/prinzenpaare\/attachment\/2010\/\" target=\"_blank\"><img decoding=\"async\" alt=\"\" width=\"300\" height=\"206\" loading=\"lazy\" src=\"https:\/\/www.medine-schopfloch.de\/24\/wp-content\/uploads\/2024\/09\/2010-300x206.jpg\" srcset=\"https:\/\/www.medine-schopfloch.de\/24\/wp-content\/uploads\/2024\/09\/2010-300x206.jpg 300w,https:\/\/www.medine-schopfloch.de\/24\/wp-content\/uploads\/2024\/09\/2010.jpg 800w\" sizes=\"auto, 250px\"\/><\/a><\/div><div class=\"sgb-item\"><a href=\"https:\/\/www.medine-schopfloch.de\/24\/pgc_simply_gallery\/prinzenpaare\/attachment\/2009\/\" target=\"_blank\"><img decoding=\"async\" alt=\"\" width=\"300\" height=\"206\" loading=\"lazy\" src=\"https:\/\/www.medine-schopfloch.de\/24\/wp-content\/uploads\/2024\/09\/2009-300x206.jpg\" srcset=\"https:\/\/www.medine-schopfloch.de\/24\/wp-content\/uploads\/2024\/09\/2009-300x206.jpg 300w,https:\/\/www.medine-schopfloch.de\/24\/wp-content\/uploads\/2024\/09\/2009.jpg 800w\" sizes=\"auto, 250px\"\/><\/a><\/div><div class=\"sgb-item\"><a href=\"https:\/\/www.medine-schopfloch.de\/24\/pgc_simply_gallery\/prinzenpaare\/attachment\/2008\/\" target=\"_blank\"><img decoding=\"async\" alt=\"\" width=\"300\" height=\"206\" loading=\"lazy\" src=\"https:\/\/www.medine-schopfloch.de\/24\/wp-content\/uploads\/2024\/09\/2008-300x206.jpg\" srcset=\"https:\/\/www.medine-schopfloch.de\/24\/wp-content\/uploads\/2024\/09\/2008-300x206.jpg 300w,https:\/\/www.medine-schopfloch.de\/24\/wp-content\/uploads\/2024\/09\/2008.jpg 800w\" sizes=\"auto, 250px\"\/><\/a><\/div><div class=\"sgb-item\"><a href=\"https:\/\/www.medine-schopfloch.de\/24\/pgc_simply_gallery\/prinzenpaare\/attachment\/2007\/\" target=\"_blank\"><img decoding=\"async\" alt=\"\" width=\"300\" height=\"206\" loading=\"lazy\" src=\"https:\/\/www.medine-schopfloch.de\/24\/wp-content\/uploads\/2024\/09\/2007-300x206.jpg\" srcset=\"https:\/\/www.medine-schopfloch.de\/24\/wp-content\/uploads\/2024\/09\/2007-300x206.jpg 300w,https:\/\/www.medine-schopfloch.de\/24\/wp-content\/uploads\/2024\/09\/2007.jpg 800w\" sizes=\"auto, 250px\"\/><\/a><\/div><div class=\"sgb-item\"><a href=\"https:\/\/www.medine-schopfloch.de\/24\/pgc_simply_gallery\/prinzenpaare\/attachment\/2006\/\" target=\"_blank\"><img decoding=\"async\" alt=\"\" width=\"300\" height=\"206\" loading=\"lazy\" src=\"https:\/\/www.medine-schopfloch.de\/24\/wp-content\/uploads\/2024\/09\/2006-300x206.jpg\" srcset=\"https:\/\/www.medine-schopfloch.de\/24\/wp-content\/uploads\/2024\/09\/2006-300x206.jpg 300w,https:\/\/www.medine-schopfloch.de\/24\/wp-content\/uploads\/2024\/09\/2006.jpg 800w\" sizes=\"auto, 250px\"\/><\/a><\/div><div class=\"sgb-item\"><a href=\"https:\/\/www.medine-schopfloch.de\/24\/pgc_simply_gallery\/prinzenpaare\/attachment\/2005\/\" target=\"_blank\"><img decoding=\"async\" alt=\"\" width=\"300\" height=\"206\" loading=\"lazy\" src=\"https:\/\/www.medine-schopfloch.de\/24\/wp-content\/uploads\/2024\/09\/2005-300x206.jpg\" srcset=\"https:\/\/www.medine-schopfloch.de\/24\/wp-content\/uploads\/2024\/09\/2005-300x206.jpg 300w,https:\/\/www.medine-schopfloch.de\/24\/wp-content\/uploads\/2024\/09\/2005.jpg 800w\" sizes=\"auto, 250px\"\/><\/a><\/div><div class=\"sgb-item\"><a href=\"https:\/\/www.medine-schopfloch.de\/24\/pgc_simply_gallery\/prinzenpaare\/attachment\/2004\/\" target=\"_blank\"><img decoding=\"async\" alt=\"\" width=\"300\" height=\"206\" loading=\"lazy\" src=\"https:\/\/www.medine-schopfloch.de\/24\/wp-content\/uploads\/2024\/09\/2004-300x206.jpg\" srcset=\"https:\/\/www.medine-schopfloch.de\/24\/wp-content\/uploads\/2024\/09\/2004-300x206.jpg 300w,https:\/\/www.medine-schopfloch.de\/24\/wp-content\/uploads\/2024\/09\/2004.jpg 800w\" sizes=\"auto, 250px\"\/><\/a><\/div><div class=\"sgb-item\"><a href=\"https:\/\/www.medine-schopfloch.de\/24\/pgc_simply_gallery\/prinzenpaare\/attachment\/2003\/\" target=\"_blank\"><img decoding=\"async\" alt=\"\" width=\"300\" height=\"206\" loading=\"lazy\" src=\"https:\/\/www.medine-schopfloch.de\/24\/wp-content\/uploads\/2024\/09\/2003-300x206.jpg\" srcset=\"https:\/\/www.medine-schopfloch.de\/24\/wp-content\/uploads\/2024\/09\/2003-300x206.jpg 300w,https:\/\/www.medine-schopfloch.de\/24\/wp-content\/uploads\/2024\/09\/2003.jpg 800w\" sizes=\"auto, 250px\"\/><\/a><\/div><div class=\"sgb-item\"><a href=\"https:\/\/www.medine-schopfloch.de\/24\/pgc_simply_gallery\/prinzenpaare\/attachment\/2002\/\" target=\"_blank\"><img decoding=\"async\" alt=\"\" width=\"300\" height=\"206\" loading=\"lazy\" src=\"https:\/\/www.medine-schopfloch.de\/24\/wp-content\/uploads\/2024\/09\/2002-300x206.jpg\" srcset=\"https:\/\/www.medine-schopfloch.de\/24\/wp-content\/uploads\/2024\/09\/2002-300x206.jpg 300w,https:\/\/www.medine-schopfloch.de\/24\/wp-content\/uploads\/2024\/09\/2002.jpg 800w\" sizes=\"auto, 250px\"\/><\/a><\/div><div class=\"sgb-item\"><a href=\"https:\/\/www.medine-schopfloch.de\/24\/pgc_simply_gallery\/prinzenpaare\/attachment\/2001\/\" target=\"_blank\"><img decoding=\"async\" alt=\"\" width=\"300\" height=\"206\" loading=\"lazy\" src=\"https:\/\/www.medine-schopfloch.de\/24\/wp-content\/uploads\/2024\/09\/2001-300x206.jpg\" srcset=\"https:\/\/www.medine-schopfloch.de\/24\/wp-content\/uploads\/2024\/09\/2001-300x206.jpg 300w,https:\/\/www.medine-schopfloch.de\/24\/wp-content\/uploads\/2024\/09\/2001.jpg 800w\" sizes=\"auto, 250px\"\/><\/a><\/div><div class=\"sgb-item\"><a href=\"https:\/\/www.medine-schopfloch.de\/24\/pgc_simply_gallery\/prinzenpaare\/attachment\/2000\/\" target=\"_blank\"><img decoding=\"async\" alt=\"\" width=\"300\" height=\"206\" loading=\"lazy\" src=\"https:\/\/www.medine-schopfloch.de\/24\/wp-content\/uploads\/2024\/09\/2000-300x206.jpg\" srcset=\"https:\/\/www.medine-schopfloch.de\/24\/wp-content\/uploads\/2024\/09\/2000-300x206.jpg 300w,https:\/\/www.medine-schopfloch.de\/24\/wp-content\/uploads\/2024\/09\/2000.jpg 800w\" sizes=\"auto, 250px\"\/><\/a><\/div><div class=\"sgb-item\"><a href=\"https:\/\/www.medine-schopfloch.de\/24\/pgc_simply_gallery\/prinzenpaare\/attachment\/1999\/\" target=\"_blank\"><img decoding=\"async\" alt=\"\" width=\"300\" height=\"206\" loading=\"lazy\" src=\"https:\/\/www.medine-schopfloch.de\/24\/wp-content\/uploads\/2024\/09\/1999-300x206.jpg\" srcset=\"https:\/\/www.medine-schopfloch.de\/24\/wp-content\/uploads\/2024\/09\/1999-300x206.jpg 300w,https:\/\/www.medine-schopfloch.de\/24\/wp-content\/uploads\/2024\/09\/1999.jpg 800w\" sizes=\"auto, 250px\"\/><\/a><\/div><div class=\"sgb-item\"><a href=\"https:\/\/www.medine-schopfloch.de\/24\/pgc_simply_gallery\/prinzenpaare\/attachment\/1998\/\" target=\"_blank\"><img decoding=\"async\" alt=\"\" width=\"300\" height=\"206\" loading=\"lazy\" src=\"https:\/\/www.medine-schopfloch.de\/24\/wp-content\/uploads\/2024\/09\/1998-300x206.jpg\" srcset=\"https:\/\/www.medine-schopfloch.de\/24\/wp-content\/uploads\/2024\/09\/1998-300x206.jpg 300w,https:\/\/www.medine-schopfloch.de\/24\/wp-content\/uploads\/2024\/09\/1998.jpg 800w\" sizes=\"auto, 250px\"\/><\/a><\/div><div class=\"sgb-item\"><a href=\"https:\/\/www.medine-schopfloch.de\/24\/pgc_simply_gallery\/prinzenpaare\/attachment\/1997\/\" target=\"_blank\"><img decoding=\"async\" alt=\"\" width=\"300\" height=\"206\" loading=\"lazy\" src=\"https:\/\/www.medine-schopfloch.de\/24\/wp-content\/uploads\/2024\/09\/1997-300x206.jpg\" srcset=\"https:\/\/www.medine-schopfloch.de\/24\/wp-content\/uploads\/2024\/09\/1997-300x206.jpg 300w,https:\/\/www.medine-schopfloch.de\/24\/wp-content\/uploads\/2024\/09\/1997.jpg 800w\" sizes=\"auto, 250px\"\/><\/a><\/div><div class=\"sgb-item\"><a href=\"https:\/\/www.medine-schopfloch.de\/24\/pgc_simply_gallery\/prinzenpaare\/1995-96\/\" target=\"_blank\"><img decoding=\"async\" alt=\"\" width=\"300\" height=\"206\" loading=\"lazy\" src=\"https:\/\/www.medine-schopfloch.de\/24\/wp-content\/uploads\/2024\/09\/1995-96-300x206.jpg\" srcset=\"https:\/\/www.medine-schopfloch.de\/24\/wp-content\/uploads\/2024\/09\/1995-96-300x206.jpg 300w,https:\/\/www.medine-schopfloch.de\/24\/wp-content\/uploads\/2024\/09\/1995-96.jpg 800w\" sizes=\"auto, 250px\"\/><\/a><\/div><div class=\"sgb-item\"><a href=\"https:\/\/www.medine-schopfloch.de\/24\/pgc_simply_gallery\/prinzenpaare\/attachment\/1994\/\" target=\"_blank\"><img decoding=\"async\" alt=\"\" width=\"300\" height=\"206\" loading=\"lazy\" src=\"https:\/\/www.medine-schopfloch.de\/24\/wp-content\/uploads\/2024\/09\/1994-300x206.jpg\" srcset=\"https:\/\/www.medine-schopfloch.de\/24\/wp-content\/uploads\/2024\/09\/1994-300x206.jpg 300w,https:\/\/www.medine-schopfloch.de\/24\/wp-content\/uploads\/2024\/09\/1994.jpg 800w\" sizes=\"auto, 250px\"\/><\/a><\/div><div class=\"sgb-item\"><a href=\"https:\/\/www.medine-schopfloch.de\/24\/pgc_simply_gallery\/prinzenpaare\/attachment\/1993\/\" target=\"_blank\"><img decoding=\"async\" alt=\"\" width=\"300\" height=\"206\" loading=\"lazy\" src=\"https:\/\/www.medine-schopfloch.de\/24\/wp-content\/uploads\/2024\/09\/1993-300x206.jpg\" srcset=\"https:\/\/www.medine-schopfloch.de\/24\/wp-content\/uploads\/2024\/09\/1993-300x206.jpg 300w,https:\/\/www.medine-schopfloch.de\/24\/wp-content\/uploads\/2024\/09\/1993.jpg 800w\" sizes=\"auto, 250px\"\/><\/a><\/div><div class=\"sgb-item\"><a href=\"https:\/\/www.medine-schopfloch.de\/24\/pgc_simply_gallery\/prinzenpaare\/attachment\/1992\/\" target=\"_blank\"><img decoding=\"async\" alt=\"\" width=\"300\" height=\"206\" loading=\"lazy\" src=\"https:\/\/www.medine-schopfloch.de\/24\/wp-content\/uploads\/2024\/09\/1992-300x206.jpg\" srcset=\"https:\/\/www.medine-schopfloch.de\/24\/wp-content\/uploads\/2024\/09\/1992-300x206.jpg 300w,https:\/\/www.medine-schopfloch.de\/24\/wp-content\/uploads\/2024\/09\/1992.jpg 800w\" sizes=\"auto, 250px\"\/><\/a><\/div><div class=\"sgb-item\"><a href=\"https:\/\/www.medine-schopfloch.de\/24\/pgc_simply_gallery\/prinzenpaare\/attachment\/1991\/\" target=\"_blank\"><img decoding=\"async\" alt=\"\" width=\"300\" height=\"206\" loading=\"lazy\" src=\"https:\/\/www.medine-schopfloch.de\/24\/wp-content\/uploads\/2024\/09\/1991-300x206.jpg\" srcset=\"https:\/\/www.medine-schopfloch.de\/24\/wp-content\/uploads\/2024\/09\/1991-300x206.jpg 300w,https:\/\/www.medine-schopfloch.de\/24\/wp-content\/uploads\/2024\/09\/1991.jpg 800w\" sizes=\"auto, 250px\"\/><\/a><\/div><div class=\"sgb-item\"><a href=\"https:\/\/www.medine-schopfloch.de\/24\/pgc_simply_gallery\/prinzenpaare\/attachment\/1990\/\" target=\"_blank\"><img decoding=\"async\" alt=\"\" width=\"300\" height=\"206\" loading=\"lazy\" src=\"https:\/\/www.medine-schopfloch.de\/24\/wp-content\/uploads\/2024\/09\/1990-300x206.jpg\" srcset=\"https:\/\/www.medine-schopfloch.de\/24\/wp-content\/uploads\/2024\/09\/1990-300x206.jpg 300w,https:\/\/www.medine-schopfloch.de\/24\/wp-content\/uploads\/2024\/09\/1990.jpg 800w\" sizes=\"auto, 250px\"\/><\/a><\/div><div class=\"sgb-item\"><a href=\"https:\/\/www.medine-schopfloch.de\/24\/pgc_simply_gallery\/prinzenpaare\/attachment\/1989\/\" target=\"_blank\"><img decoding=\"async\" alt=\"\" width=\"300\" height=\"206\" loading=\"lazy\" src=\"https:\/\/www.medine-schopfloch.de\/24\/wp-content\/uploads\/2024\/09\/1989-300x206.jpg\" srcset=\"https:\/\/www.medine-schopfloch.de\/24\/wp-content\/uploads\/2024\/09\/1989-300x206.jpg 300w,https:\/\/www.medine-schopfloch.de\/24\/wp-content\/uploads\/2024\/09\/1989.jpg 800w\" sizes=\"auto, 250px\"\/><\/a><\/div><div class=\"sgb-item\"><a href=\"https:\/\/www.medine-schopfloch.de\/24\/pgc_simply_gallery\/prinzenpaare\/attachment\/1988\/\" target=\"_blank\"><img decoding=\"async\" alt=\"\" width=\"300\" height=\"206\" loading=\"lazy\" src=\"https:\/\/www.medine-schopfloch.de\/24\/wp-content\/uploads\/2024\/09\/1988-300x206.jpg\" srcset=\"https:\/\/www.medine-schopfloch.de\/24\/wp-content\/uploads\/2024\/09\/1988-300x206.jpg 300w,https:\/\/www.medine-schopfloch.de\/24\/wp-content\/uploads\/2024\/09\/1988.jpg 800w\" sizes=\"auto, 250px\"\/><\/a><\/div><div class=\"sgb-item\"><a href=\"https:\/\/www.medine-schopfloch.de\/24\/pgc_simply_gallery\/prinzenpaare\/attachment\/1987\/\" target=\"_blank\"><img decoding=\"async\" alt=\"\" width=\"300\" height=\"206\" loading=\"lazy\" src=\"https:\/\/www.medine-schopfloch.de\/24\/wp-content\/uploads\/2024\/09\/1987-300x206.jpg\" srcset=\"https:\/\/www.medine-schopfloch.de\/24\/wp-content\/uploads\/2024\/09\/1987-300x206.jpg 300w,https:\/\/www.medine-schopfloch.de\/24\/wp-content\/uploads\/2024\/09\/1987.jpg 800w\" sizes=\"auto, 250px\"\/><\/a><\/div><div class=\"sgb-item\"><a href=\"https:\/\/www.medine-schopfloch.de\/24\/pgc_simply_gallery\/prinzenpaare\/attachment\/1986\/\" target=\"_blank\"><img decoding=\"async\" alt=\"\" width=\"300\" height=\"206\" loading=\"lazy\" src=\"https:\/\/www.medine-schopfloch.de\/24\/wp-content\/uploads\/2024\/09\/1986-300x206.jpg\" srcset=\"https:\/\/www.medine-schopfloch.de\/24\/wp-content\/uploads\/2024\/09\/1986-300x206.jpg 300w,https:\/\/www.medine-schopfloch.de\/24\/wp-content\/uploads\/2024\/09\/1986.jpg 800w\" sizes=\"auto, 250px\"\/><\/a><\/div><div class=\"sgb-item\"><a href=\"https:\/\/www.medine-schopfloch.de\/24\/pgc_simply_gallery\/prinzenpaare\/attachment\/1985\/\" target=\"_blank\"><img decoding=\"async\" alt=\"\" width=\"300\" height=\"206\" loading=\"lazy\" src=\"https:\/\/www.medine-schopfloch.de\/24\/wp-content\/uploads\/2024\/09\/1985-300x206.jpg\" srcset=\"https:\/\/www.medine-schopfloch.de\/24\/wp-content\/uploads\/2024\/09\/1985-300x206.jpg 300w,https:\/\/www.medine-schopfloch.de\/24\/wp-content\/uploads\/2024\/09\/1985.jpg 800w\" sizes=\"auto, 250px\"\/><\/a><\/div><div class=\"sgb-item\"><a href=\"https:\/\/www.medine-schopfloch.de\/24\/pgc_simply_gallery\/prinzenpaare\/attachment\/1984\/\" target=\"_blank\"><img decoding=\"async\" alt=\"\" width=\"300\" height=\"206\" loading=\"lazy\" src=\"https:\/\/www.medine-schopfloch.de\/24\/wp-content\/uploads\/2024\/09\/1984-300x206.jpg\" srcset=\"https:\/\/www.medine-schopfloch.de\/24\/wp-content\/uploads\/2024\/09\/1984-300x206.jpg 300w,https:\/\/www.medine-schopfloch.de\/24\/wp-content\/uploads\/2024\/09\/1984.jpg 800w\" sizes=\"auto, 250px\"\/><\/a><\/div><div class=\"sgb-item\"><a href=\"https:\/\/www.medine-schopfloch.de\/24\/pgc_simply_gallery\/prinzenpaare\/attachment\/1983\/\" target=\"_blank\"><img decoding=\"async\" alt=\"\" width=\"300\" height=\"206\" loading=\"lazy\" src=\"https:\/\/www.medine-schopfloch.de\/24\/wp-content\/uploads\/2024\/09\/1983-300x206.jpg\" srcset=\"https:\/\/www.medine-schopfloch.de\/24\/wp-content\/uploads\/2024\/09\/1983-300x206.jpg 300w,https:\/\/www.medine-schopfloch.de\/24\/wp-content\/uploads\/2024\/09\/1983.jpg 800w\" sizes=\"auto, 250px\"\/><\/a><\/div><div class=\"sgb-item\"><a href=\"https:\/\/www.medine-schopfloch.de\/24\/pgc_simply_gallery\/prinzenpaare\/attachment\/1982\/\" target=\"_blank\"><img decoding=\"async\" alt=\"\" width=\"300\" height=\"206\" loading=\"lazy\" src=\"https:\/\/www.medine-schopfloch.de\/24\/wp-content\/uploads\/2024\/09\/1982-300x206.jpg\" srcset=\"https:\/\/www.medine-schopfloch.de\/24\/wp-content\/uploads\/2024\/09\/1982-300x206.jpg 300w,https:\/\/www.medine-schopfloch.de\/24\/wp-content\/uploads\/2024\/09\/1982.jpg 800w\" sizes=\"auto, 250px\"\/><\/a><\/div><div class=\"sgb-item\"><a href=\"https:\/\/www.medine-schopfloch.de\/24\/pgc_simply_gallery\/prinzenpaare\/attachment\/1981\/\" target=\"_blank\"><img decoding=\"async\" alt=\"\" width=\"300\" height=\"206\" loading=\"lazy\" src=\"https:\/\/www.medine-schopfloch.de\/24\/wp-content\/uploads\/2024\/09\/1981-300x206.jpg\" srcset=\"https:\/\/www.medine-schopfloch.de\/24\/wp-content\/uploads\/2024\/09\/1981-300x206.jpg 300w,https:\/\/www.medine-schopfloch.de\/24\/wp-content\/uploads\/2024\/09\/1981.jpg 800w\" sizes=\"auto, 250px\"\/><\/a><\/div><div class=\"sgb-item\"><a href=\"https:\/\/www.medine-schopfloch.de\/24\/pgc_simply_gallery\/prinzenpaare\/attachment\/1980\/\" target=\"_blank\"><img decoding=\"async\" alt=\"\" width=\"300\" height=\"206\" loading=\"lazy\" src=\"https:\/\/www.medine-schopfloch.de\/24\/wp-content\/uploads\/2024\/09\/1980-300x206.jpg\" srcset=\"https:\/\/www.medine-schopfloch.de\/24\/wp-content\/uploads\/2024\/09\/1980-300x206.jpg 300w,https:\/\/www.medine-schopfloch.de\/24\/wp-content\/uploads\/2024\/09\/1980.jpg 800w\" sizes=\"auto, 250px\"\/><\/a><\/div><div class=\"sgb-item\"><a href=\"https:\/\/www.medine-schopfloch.de\/24\/pgc_simply_gallery\/prinzenpaare\/attachment\/1979\/\" target=\"_blank\"><img decoding=\"async\" alt=\"\" width=\"300\" height=\"206\" loading=\"lazy\" src=\"https:\/\/www.medine-schopfloch.de\/24\/wp-content\/uploads\/2024\/09\/1979-300x206.jpg\" srcset=\"https:\/\/www.medine-schopfloch.de\/24\/wp-content\/uploads\/2024\/09\/1979-300x206.jpg 300w,https:\/\/www.medine-schopfloch.de\/24\/wp-content\/uploads\/2024\/09\/1979.jpg 800w\" sizes=\"auto, 250px\"\/><\/a><\/div><div class=\"sgb-item\"><a href=\"https:\/\/www.medine-schopfloch.de\/24\/pgc_simply_gallery\/prinzenpaare\/attachment\/1978\/\" target=\"_blank\"><img decoding=\"async\" alt=\"\" width=\"300\" height=\"206\" loading=\"lazy\" src=\"https:\/\/www.medine-schopfloch.de\/24\/wp-content\/uploads\/2024\/09\/1978-300x206.jpg\" srcset=\"https:\/\/www.medine-schopfloch.de\/24\/wp-content\/uploads\/2024\/09\/1978-300x206.jpg 300w,https:\/\/www.medine-schopfloch.de\/24\/wp-content\/uploads\/2024\/09\/1978.jpg 800w\" sizes=\"auto, 250px\"\/><\/a><\/div><div class=\"sgb-item\"><a href=\"https:\/\/www.medine-schopfloch.de\/24\/pgc_simply_gallery\/prinzenpaare\/attachment\/1977\/\" target=\"_blank\"><img decoding=\"async\" alt=\"\" width=\"300\" height=\"206\" loading=\"lazy\" src=\"https:\/\/www.medine-schopfloch.de\/24\/wp-content\/uploads\/2024\/09\/1977-300x206.jpg\" srcset=\"https:\/\/www.medine-schopfloch.de\/24\/wp-content\/uploads\/2024\/09\/1977-300x206.jpg 300w,https:\/\/www.medine-schopfloch.de\/24\/wp-content\/uploads\/2024\/09\/1977.jpg 800w\" sizes=\"auto, 250px\"\/><\/a><\/div><div class=\"sgb-item\"><a href=\"https:\/\/www.medine-schopfloch.de\/24\/pgc_simply_gallery\/prinzenpaare\/attachment\/1976\/\" target=\"_blank\"><img decoding=\"async\" alt=\"\" width=\"300\" height=\"206\" loading=\"lazy\" src=\"https:\/\/www.medine-schopfloch.de\/24\/wp-content\/uploads\/2024\/09\/1976-300x206.jpg\" srcset=\"https:\/\/www.medine-schopfloch.de\/24\/wp-content\/uploads\/2024\/09\/1976-300x206.jpg 300w,https:\/\/www.medine-schopfloch.de\/24\/wp-content\/uploads\/2024\/09\/1976.jpg 800w\" sizes=\"auto, 250px\"\/><\/a><\/div><div class=\"sgb-item\"><a href=\"https:\/\/www.medine-schopfloch.de\/24\/pgc_simply_gallery\/prinzenpaare\/attachment\/1975\/\" target=\"_blank\"><img decoding=\"async\" alt=\"\" width=\"300\" height=\"206\" loading=\"lazy\" src=\"https:\/\/www.medine-schopfloch.de\/24\/wp-content\/uploads\/2024\/09\/1975-300x206.jpg\" srcset=\"https:\/\/www.medine-schopfloch.de\/24\/wp-content\/uploads\/2024\/09\/1975-300x206.jpg 300w,https:\/\/www.medine-schopfloch.de\/24\/wp-content\/uploads\/2024\/09\/1975.jpg 800w\" sizes=\"auto, 250px\"\/><\/a><\/div><div class=\"sgb-item\"><a href=\"https:\/\/www.medine-schopfloch.de\/24\/pgc_simply_gallery\/prinzenpaare\/attachment\/1974\/\" target=\"_blank\"><img decoding=\"async\" alt=\"\" width=\"300\" height=\"206\" loading=\"lazy\" src=\"https:\/\/www.medine-schopfloch.de\/24\/wp-content\/uploads\/2024\/09\/1974-300x206.jpg\" srcset=\"https:\/\/www.medine-schopfloch.de\/24\/wp-content\/uploads\/2024\/09\/1974-300x206.jpg 300w,https:\/\/www.medine-schopfloch.de\/24\/wp-content\/uploads\/2024\/09\/1974.jpg 800w\" sizes=\"auto, 250px\"\/><\/a><\/div><div class=\"sgb-item\"><a href=\"https:\/\/www.medine-schopfloch.de\/24\/pgc_simply_gallery\/prinzenpaare\/attachment\/1973\/\" target=\"_blank\"><img decoding=\"async\" alt=\"\" width=\"300\" height=\"206\" loading=\"lazy\" src=\"https:\/\/www.medine-schopfloch.de\/24\/wp-content\/uploads\/2024\/09\/1973-300x206.jpg\" srcset=\"https:\/\/www.medine-schopfloch.de\/24\/wp-content\/uploads\/2024\/09\/1973-300x206.jpg 300w,https:\/\/www.medine-schopfloch.de\/24\/wp-content\/uploads\/2024\/09\/1973.jpg 800w\" sizes=\"auto, 250px\"\/><\/a><\/div><div class=\"sgb-item\"><a href=\"https:\/\/www.medine-schopfloch.de\/24\/pgc_simply_gallery\/prinzenpaare\/attachment\/1972\/\" target=\"_blank\"><img decoding=\"async\" alt=\"\" width=\"300\" height=\"206\" loading=\"lazy\" src=\"https:\/\/www.medine-schopfloch.de\/24\/wp-content\/uploads\/2024\/09\/1972-300x206.jpg\" srcset=\"https:\/\/www.medine-schopfloch.de\/24\/wp-content\/uploads\/2024\/09\/1972-300x206.jpg 300w,https:\/\/www.medine-schopfloch.de\/24\/wp-content\/uploads\/2024\/09\/1972.jpg 800w\" sizes=\"auto, 250px\"\/><\/a><\/div><div class=\"sgb-item\"><a href=\"https:\/\/www.medine-schopfloch.de\/24\/pgc_simply_gallery\/prinzenpaare\/attachment\/1971\/\" target=\"_blank\"><img decoding=\"async\" alt=\"\" width=\"300\" height=\"206\" loading=\"lazy\" src=\"https:\/\/www.medine-schopfloch.de\/24\/wp-content\/uploads\/2024\/09\/1971-300x206.jpg\" srcset=\"https:\/\/www.medine-schopfloch.de\/24\/wp-content\/uploads\/2024\/09\/1971-300x206.jpg 300w,https:\/\/www.medine-schopfloch.de\/24\/wp-content\/uploads\/2024\/09\/1971.jpg 800w\" sizes=\"auto, 250px\"\/><\/a><\/div><div class=\"sgb-item\"><a href=\"https:\/\/www.medine-schopfloch.de\/24\/pgc_simply_gallery\/prinzenpaare\/attachment\/1970\/\" target=\"_blank\"><img decoding=\"async\" alt=\"\" width=\"300\" height=\"206\" loading=\"lazy\" src=\"https:\/\/www.medine-schopfloch.de\/24\/wp-content\/uploads\/2024\/09\/1970-300x206.jpg\" srcset=\"https:\/\/www.medine-schopfloch.de\/24\/wp-content\/uploads\/2024\/09\/1970-300x206.jpg 300w,https:\/\/www.medine-schopfloch.de\/24\/wp-content\/uploads\/2024\/09\/1970.jpg 800w\" sizes=\"auto, 250px\"\/><\/a><\/div><div class=\"sgb-item\"><a href=\"https:\/\/www.medine-schopfloch.de\/24\/pgc_simply_gallery\/prinzenpaare\/attachment\/1969\/\" target=\"_blank\"><img decoding=\"async\" alt=\"\" width=\"300\" height=\"206\" loading=\"lazy\" src=\"https:\/\/www.medine-schopfloch.de\/24\/wp-content\/uploads\/2024\/09\/1969-300x206.jpg\" srcset=\"https:\/\/www.medine-schopfloch.de\/24\/wp-content\/uploads\/2024\/09\/1969-300x206.jpg 300w,https:\/\/www.medine-schopfloch.de\/24\/wp-content\/uploads\/2024\/09\/1969.jpg 800w\" sizes=\"auto, 250px\"\/><\/a><\/div><div class=\"sgb-item\"><a href=\"https:\/\/www.medine-schopfloch.de\/24\/pgc_simply_gallery\/prinzenpaare\/attachment\/1968\/\" target=\"_blank\"><img decoding=\"async\" alt=\"\" width=\"300\" height=\"206\" loading=\"lazy\" src=\"https:\/\/www.medine-schopfloch.de\/24\/wp-content\/uploads\/2024\/09\/1968-300x206.jpg\" srcset=\"https:\/\/www.medine-schopfloch.de\/24\/wp-content\/uploads\/2024\/09\/1968-300x206.jpg 300w,https:\/\/www.medine-schopfloch.de\/24\/wp-content\/uploads\/2024\/09\/1968.jpg 800w\" sizes=\"auto, 250px\"\/><\/a><\/div><div class=\"sgb-item\"><a href=\"https:\/\/www.medine-schopfloch.de\/24\/pgc_simply_gallery\/prinzenpaare\/attachment\/1967\/\" target=\"_blank\"><img decoding=\"async\" alt=\"\" width=\"300\" height=\"206\" loading=\"lazy\" src=\"https:\/\/www.medine-schopfloch.de\/24\/wp-content\/uploads\/2024\/09\/1967-300x206.jpg\" srcset=\"https:\/\/www.medine-schopfloch.de\/24\/wp-content\/uploads\/2024\/09\/1967-300x206.jpg 300w,https:\/\/www.medine-schopfloch.de\/24\/wp-content\/uploads\/2024\/09\/1967.jpg 800w\" sizes=\"auto, 250px\"\/><\/a><\/div><div class=\"sgb-item\"><a href=\"https:\/\/www.medine-schopfloch.de\/24\/pgc_simply_gallery\/prinzenpaare\/attachment\/1966\/\" target=\"_blank\"><img decoding=\"async\" alt=\"\" width=\"300\" height=\"206\" loading=\"lazy\" src=\"https:\/\/www.medine-schopfloch.de\/24\/wp-content\/uploads\/2024\/09\/1966-300x206.jpg\" srcset=\"https:\/\/www.medine-schopfloch.de\/24\/wp-content\/uploads\/2024\/09\/1966-300x206.jpg 300w,https:\/\/www.medine-schopfloch.de\/24\/wp-content\/uploads\/2024\/09\/1966.jpg 800w\" sizes=\"auto, 250px\"\/><\/a><\/div><div class=\"sgb-item\"><a href=\"https:\/\/www.medine-schopfloch.de\/24\/pgc_simply_gallery\/prinzenpaare\/attachment\/1965\/\" target=\"_blank\"><img decoding=\"async\" alt=\"\" width=\"300\" height=\"206\" loading=\"lazy\" src=\"https:\/\/www.medine-schopfloch.de\/24\/wp-content\/uploads\/2024\/09\/1965-300x206.jpg\" srcset=\"https:\/\/www.medine-schopfloch.de\/24\/wp-content\/uploads\/2024\/09\/1965-300x206.jpg 300w,https:\/\/www.medine-schopfloch.de\/24\/wp-content\/uploads\/2024\/09\/1965.jpg 800w\" sizes=\"auto, 250px\"\/><\/a><\/div><div class=\"sgb-item\"><a href=\"https:\/\/www.medine-schopfloch.de\/24\/pgc_simply_gallery\/prinzenpaare\/attachment\/1964\/\" target=\"_blank\"><img decoding=\"async\" alt=\"\" width=\"300\" height=\"206\" loading=\"lazy\" src=\"https:\/\/www.medine-schopfloch.de\/24\/wp-content\/uploads\/2024\/09\/1964-300x206.jpg\" srcset=\"https:\/\/www.medine-schopfloch.de\/24\/wp-content\/uploads\/2024\/09\/1964-300x206.jpg 300w,https:\/\/www.medine-schopfloch.de\/24\/wp-content\/uploads\/2024\/09\/1964.jpg 800w\" sizes=\"auto, 250px\"\/><\/a><\/div><div class=\"sgb-item\"><a href=\"https:\/\/www.medine-schopfloch.de\/24\/pgc_simply_gallery\/prinzenpaare\/attachment\/1963\/\" target=\"_blank\"><img decoding=\"async\" alt=\"\" width=\"300\" height=\"206\" loading=\"lazy\" src=\"https:\/\/www.medine-schopfloch.de\/24\/wp-content\/uploads\/2024\/09\/1963-300x206.jpg\" srcset=\"https:\/\/www.medine-schopfloch.de\/24\/wp-content\/uploads\/2024\/09\/1963-300x206.jpg 300w,https:\/\/www.medine-schopfloch.de\/24\/wp-content\/uploads\/2024\/09\/1963.jpg 800w\" sizes=\"auto, 250px\"\/><\/a><\/div><div class=\"sgb-item\"><a href=\"https:\/\/www.medine-schopfloch.de\/24\/pgc_simply_gallery\/prinzenpaare\/attachment\/1962\/\" target=\"_blank\"><img decoding=\"async\" alt=\"\" width=\"300\" height=\"206\" loading=\"lazy\" src=\"https:\/\/www.medine-schopfloch.de\/24\/wp-content\/uploads\/2024\/09\/1962-300x206.jpg\" srcset=\"https:\/\/www.medine-schopfloch.de\/24\/wp-content\/uploads\/2024\/09\/1962-300x206.jpg 300w,https:\/\/www.medine-schopfloch.de\/24\/wp-content\/uploads\/2024\/09\/1962.jpg 800w\" sizes=\"auto, 250px\"\/><\/a><\/div><div class=\"sgb-item\"><a href=\"https:\/\/www.medine-schopfloch.de\/24\/pgc_simply_gallery\/prinzenpaare\/attachment\/1961\/\" target=\"_blank\"><img decoding=\"async\" alt=\"\" width=\"300\" height=\"206\" loading=\"lazy\" src=\"https:\/\/www.medine-schopfloch.de\/24\/wp-content\/uploads\/2024\/09\/1961-300x206.jpg\" srcset=\"https:\/\/www.medine-schopfloch.de\/24\/wp-content\/uploads\/2024\/09\/1961-300x206.jpg 300w,https:\/\/www.medine-schopfloch.de\/24\/wp-content\/uploads\/2024\/09\/1961.jpg 800w\" sizes=\"auto, 250px\"\/><\/a><\/div><div class=\"sgb-item\"><a href=\"https:\/\/www.medine-schopfloch.de\/24\/pgc_simply_gallery\/prinzenpaare\/attachment\/1960\/\" target=\"_blank\"><img decoding=\"async\" alt=\"\" width=\"300\" height=\"206\" loading=\"lazy\" src=\"https:\/\/www.medine-schopfloch.de\/24\/wp-content\/uploads\/2024\/09\/1960-300x206.jpg\" srcset=\"https:\/\/www.medine-schopfloch.de\/24\/wp-content\/uploads\/2024\/09\/1960-300x206.jpg 300w,https:\/\/www.medine-schopfloch.de\/24\/wp-content\/uploads\/2024\/09\/1960.jpg 800w\" sizes=\"auto, 250px\"\/><\/a><\/div><div class=\"sgb-item\"><a href=\"https:\/\/www.medine-schopfloch.de\/24\/pgc_simply_gallery\/prinzenpaare\/attachment\/1959\/\" target=\"_blank\"><img decoding=\"async\" alt=\"\" width=\"300\" height=\"206\" loading=\"lazy\" src=\"https:\/\/www.medine-schopfloch.de\/24\/wp-content\/uploads\/2024\/09\/1959-300x206.jpg\" srcset=\"https:\/\/www.medine-schopfloch.de\/24\/wp-content\/uploads\/2024\/09\/1959-300x206.jpg 300w,https:\/\/www.medine-schopfloch.de\/24\/wp-content\/uploads\/2024\/09\/1959.jpg 800w\" sizes=\"auto, 250px\"\/><\/a><\/div><div class=\"sgb-item\"><a href=\"https:\/\/www.medine-schopfloch.de\/24\/pgc_simply_gallery\/prinzenpaare\/attachment\/1958\/\" target=\"_blank\"><img decoding=\"async\" alt=\"\" width=\"300\" height=\"206\" loading=\"lazy\" src=\"https:\/\/www.medine-schopfloch.de\/24\/wp-content\/uploads\/2024\/09\/1958-300x206.jpg\" srcset=\"https:\/\/www.medine-schopfloch.de\/24\/wp-content\/uploads\/2024\/09\/1958-300x206.jpg 300w,https:\/\/www.medine-schopfloch.de\/24\/wp-content\/uploads\/2024\/09\/1958.jpg 800w\" sizes=\"auto, 250px\"\/><\/a><\/div><div class=\"sgb-item\"><a href=\"https:\/\/www.medine-schopfloch.de\/24\/pgc_simply_gallery\/prinzenpaare\/attachment\/1957\/\" target=\"_blank\"><img decoding=\"async\" alt=\"\" width=\"300\" height=\"206\" loading=\"lazy\" src=\"https:\/\/www.medine-schopfloch.de\/24\/wp-content\/uploads\/2024\/09\/1957-300x206.jpg\" srcset=\"https:\/\/www.medine-schopfloch.de\/24\/wp-content\/uploads\/2024\/09\/1957-300x206.jpg 300w,https:\/\/www.medine-schopfloch.de\/24\/wp-content\/uploads\/2024\/09\/1957.jpg 800w\" sizes=\"auto, 250px\"\/><\/a><\/div><div class=\"sgb-item\"><a href=\"https:\/\/www.medine-schopfloch.de\/24\/pgc_simply_gallery\/prinzenpaare\/attachment\/1956\/\" target=\"_blank\"><img decoding=\"async\" alt=\"\" width=\"300\" height=\"206\" loading=\"lazy\" src=\"https:\/\/www.medine-schopfloch.de\/24\/wp-content\/uploads\/2024\/09\/1956-300x206.jpg\" srcset=\"https:\/\/www.medine-schopfloch.de\/24\/wp-content\/uploads\/2024\/09\/1956-300x206.jpg 300w,https:\/\/www.medine-schopfloch.de\/24\/wp-content\/uploads\/2024\/09\/1956.jpg 800w\" sizes=\"auto, 250px\"\/><\/a><\/div><div class=\"sgb-item\"><a href=\"https:\/\/www.medine-schopfloch.de\/24\/pgc_simply_gallery\/prinzenpaare\/attachment\/1955\/\" target=\"_blank\"><img decoding=\"async\" alt=\"\" width=\"300\" height=\"206\" loading=\"lazy\" src=\"https:\/\/www.medine-schopfloch.de\/24\/wp-content\/uploads\/2024\/09\/1955-300x206.jpg\" srcset=\"https:\/\/www.medine-schopfloch.de\/24\/wp-content\/uploads\/2024\/09\/1955-300x206.jpg 300w,https:\/\/www.medine-schopfloch.de\/24\/wp-content\/uploads\/2024\/09\/1955.jpg 800w\" sizes=\"auto, 250px\"\/><\/a><\/div><div class=\"sgb-item\"><a href=\"https:\/\/www.medine-schopfloch.de\/24\/pgc_simply_gallery\/prinzenpaare\/attachment\/1954\/\" target=\"_blank\"><img decoding=\"async\" alt=\"\" width=\"300\" height=\"206\" loading=\"lazy\" src=\"https:\/\/www.medine-schopfloch.de\/24\/wp-content\/uploads\/2024\/09\/1954-300x206.jpg\" srcset=\"https:\/\/www.medine-schopfloch.de\/24\/wp-content\/uploads\/2024\/09\/1954-300x206.jpg 300w,https:\/\/www.medine-schopfloch.de\/24\/wp-content\/uploads\/2024\/09\/1954.jpg 800w\" sizes=\"auto, 250px\"\/><\/a><\/div><div class=\"sgb-item\"><a href=\"https:\/\/www.medine-schopfloch.de\/24\/pgc_simply_gallery\/prinzenpaare\/attachment\/1953\/\" target=\"_blank\"><img decoding=\"async\" alt=\"\" width=\"300\" height=\"206\" loading=\"lazy\" src=\"https:\/\/www.medine-schopfloch.de\/24\/wp-content\/uploads\/2024\/09\/1953-300x206.jpg\" srcset=\"https:\/\/www.medine-schopfloch.de\/24\/wp-content\/uploads\/2024\/09\/1953-300x206.jpg 300w,https:\/\/www.medine-schopfloch.de\/24\/wp-content\/uploads\/2024\/09\/1953.jpg 800w\" sizes=\"auto, 250px\"\/><\/a><\/div><div class=\"sgb-item\"><a href=\"https:\/\/www.medine-schopfloch.de\/24\/pgc_simply_gallery\/prinzenpaare\/attachment\/1952\/\" target=\"_blank\"><img decoding=\"async\" alt=\"\" width=\"300\" height=\"206\" loading=\"lazy\" src=\"https:\/\/www.medine-schopfloch.de\/24\/wp-content\/uploads\/2024\/09\/1952-300x206.jpg\" srcset=\"https:\/\/www.medine-schopfloch.de\/24\/wp-content\/uploads\/2024\/09\/1952-300x206.jpg 300w,https:\/\/www.medine-schopfloch.de\/24\/wp-content\/uploads\/2024\/09\/1952.jpg 800w\" sizes=\"auto, 250px\"\/><\/a><\/div><div class=\"sgb-item\"><a href=\"https:\/\/www.medine-schopfloch.de\/24\/pgc_simply_gallery\/prinzenpaare\/attachment\/1951\/\" target=\"_blank\"><img decoding=\"async\" alt=\"\" width=\"300\" height=\"206\" loading=\"lazy\" src=\"https:\/\/www.medine-schopfloch.de\/24\/wp-content\/uploads\/2024\/09\/1951-300x206.jpg\" srcset=\"https:\/\/www.medine-schopfloch.de\/24\/wp-content\/uploads\/2024\/09\/1951-300x206.jpg 300w,https:\/\/www.medine-schopfloch.de\/24\/wp-content\/uploads\/2024\/09\/1951.jpg 800w\" sizes=\"auto, 250px\"\/><\/a><\/div><div class=\"sgb-item\"><a href=\"https:\/\/www.medine-schopfloch.de\/24\/pgc_simply_gallery\/prinzenpaare\/attachment\/1950\/\" target=\"_blank\"><img decoding=\"async\" alt=\"\" width=\"300\" height=\"206\" loading=\"lazy\" src=\"https:\/\/www.medine-schopfloch.de\/24\/wp-content\/uploads\/2024\/09\/1950-300x206.jpg\" srcset=\"https:\/\/www.medine-schopfloch.de\/24\/wp-content\/uploads\/2024\/09\/1950-300x206.jpg 300w,https:\/\/www.medine-schopfloch.de\/24\/wp-content\/uploads\/2024\/09\/1950.jpg 800w\" sizes=\"auto, 250px\"\/><\/a><\/div><div class=\"sgb-item\"><a href=\"https:\/\/www.medine-schopfloch.de\/24\/pgc_simply_gallery\/prinzenpaare\/attachment\/1949\/\" target=\"_blank\"><img decoding=\"async\" alt=\"\" width=\"300\" height=\"206\" loading=\"lazy\" src=\"https:\/\/www.medine-schopfloch.de\/24\/wp-content\/uploads\/2024\/09\/1949-300x206.jpg\" srcset=\"https:\/\/www.medine-schopfloch.de\/24\/wp-content\/uploads\/2024\/09\/1949-300x206.jpg 300w,https:\/\/www.medine-schopfloch.de\/24\/wp-content\/uploads\/2024\/09\/1949.jpg 800w\" sizes=\"auto, 250px\"\/><\/a><\/div><\/div><\/div><script type=\"application\/json\" class=\"sgb-data\">{\"galleryType\":\"pgc_sgb_viewer\",\"galleryId\":\"34495980\",\"images\":[{\"id\":1576,\"title\":\"2025 Prinz Jonas I. vorerst der letzte vom schiefen Ton-Technik-Turm (Jonas Grimm)  Ihre Lieblichkeit: Tatjana Gebele\",\"url\":\"https:\/\/www.medine-schopfloch.de\/24\/wp-content\/uploads\/2024\/09\/2025-scaled.jpg\",\"link\":\"https:\/\/www.medine-schopfloch.de\/24\/pgc_simply_gallery\/prinzenpaare\/attachment\/2025\/\",\"alt\":\"\",\"description\":\"\",\"caption\":\"\",\"mime\":\"image\/jpeg\",\"type\":\"image\",\"width\":1707,\"height\":2560,\"sizes\":{\"thumbnail\":{\"height\":150,\"width\":150,\"url\":\"https:\/\/www.medine-schopfloch.de\/24\/wp-content\/uploads\/2024\/09\/2025-150x150.jpg\",\"orientation\":\"landscape\"},\"medium\":{\"height\":300,\"width\":200,\"url\":\"https:\/\/www.medine-schopfloch.de\/24\/wp-content\/uploads\/2024\/09\/2025-200x300.jpg\",\"orientation\":\"portrait\"},\"large\":{\"height\":1024,\"width\":683,\"url\":\"https:\/\/www.medine-schopfloch.de\/24\/wp-content\/uploads\/2024\/09\/2025-683x1024.jpg\",\"orientation\":\"portrait\"},\"full\":{\"url\":\"https:\/\/www.medine-schopfloch.de\/24\/wp-content\/uploads\/2024\/09\/2025-scaled.jpg\",\"height\":2560,\"width\":1707,\"orientation\":\"portrait\"}},\"imageMeta\":{\"aperture\":\"4\",\"credit\":\"Bernd Ludwig\",\"camera\":\"Canon EOS R6\",\"caption\":\"\",\"created_timestamp\":\"0\",\"copyright\":\"\",\"focal_length\":\"24\",\"iso\":\"2500\",\"shutter_speed\":\"0.00625\",\"title\":\"\",\"orientation\":\"1\",\"keywords\":[]},\"meta\":false,\"postlink\":\"https:\/\/www.medine-schopfloch.de\/24\/pgc_simply_gallery\/prinzenpaare\/attachment\/2025\/\"},{\"id\":857,\"title\":\"2024 Prinz Christian II. der Wehrhafte vom eiserne Stamm (Christian Birmann) Ihre Lieblichkeit: Irina Kolmbach\",\"url\":\"https:\/\/www.medine-schopfloch.de\/24\/wp-content\/uploads\/2024\/09\/2024.jpg\",\"link\":\"https:\/\/www.medine-schopfloch.de\/24\/pgc_simply_gallery\/prinzenpaare\/attachment\/2024\/\",\"alt\":\"\",\"description\":\"\",\"caption\":\"\",\"mime\":\"image\/jpeg\",\"type\":\"image\",\"width\":800,\"height\":550,\"sizes\":{\"thumbnail\":{\"height\":150,\"width\":150,\"url\":\"https:\/\/www.medine-schopfloch.de\/24\/wp-content\/uploads\/2024\/09\/2024-150x150.jpg\",\"orientation\":\"landscape\"},\"medium\":{\"height\":206,\"width\":300,\"url\":\"https:\/\/www.medine-schopfloch.de\/24\/wp-content\/uploads\/2024\/09\/2024-300x206.jpg\",\"orientation\":\"landscape\"},\"full\":{\"url\":\"https:\/\/www.medine-schopfloch.de\/24\/wp-content\/uploads\/2024\/09\/2024.jpg\",\"height\":550,\"width\":800,\"orientation\":\"landscape\"}},\"imageMeta\":{\"aperture\":\"0\",\"credit\":\"\",\"camera\":\"\",\"caption\":\"\",\"created_timestamp\":\"0\",\"copyright\":\"\",\"focal_length\":\"0\",\"iso\":\"0\",\"shutter_speed\":\"0\",\"title\":\"\",\"orientation\":\"0\",\"keywords\":[]},\"meta\":false,\"postlink\":\"https:\/\/www.medine-schopfloch.de\/24\/pgc_simply_gallery\/prinzenpaare\/attachment\/2024\/\"},{\"id\":856,\"title\":\"2023 Prinz Yannik I. vom Horre (Yannik Hornberger) Ihre Lieblichkeit: Michaela Engelhardt\",\"url\":\"https:\/\/www.medine-schopfloch.de\/24\/wp-content\/uploads\/2024\/09\/2023.jpg\",\"link\":\"https:\/\/www.medine-schopfloch.de\/24\/pgc_simply_gallery\/prinzenpaare\/attachment\/2023\/\",\"alt\":\"\",\"description\":\"\",\"caption\":\"\",\"mime\":\"image\/jpeg\",\"type\":\"image\",\"width\":800,\"height\":550,\"sizes\":{\"thumbnail\":{\"height\":150,\"width\":150,\"url\":\"https:\/\/www.medine-schopfloch.de\/24\/wp-content\/uploads\/2024\/09\/2023-150x150.jpg\",\"orientation\":\"landscape\"},\"medium\":{\"height\":206,\"width\":300,\"url\":\"https:\/\/www.medine-schopfloch.de\/24\/wp-content\/uploads\/2024\/09\/2023-300x206.jpg\",\"orientation\":\"landscape\"},\"full\":{\"url\":\"https:\/\/www.medine-schopfloch.de\/24\/wp-content\/uploads\/2024\/09\/2023.jpg\",\"height\":550,\"width\":800,\"orientation\":\"landscape\"}},\"imageMeta\":{\"aperture\":\"0\",\"credit\":\"\",\"camera\":\"\",\"caption\":\"\",\"created_timestamp\":\"0\",\"copyright\":\"\",\"focal_length\":\"0\",\"iso\":\"0\",\"shutter_speed\":\"0\",\"title\":\"\",\"orientation\":\"0\",\"keywords\":[]},\"meta\":false,\"postlink\":\"https:\/\/www.medine-schopfloch.de\/24\/pgc_simply_gallery\/prinzenpaare\/attachment\/2023\/\"},{\"id\":855,\"title\":\"2020 - 22 Prinz David I. von Zeiselwang zum 2. (David Bopp) Ihre Lieblichkeit: Jasmin G\u00f6ttfert\",\"url\":\"https:\/\/www.medine-schopfloch.de\/24\/wp-content\/uploads\/2024\/09\/2020-22.jpg\",\"link\":\"https:\/\/www.medine-schopfloch.de\/24\/pgc_simply_gallery\/prinzenpaare\/2020-22\/\",\"alt\":\"\",\"description\":\"\",\"caption\":\"\",\"mime\":\"image\/jpeg\",\"type\":\"image\",\"width\":800,\"height\":550,\"sizes\":{\"thumbnail\":{\"height\":150,\"width\":150,\"url\":\"https:\/\/www.medine-schopfloch.de\/24\/wp-content\/uploads\/2024\/09\/2020-22-150x150.jpg\",\"orientation\":\"landscape\"},\"medium\":{\"height\":206,\"width\":300,\"url\":\"https:\/\/www.medine-schopfloch.de\/24\/wp-content\/uploads\/2024\/09\/2020-22-300x206.jpg\",\"orientation\":\"landscape\"},\"full\":{\"url\":\"https:\/\/www.medine-schopfloch.de\/24\/wp-content\/uploads\/2024\/09\/2020-22.jpg\",\"height\":550,\"width\":800,\"orientation\":\"landscape\"}},\"imageMeta\":{\"aperture\":\"0\",\"credit\":\"\",\"camera\":\"\",\"caption\":\"\",\"created_timestamp\":\"0\",\"copyright\":\"\",\"focal_length\":\"0\",\"iso\":\"0\",\"shutter_speed\":\"0\",\"title\":\"\",\"orientation\":\"0\",\"keywords\":[]},\"meta\":false,\"postlink\":\"https:\/\/www.medine-schopfloch.de\/24\/pgc_simply_gallery\/prinzenpaare\/2020-22\/\"},{\"id\":854,\"title\":\"2019 Prinz Tobias I. von Neidles (Tobias Wagner) Ihre Lieblichkeit: Alicia Ott\",\"url\":\"https:\/\/www.medine-schopfloch.de\/24\/wp-content\/uploads\/2024\/09\/2019.jpg\",\"link\":\"https:\/\/www.medine-schopfloch.de\/24\/pgc_simply_gallery\/prinzenpaare\/attachment\/2019\/\",\"alt\":\"\",\"description\":\"\",\"caption\":\"\",\"mime\":\"image\/jpeg\",\"type\":\"image\",\"width\":800,\"height\":550,\"sizes\":{\"thumbnail\":{\"height\":150,\"width\":150,\"url\":\"https:\/\/www.medine-schopfloch.de\/24\/wp-content\/uploads\/2024\/09\/2019-150x150.jpg\",\"orientation\":\"landscape\"},\"medium\":{\"height\":206,\"width\":300,\"url\":\"https:\/\/www.medine-schopfloch.de\/24\/wp-content\/uploads\/2024\/09\/2019-300x206.jpg\",\"orientation\":\"landscape\"},\"full\":{\"url\":\"https:\/\/www.medine-schopfloch.de\/24\/wp-content\/uploads\/2024\/09\/2019.jpg\",\"height\":550,\"width\":800,\"orientation\":\"landscape\"}},\"imageMeta\":{\"aperture\":\"0\",\"credit\":\"\",\"camera\":\"\",\"caption\":\"\",\"created_timestamp\":\"0\",\"copyright\":\"\",\"focal_length\":\"0\",\"iso\":\"0\",\"shutter_speed\":\"0\",\"title\":\"\",\"orientation\":\"0\",\"keywords\":[]},\"meta\":false,\"postlink\":\"https:\/\/www.medine-schopfloch.de\/24\/pgc_simply_gallery\/prinzenpaare\/attachment\/2019\/\"},{\"id\":853,\"title\":\"2018 Prinz David I. von Zeiselwang (David Bopp) Ihre Lieblichkeit: Jasmin G\u00f6ttfert\",\"url\":\"https:\/\/www.medine-schopfloch.de\/24\/wp-content\/uploads\/2024\/09\/2018.jpg\",\"link\":\"https:\/\/www.medine-schopfloch.de\/24\/pgc_simply_gallery\/prinzenpaare\/attachment\/2018\/\",\"alt\":\"\",\"description\":\"\",\"caption\":\"\",\"mime\":\"image\/jpeg\",\"type\":\"image\",\"width\":800,\"height\":550,\"sizes\":{\"thumbnail\":{\"height\":150,\"width\":150,\"url\":\"https:\/\/www.medine-schopfloch.de\/24\/wp-content\/uploads\/2024\/09\/2018-150x150.jpg\",\"orientation\":\"landscape\"},\"medium\":{\"height\":206,\"width\":300,\"url\":\"https:\/\/www.medine-schopfloch.de\/24\/wp-content\/uploads\/2024\/09\/2018-300x206.jpg\",\"orientation\":\"landscape\"},\"full\":{\"url\":\"https:\/\/www.medine-schopfloch.de\/24\/wp-content\/uploads\/2024\/09\/2018.jpg\",\"height\":550,\"width\":800,\"orientation\":\"landscape\"}},\"imageMeta\":{\"aperture\":\"0\",\"credit\":\"\",\"camera\":\"\",\"caption\":\"\",\"created_timestamp\":\"0\",\"copyright\":\"\",\"focal_length\":\"0\",\"iso\":\"0\",\"shutter_speed\":\"0\",\"title\":\"\",\"orientation\":\"0\",\"keywords\":[]},\"meta\":false,\"postlink\":\"https:\/\/www.medine-schopfloch.de\/24\/pgc_simply_gallery\/prinzenpaare\/attachment\/2018\/\"},{\"id\":852,\"title\":\"2017 Prinz Jonathan I. vom Smyrre (Jonathan Teichmann) Ihre Lieblichkeit: Patricia B\u00fchler\",\"url\":\"https:\/\/www.medine-schopfloch.de\/24\/wp-content\/uploads\/2024\/09\/2017.jpg\",\"link\":\"https:\/\/www.medine-schopfloch.de\/24\/pgc_simply_gallery\/prinzenpaare\/attachment\/2017\/\",\"alt\":\"\",\"description\":\"\",\"caption\":\"\",\"mime\":\"image\/jpeg\",\"type\":\"image\",\"width\":800,\"height\":550,\"sizes\":{\"thumbnail\":{\"height\":150,\"width\":150,\"url\":\"https:\/\/www.medine-schopfloch.de\/24\/wp-content\/uploads\/2024\/09\/2017-150x150.jpg\",\"orientation\":\"landscape\"},\"medium\":{\"height\":206,\"width\":300,\"url\":\"https:\/\/www.medine-schopfloch.de\/24\/wp-content\/uploads\/2024\/09\/2017-300x206.jpg\",\"orientation\":\"landscape\"},\"full\":{\"url\":\"https:\/\/www.medine-schopfloch.de\/24\/wp-content\/uploads\/2024\/09\/2017.jpg\",\"height\":550,\"width\":800,\"orientation\":\"landscape\"}},\"imageMeta\":{\"aperture\":\"0\",\"credit\":\"\",\"camera\":\"\",\"caption\":\"\",\"created_timestamp\":\"0\",\"copyright\":\"\",\"focal_length\":\"0\",\"iso\":\"0\",\"shutter_speed\":\"0\",\"title\":\"\",\"orientation\":\"0\",\"keywords\":[]},\"meta\":false,\"postlink\":\"https:\/\/www.medine-schopfloch.de\/24\/pgc_simply_gallery\/prinzenpaare\/attachment\/2017\/\"},{\"id\":851,\"title\":\"2016 Prinz Peter IV. vom Nescht (Peter G\u00f6gelein) Ihre Lieblichkeit: Lisa Ott\",\"url\":\"https:\/\/www.medine-schopfloch.de\/24\/wp-content\/uploads\/2024\/09\/2016.jpg\",\"link\":\"https:\/\/www.medine-schopfloch.de\/24\/pgc_simply_gallery\/prinzenpaare\/attachment\/2016\/\",\"alt\":\"\",\"description\":\"\",\"caption\":\"\",\"mime\":\"image\/jpeg\",\"type\":\"image\",\"width\":800,\"height\":550,\"sizes\":{\"thumbnail\":{\"height\":150,\"width\":150,\"url\":\"https:\/\/www.medine-schopfloch.de\/24\/wp-content\/uploads\/2024\/09\/2016-150x150.jpg\",\"orientation\":\"landscape\"},\"medium\":{\"height\":206,\"width\":300,\"url\":\"https:\/\/www.medine-schopfloch.de\/24\/wp-content\/uploads\/2024\/09\/2016-300x206.jpg\",\"orientation\":\"landscape\"},\"full\":{\"url\":\"https:\/\/www.medine-schopfloch.de\/24\/wp-content\/uploads\/2024\/09\/2016.jpg\",\"height\":550,\"width\":800,\"orientation\":\"landscape\"}},\"imageMeta\":{\"aperture\":\"0\",\"credit\":\"\",\"camera\":\"\",\"caption\":\"\",\"created_timestamp\":\"0\",\"copyright\":\"\",\"focal_length\":\"0\",\"iso\":\"0\",\"shutter_speed\":\"0\",\"title\":\"\",\"orientation\":\"0\",\"keywords\":[]},\"meta\":false,\"postlink\":\"https:\/\/www.medine-schopfloch.de\/24\/pgc_simply_gallery\/prinzenpaare\/attachment\/2016\/\"},{\"id\":849,\"title\":\"2015 Prinz Johannes I. der AuserKoHrne (Johannes Kohr) Ihre Lieblichkeit: Simone Schmidt\",\"url\":\"https:\/\/www.medine-schopfloch.de\/24\/wp-content\/uploads\/2024\/09\/2015.jpg\",\"link\":\"https:\/\/www.medine-schopfloch.de\/24\/pgc_simply_gallery\/prinzenpaare\/attachment\/2015\/\",\"alt\":\"\",\"description\":\"\",\"caption\":\"\",\"mime\":\"image\/jpeg\",\"type\":\"image\",\"width\":800,\"height\":550,\"sizes\":{\"thumbnail\":{\"height\":150,\"width\":150,\"url\":\"https:\/\/www.medine-schopfloch.de\/24\/wp-content\/uploads\/2024\/09\/2015-150x150.jpg\",\"orientation\":\"landscape\"},\"medium\":{\"height\":206,\"width\":300,\"url\":\"https:\/\/www.medine-schopfloch.de\/24\/wp-content\/uploads\/2024\/09\/2015-300x206.jpg\",\"orientation\":\"landscape\"},\"full\":{\"url\":\"https:\/\/www.medine-schopfloch.de\/24\/wp-content\/uploads\/2024\/09\/2015.jpg\",\"height\":550,\"width\":800,\"orientation\":\"landscape\"}},\"imageMeta\":{\"aperture\":\"0\",\"credit\":\"\",\"camera\":\"\",\"caption\":\"\",\"created_timestamp\":\"0\",\"copyright\":\"\",\"focal_length\":\"0\",\"iso\":\"0\",\"shutter_speed\":\"0\",\"title\":\"\",\"orientation\":\"0\",\"keywords\":[]},\"meta\":false,\"postlink\":\"https:\/\/www.medine-schopfloch.de\/24\/pgc_simply_gallery\/prinzenpaare\/attachment\/2015\/\"},{\"id\":848,\"title\":\"2014 Prinz Florian I. von Deuenbach (Florian Bosch) Ihre Lieblichkeit: Saskia Bosch\",\"url\":\"https:\/\/www.medine-schopfloch.de\/24\/wp-content\/uploads\/2024\/09\/2014.jpg\",\"link\":\"https:\/\/www.medine-schopfloch.de\/24\/pgc_simply_gallery\/prinzenpaare\/attachment\/2014\/\",\"alt\":\"\",\"description\":\"\",\"caption\":\"\",\"mime\":\"image\/jpeg\",\"type\":\"image\",\"width\":800,\"height\":550,\"sizes\":{\"thumbnail\":{\"height\":150,\"width\":150,\"url\":\"https:\/\/www.medine-schopfloch.de\/24\/wp-content\/uploads\/2024\/09\/2014-150x150.jpg\",\"orientation\":\"landscape\"},\"medium\":{\"height\":206,\"width\":300,\"url\":\"https:\/\/www.medine-schopfloch.de\/24\/wp-content\/uploads\/2024\/09\/2014-300x206.jpg\",\"orientation\":\"landscape\"},\"full\":{\"url\":\"https:\/\/www.medine-schopfloch.de\/24\/wp-content\/uploads\/2024\/09\/2014.jpg\",\"height\":550,\"width\":800,\"orientation\":\"landscape\"}},\"imageMeta\":{\"aperture\":\"0\",\"credit\":\"\",\"camera\":\"\",\"caption\":\"\",\"created_timestamp\":\"0\",\"copyright\":\"\",\"focal_length\":\"0\",\"iso\":\"0\",\"shutter_speed\":\"0\",\"title\":\"\",\"orientation\":\"0\",\"keywords\":[]},\"meta\":false,\"postlink\":\"https:\/\/www.medine-schopfloch.de\/24\/pgc_simply_gallery\/prinzenpaare\/attachment\/2014\/\"},{\"id\":847,\"title\":\"2013 Prinz Markus I. vom D\u00f6rrle zum zweiten (Markus Hofmann) Ihre Lieblichkeit: Anna Czech\",\"url\":\"https:\/\/www.medine-schopfloch.de\/24\/wp-content\/uploads\/2024\/09\/2013.jpg\",\"link\":\"https:\/\/www.medine-schopfloch.de\/24\/pgc_simply_gallery\/prinzenpaare\/attachment\/2013\/\",\"alt\":\"\",\"description\":\"\",\"caption\":\"\",\"mime\":\"image\/jpeg\",\"type\":\"image\",\"width\":800,\"height\":550,\"sizes\":{\"thumbnail\":{\"height\":150,\"width\":150,\"url\":\"https:\/\/www.medine-schopfloch.de\/24\/wp-content\/uploads\/2024\/09\/2013-150x150.jpg\",\"orientation\":\"landscape\"},\"medium\":{\"height\":206,\"width\":300,\"url\":\"https:\/\/www.medine-schopfloch.de\/24\/wp-content\/uploads\/2024\/09\/2013-300x206.jpg\",\"orientation\":\"landscape\"},\"full\":{\"url\":\"https:\/\/www.medine-schopfloch.de\/24\/wp-content\/uploads\/2024\/09\/2013.jpg\",\"height\":550,\"width\":800,\"orientation\":\"landscape\"}},\"imageMeta\":{\"aperture\":\"0\",\"credit\":\"\",\"camera\":\"\",\"caption\":\"\",\"created_timestamp\":\"0\",\"copyright\":\"\",\"focal_length\":\"0\",\"iso\":\"0\",\"shutter_speed\":\"0\",\"title\":\"\",\"orientation\":\"0\",\"keywords\":[]},\"meta\":false,\"postlink\":\"https:\/\/www.medine-schopfloch.de\/24\/pgc_simply_gallery\/prinzenpaare\/attachment\/2013\/\"},{\"id\":846,\"title\":\"2012 Prinz Marc I. vom Saalmaschter der Glaa (Marc Leprich) Ihre Lieblichkeit: Julia Schmidt\",\"url\":\"https:\/\/www.medine-schopfloch.de\/24\/wp-content\/uploads\/2024\/09\/2012.jpg\",\"link\":\"https:\/\/www.medine-schopfloch.de\/24\/pgc_simply_gallery\/prinzenpaare\/attachment\/2012\/\",\"alt\":\"\",\"description\":\"\",\"caption\":\"\",\"mime\":\"image\/jpeg\",\"type\":\"image\",\"width\":800,\"height\":550,\"sizes\":{\"thumbnail\":{\"height\":150,\"width\":150,\"url\":\"https:\/\/www.medine-schopfloch.de\/24\/wp-content\/uploads\/2024\/09\/2012-150x150.jpg\",\"orientation\":\"landscape\"},\"medium\":{\"height\":206,\"width\":300,\"url\":\"https:\/\/www.medine-schopfloch.de\/24\/wp-content\/uploads\/2024\/09\/2012-300x206.jpg\",\"orientation\":\"landscape\"},\"full\":{\"url\":\"https:\/\/www.medine-schopfloch.de\/24\/wp-content\/uploads\/2024\/09\/2012.jpg\",\"height\":550,\"width\":800,\"orientation\":\"landscape\"}},\"imageMeta\":{\"aperture\":\"0\",\"credit\":\"\",\"camera\":\"\",\"caption\":\"\",\"created_timestamp\":\"0\",\"copyright\":\"\",\"focal_length\":\"0\",\"iso\":\"0\",\"shutter_speed\":\"0\",\"title\":\"\",\"orientation\":\"0\",\"keywords\":[]},\"meta\":false,\"postlink\":\"https:\/\/www.medine-schopfloch.de\/24\/pgc_simply_gallery\/prinzenpaare\/attachment\/2012\/\"},{\"id\":845,\"title\":\"2011 Prinz Christopher I. vom n\u00e4rrische Schlooch (Christopher Teichmann) Ihre Lieblichkeit: Stella M\u00fcller-T\u00fcchth\u00fcsen\",\"url\":\"https:\/\/www.medine-schopfloch.de\/24\/wp-content\/uploads\/2024\/09\/2011.jpg\",\"link\":\"https:\/\/www.medine-schopfloch.de\/24\/pgc_simply_gallery\/prinzenpaare\/attachment\/2011\/\",\"alt\":\"\",\"description\":\"\",\"caption\":\"\",\"mime\":\"image\/jpeg\",\"type\":\"image\",\"width\":800,\"height\":550,\"sizes\":{\"thumbnail\":{\"height\":150,\"width\":150,\"url\":\"https:\/\/www.medine-schopfloch.de\/24\/wp-content\/uploads\/2024\/09\/2011-150x150.jpg\",\"orientation\":\"landscape\"},\"medium\":{\"height\":206,\"width\":300,\"url\":\"https:\/\/www.medine-schopfloch.de\/24\/wp-content\/uploads\/2024\/09\/2011-300x206.jpg\",\"orientation\":\"landscape\"},\"full\":{\"url\":\"https:\/\/www.medine-schopfloch.de\/24\/wp-content\/uploads\/2024\/09\/2011.jpg\",\"height\":550,\"width\":800,\"orientation\":\"landscape\"}},\"imageMeta\":{\"aperture\":\"0\",\"credit\":\"\",\"camera\":\"\",\"caption\":\"\",\"created_timestamp\":\"0\",\"copyright\":\"\",\"focal_length\":\"0\",\"iso\":\"0\",\"shutter_speed\":\"0\",\"title\":\"\",\"orientation\":\"0\",\"keywords\":[]},\"meta\":false,\"postlink\":\"https:\/\/www.medine-schopfloch.de\/24\/pgc_simply_gallery\/prinzenpaare\/attachment\/2011\/\"},{\"id\":843,\"title\":\"2010 Prinz Michael zum II. vo Gi\u00e4ding der Dritte (Michael Heinlein) Ihre Lieblichkeit: Anna Eglseer\",\"url\":\"https:\/\/www.medine-schopfloch.de\/24\/wp-content\/uploads\/2024\/09\/2010.jpg\",\"link\":\"https:\/\/www.medine-schopfloch.de\/24\/pgc_simply_gallery\/prinzenpaare\/attachment\/2010\/\",\"alt\":\"\",\"description\":\"\",\"caption\":\"\",\"mime\":\"image\/jpeg\",\"type\":\"image\",\"width\":800,\"height\":550,\"sizes\":{\"thumbnail\":{\"height\":150,\"width\":150,\"url\":\"https:\/\/www.medine-schopfloch.de\/24\/wp-content\/uploads\/2024\/09\/2010-150x150.jpg\",\"orientation\":\"landscape\"},\"medium\":{\"height\":206,\"width\":300,\"url\":\"https:\/\/www.medine-schopfloch.de\/24\/wp-content\/uploads\/2024\/09\/2010-300x206.jpg\",\"orientation\":\"landscape\"},\"full\":{\"url\":\"https:\/\/www.medine-schopfloch.de\/24\/wp-content\/uploads\/2024\/09\/2010.jpg\",\"height\":550,\"width\":800,\"orientation\":\"landscape\"}},\"imageMeta\":{\"aperture\":\"0\",\"credit\":\"\",\"camera\":\"\",\"caption\":\"\",\"created_timestamp\":\"0\",\"copyright\":\"\",\"focal_length\":\"0\",\"iso\":\"0\",\"shutter_speed\":\"0\",\"title\":\"\",\"orientation\":\"0\",\"keywords\":[]},\"meta\":false,\"postlink\":\"https:\/\/www.medine-schopfloch.de\/24\/pgc_simply_gallery\/prinzenpaare\/attachment\/2010\/\"},{\"id\":842,\"title\":\"2009 Prinz Matthias II. der Reichsst\u00e4dter (Matthias Allgeyer) Ihre Lieblichkeit: Julia Luncz\",\"url\":\"https:\/\/www.medine-schopfloch.de\/24\/wp-content\/uploads\/2024\/09\/2009.jpg\",\"link\":\"https:\/\/www.medine-schopfloch.de\/24\/pgc_simply_gallery\/prinzenpaare\/attachment\/2009\/\",\"alt\":\"\",\"description\":\"\",\"caption\":\"\",\"mime\":\"image\/jpeg\",\"type\":\"image\",\"width\":800,\"height\":550,\"sizes\":{\"thumbnail\":{\"height\":150,\"width\":150,\"url\":\"https:\/\/www.medine-schopfloch.de\/24\/wp-content\/uploads\/2024\/09\/2009-150x150.jpg\",\"orientation\":\"landscape\"},\"medium\":{\"height\":206,\"width\":300,\"url\":\"https:\/\/www.medine-schopfloch.de\/24\/wp-content\/uploads\/2024\/09\/2009-300x206.jpg\",\"orientation\":\"landscape\"},\"full\":{\"url\":\"https:\/\/www.medine-schopfloch.de\/24\/wp-content\/uploads\/2024\/09\/2009.jpg\",\"height\":550,\"width\":800,\"orientation\":\"landscape\"}},\"imageMeta\":{\"aperture\":\"0\",\"credit\":\"\",\"camera\":\"\",\"caption\":\"\",\"created_timestamp\":\"0\",\"copyright\":\"\",\"focal_length\":\"0\",\"iso\":\"0\",\"shutter_speed\":\"0\",\"title\":\"\",\"orientation\":\"0\",\"keywords\":[]},\"meta\":false,\"postlink\":\"https:\/\/www.medine-schopfloch.de\/24\/pgc_simply_gallery\/prinzenpaare\/attachment\/2009\/\"},{\"id\":841,\"title\":\"2008 Prinz Michael I. vo Gi\u00e4ding der Dritte (Michael Heinlein) Ihre Lieblichkeit: Carolin Ehlert\",\"url\":\"https:\/\/www.medine-schopfloch.de\/24\/wp-content\/uploads\/2024\/09\/2008.jpg\",\"link\":\"https:\/\/www.medine-schopfloch.de\/24\/pgc_simply_gallery\/prinzenpaare\/attachment\/2008\/\",\"alt\":\"\",\"description\":\"\",\"caption\":\"\",\"mime\":\"image\/jpeg\",\"type\":\"image\",\"width\":800,\"height\":550,\"sizes\":{\"thumbnail\":{\"height\":150,\"width\":150,\"url\":\"https:\/\/www.medine-schopfloch.de\/24\/wp-content\/uploads\/2024\/09\/2008-150x150.jpg\",\"orientation\":\"landscape\"},\"medium\":{\"height\":206,\"width\":300,\"url\":\"https:\/\/www.medine-schopfloch.de\/24\/wp-content\/uploads\/2024\/09\/2008-300x206.jpg\",\"orientation\":\"landscape\"},\"full\":{\"url\":\"https:\/\/www.medine-schopfloch.de\/24\/wp-content\/uploads\/2024\/09\/2008.jpg\",\"height\":550,\"width\":800,\"orientation\":\"landscape\"}},\"imageMeta\":{\"aperture\":\"0\",\"credit\":\"\",\"camera\":\"\",\"caption\":\"\",\"created_timestamp\":\"0\",\"copyright\":\"\",\"focal_length\":\"0\",\"iso\":\"0\",\"shutter_speed\":\"0\",\"title\":\"\",\"orientation\":\"0\",\"keywords\":[]},\"meta\":false,\"postlink\":\"https:\/\/www.medine-schopfloch.de\/24\/pgc_simply_gallery\/prinzenpaare\/attachment\/2008\/\"},{\"id\":840,\"title\":\"2007 Prinz Ralf I. von Schopfloch-S\u00fcd (Ralf G\u00f6ttfert) Ihre Lieblichkeit: Anne Franken\",\"url\":\"https:\/\/www.medine-schopfloch.de\/24\/wp-content\/uploads\/2024\/09\/2007.jpg\",\"link\":\"https:\/\/www.medine-schopfloch.de\/24\/pgc_simply_gallery\/prinzenpaare\/attachment\/2007\/\",\"alt\":\"\",\"description\":\"\",\"caption\":\"\",\"mime\":\"image\/jpeg\",\"type\":\"image\",\"width\":800,\"height\":550,\"sizes\":{\"thumbnail\":{\"height\":150,\"width\":150,\"url\":\"https:\/\/www.medine-schopfloch.de\/24\/wp-content\/uploads\/2024\/09\/2007-150x150.jpg\",\"orientation\":\"landscape\"},\"medium\":{\"height\":206,\"width\":300,\"url\":\"https:\/\/www.medine-schopfloch.de\/24\/wp-content\/uploads\/2024\/09\/2007-300x206.jpg\",\"orientation\":\"landscape\"},\"full\":{\"url\":\"https:\/\/www.medine-schopfloch.de\/24\/wp-content\/uploads\/2024\/09\/2007.jpg\",\"height\":550,\"width\":800,\"orientation\":\"landscape\"}},\"imageMeta\":{\"aperture\":\"0\",\"credit\":\"\",\"camera\":\"\",\"caption\":\"\",\"created_timestamp\":\"0\",\"copyright\":\"\",\"focal_length\":\"0\",\"iso\":\"0\",\"shutter_speed\":\"0\",\"title\":\"\",\"orientation\":\"0\",\"keywords\":[]},\"meta\":false,\"postlink\":\"https:\/\/www.medine-schopfloch.de\/24\/pgc_simply_gallery\/prinzenpaare\/attachment\/2007\/\"},{\"id\":838,\"title\":\"2006 Prinz Markus I. vom D\u00f6rrle (Markus Hofmann) Ihre Lieblichkeit: Patrycja Herok\",\"url\":\"https:\/\/www.medine-schopfloch.de\/24\/wp-content\/uploads\/2024\/09\/2006.jpg\",\"link\":\"https:\/\/www.medine-schopfloch.de\/24\/pgc_simply_gallery\/prinzenpaare\/attachment\/2006\/\",\"alt\":\"\",\"description\":\"\",\"caption\":\"\",\"mime\":\"image\/jpeg\",\"type\":\"image\",\"width\":800,\"height\":550,\"sizes\":{\"thumbnail\":{\"height\":150,\"width\":150,\"url\":\"https:\/\/www.medine-schopfloch.de\/24\/wp-content\/uploads\/2024\/09\/2006-150x150.jpg\",\"orientation\":\"landscape\"},\"medium\":{\"height\":206,\"width\":300,\"url\":\"https:\/\/www.medine-schopfloch.de\/24\/wp-content\/uploads\/2024\/09\/2006-300x206.jpg\",\"orientation\":\"landscape\"},\"full\":{\"url\":\"https:\/\/www.medine-schopfloch.de\/24\/wp-content\/uploads\/2024\/09\/2006.jpg\",\"height\":550,\"width\":800,\"orientation\":\"landscape\"}},\"imageMeta\":{\"aperture\":\"0\",\"credit\":\"\",\"camera\":\"\",\"caption\":\"\",\"created_timestamp\":\"0\",\"copyright\":\"\",\"focal_length\":\"0\",\"iso\":\"0\",\"shutter_speed\":\"0\",\"title\":\"\",\"orientation\":\"0\",\"keywords\":[]},\"meta\":false,\"postlink\":\"https:\/\/www.medine-schopfloch.de\/24\/pgc_simply_gallery\/prinzenpaare\/attachment\/2006\/\"},{\"id\":837,\"title\":\"2005 Prinz Christian I. der Wehrhafte (Christian Grimm) Ihre Lieblichkeit: Karolina Klemm\",\"url\":\"https:\/\/www.medine-schopfloch.de\/24\/wp-content\/uploads\/2024\/09\/2005.jpg\",\"link\":\"https:\/\/www.medine-schopfloch.de\/24\/pgc_simply_gallery\/prinzenpaare\/attachment\/2005\/\",\"alt\":\"\",\"description\":\"\",\"caption\":\"\",\"mime\":\"image\/jpeg\",\"type\":\"image\",\"width\":800,\"height\":550,\"sizes\":{\"thumbnail\":{\"height\":150,\"width\":150,\"url\":\"https:\/\/www.medine-schopfloch.de\/24\/wp-content\/uploads\/2024\/09\/2005-150x150.jpg\",\"orientation\":\"landscape\"},\"medium\":{\"height\":206,\"width\":300,\"url\":\"https:\/\/www.medine-schopfloch.de\/24\/wp-content\/uploads\/2024\/09\/2005-300x206.jpg\",\"orientation\":\"landscape\"},\"full\":{\"url\":\"https:\/\/www.medine-schopfloch.de\/24\/wp-content\/uploads\/2024\/09\/2005.jpg\",\"height\":550,\"width\":800,\"orientation\":\"landscape\"}},\"imageMeta\":{\"aperture\":\"0\",\"credit\":\"\",\"camera\":\"\",\"caption\":\"\",\"created_timestamp\":\"0\",\"copyright\":\"\",\"focal_length\":\"0\",\"iso\":\"0\",\"shutter_speed\":\"0\",\"title\":\"\",\"orientation\":\"0\",\"keywords\":[]},\"meta\":false,\"postlink\":\"https:\/\/www.medine-schopfloch.de\/24\/pgc_simply_gallery\/prinzenpaare\/attachment\/2005\/\"},{\"id\":836,\"title\":\"2004 Prinz Gerhard I. der fr\u00e4nkische Seenplattler (Gerhard Maurer) Ihre Lieblichkeit: Michaela Jotz\",\"url\":\"https:\/\/www.medine-schopfloch.de\/24\/wp-content\/uploads\/2024\/09\/2004.jpg\",\"link\":\"https:\/\/www.medine-schopfloch.de\/24\/pgc_simply_gallery\/prinzenpaare\/attachment\/2004\/\",\"alt\":\"\",\"description\":\"\",\"caption\":\"\",\"mime\":\"image\/jpeg\",\"type\":\"image\",\"width\":800,\"height\":550,\"sizes\":{\"thumbnail\":{\"height\":150,\"width\":150,\"url\":\"https:\/\/www.medine-schopfloch.de\/24\/wp-content\/uploads\/2024\/09\/2004-150x150.jpg\",\"orientation\":\"landscape\"},\"medium\":{\"height\":206,\"width\":300,\"url\":\"https:\/\/www.medine-schopfloch.de\/24\/wp-content\/uploads\/2024\/09\/2004-300x206.jpg\",\"orientation\":\"landscape\"},\"full\":{\"url\":\"https:\/\/www.medine-schopfloch.de\/24\/wp-content\/uploads\/2024\/09\/2004.jpg\",\"height\":550,\"width\":800,\"orientation\":\"landscape\"}},\"imageMeta\":{\"aperture\":\"0\",\"credit\":\"\",\"camera\":\"\",\"caption\":\"\",\"created_timestamp\":\"0\",\"copyright\":\"\",\"focal_length\":\"0\",\"iso\":\"0\",\"shutter_speed\":\"0\",\"title\":\"\",\"orientation\":\"0\",\"keywords\":[]},\"meta\":false,\"postlink\":\"https:\/\/www.medine-schopfloch.de\/24\/pgc_simply_gallery\/prinzenpaare\/attachment\/2004\/\"},{\"id\":835,\"title\":\"2003 Prinz Steffen I. vom Sterrle (Steffen Kraus) Ihre Lieblichkeit: Natascha Horn\",\"url\":\"https:\/\/www.medine-schopfloch.de\/24\/wp-content\/uploads\/2024\/09\/2003.jpg\",\"link\":\"https:\/\/www.medine-schopfloch.de\/24\/pgc_simply_gallery\/prinzenpaare\/attachment\/2003\/\",\"alt\":\"\",\"description\":\"\",\"caption\":\"\",\"mime\":\"image\/jpeg\",\"type\":\"image\",\"width\":800,\"height\":550,\"sizes\":{\"thumbnail\":{\"height\":150,\"width\":150,\"url\":\"https:\/\/www.medine-schopfloch.de\/24\/wp-content\/uploads\/2024\/09\/2003-150x150.jpg\",\"orientation\":\"landscape\"},\"medium\":{\"height\":206,\"width\":300,\"url\":\"https:\/\/www.medine-schopfloch.de\/24\/wp-content\/uploads\/2024\/09\/2003-300x206.jpg\",\"orientation\":\"landscape\"},\"full\":{\"url\":\"https:\/\/www.medine-schopfloch.de\/24\/wp-content\/uploads\/2024\/09\/2003.jpg\",\"height\":550,\"width\":800,\"orientation\":\"landscape\"}},\"imageMeta\":{\"aperture\":\"0\",\"credit\":\"\",\"camera\":\"\",\"caption\":\"\",\"created_timestamp\":\"0\",\"copyright\":\"\",\"focal_length\":\"0\",\"iso\":\"0\",\"shutter_speed\":\"0\",\"title\":\"\",\"orientation\":\"0\",\"keywords\":[]},\"meta\":false,\"postlink\":\"https:\/\/www.medine-schopfloch.de\/24\/pgc_simply_gallery\/prinzenpaare\/attachment\/2003\/\"},{\"id\":834,\"title\":\"2002 Prinz Klaus III. von Zumhaus der Zweite (Klaus Weber) Ihre Lieblichkeit: Sabine Fleischmann\",\"url\":\"https:\/\/www.medine-schopfloch.de\/24\/wp-content\/uploads\/2024\/09\/2002.jpg\",\"link\":\"https:\/\/www.medine-schopfloch.de\/24\/pgc_simply_gallery\/prinzenpaare\/attachment\/2002\/\",\"alt\":\"\",\"description\":\"\",\"caption\":\"\",\"mime\":\"image\/jpeg\",\"type\":\"image\",\"width\":800,\"height\":550,\"sizes\":{\"thumbnail\":{\"height\":150,\"width\":150,\"url\":\"https:\/\/www.medine-schopfloch.de\/24\/wp-content\/uploads\/2024\/09\/2002-150x150.jpg\",\"orientation\":\"landscape\"},\"medium\":{\"height\":206,\"width\":300,\"url\":\"https:\/\/www.medine-schopfloch.de\/24\/wp-content\/uploads\/2024\/09\/2002-300x206.jpg\",\"orientation\":\"landscape\"},\"full\":{\"url\":\"https:\/\/www.medine-schopfloch.de\/24\/wp-content\/uploads\/2024\/09\/2002.jpg\",\"height\":550,\"width\":800,\"orientation\":\"landscape\"}},\"imageMeta\":{\"aperture\":\"0\",\"credit\":\"\",\"camera\":\"\",\"caption\":\"\",\"created_timestamp\":\"0\",\"copyright\":\"\",\"focal_length\":\"0\",\"iso\":\"0\",\"shutter_speed\":\"0\",\"title\":\"\",\"orientation\":\"0\",\"keywords\":[]},\"meta\":false,\"postlink\":\"https:\/\/www.medine-schopfloch.de\/24\/pgc_simply_gallery\/prinzenpaare\/attachment\/2002\/\"},{\"id\":833,\"title\":\"2001 Prinz Jochen I. der Kiste , der Klaa (Jochen Kiefhaber) Ihre Lieblichkeit: Nicole Waibel\",\"url\":\"https:\/\/www.medine-schopfloch.de\/24\/wp-content\/uploads\/2024\/09\/2001.jpg\",\"link\":\"https:\/\/www.medine-schopfloch.de\/24\/pgc_simply_gallery\/prinzenpaare\/attachment\/2001\/\",\"alt\":\"\",\"description\":\"\",\"caption\":\"\",\"mime\":\"image\/jpeg\",\"type\":\"image\",\"width\":800,\"height\":550,\"sizes\":{\"thumbnail\":{\"height\":150,\"width\":150,\"url\":\"https:\/\/www.medine-schopfloch.de\/24\/wp-content\/uploads\/2024\/09\/2001-150x150.jpg\",\"orientation\":\"landscape\"},\"medium\":{\"height\":206,\"width\":300,\"url\":\"https:\/\/www.medine-schopfloch.de\/24\/wp-content\/uploads\/2024\/09\/2001-300x206.jpg\",\"orientation\":\"landscape\"},\"full\":{\"url\":\"https:\/\/www.medine-schopfloch.de\/24\/wp-content\/uploads\/2024\/09\/2001.jpg\",\"height\":550,\"width\":800,\"orientation\":\"landscape\"}},\"imageMeta\":{\"aperture\":\"0\",\"credit\":\"\",\"camera\":\"\",\"caption\":\"\",\"created_timestamp\":\"0\",\"copyright\":\"\",\"focal_length\":\"0\",\"iso\":\"0\",\"shutter_speed\":\"0\",\"title\":\"\",\"orientation\":\"0\",\"keywords\":[]},\"meta\":false,\"postlink\":\"https:\/\/www.medine-schopfloch.de\/24\/pgc_simply_gallery\/prinzenpaare\/attachment\/2001\/\"},{\"id\":832,\"title\":\"2000 Prinz Klaus II. vom Klemmbauer (Klaus Engelhardt) Ihre Lieblichkeit: Jasmin J\u00e4ger\",\"url\":\"https:\/\/www.medine-schopfloch.de\/24\/wp-content\/uploads\/2024\/09\/2000.jpg\",\"link\":\"https:\/\/www.medine-schopfloch.de\/24\/pgc_simply_gallery\/prinzenpaare\/attachment\/2000\/\",\"alt\":\"\",\"description\":\"\",\"caption\":\"\",\"mime\":\"image\/jpeg\",\"type\":\"image\",\"width\":800,\"height\":550,\"sizes\":{\"thumbnail\":{\"height\":150,\"width\":150,\"url\":\"https:\/\/www.medine-schopfloch.de\/24\/wp-content\/uploads\/2024\/09\/2000-150x150.jpg\",\"orientation\":\"landscape\"},\"medium\":{\"height\":206,\"width\":300,\"url\":\"https:\/\/www.medine-schopfloch.de\/24\/wp-content\/uploads\/2024\/09\/2000-300x206.jpg\",\"orientation\":\"landscape\"},\"full\":{\"url\":\"https:\/\/www.medine-schopfloch.de\/24\/wp-content\/uploads\/2024\/09\/2000.jpg\",\"height\":550,\"width\":800,\"orientation\":\"landscape\"}},\"imageMeta\":{\"aperture\":\"0\",\"credit\":\"\",\"camera\":\"\",\"caption\":\"\",\"created_timestamp\":\"0\",\"copyright\":\"\",\"focal_length\":\"0\",\"iso\":\"0\",\"shutter_speed\":\"0\",\"title\":\"\",\"orientation\":\"0\",\"keywords\":[]},\"meta\":false,\"postlink\":\"https:\/\/www.medine-schopfloch.de\/24\/pgc_simply_gallery\/prinzenpaare\/attachment\/2000\/\"},{\"id\":831,\"title\":\"1999 Prinz Matthias I. von und Zumhaus (Matthias Weber) Ihre Lieblichkeit: Daniela Kohr\",\"url\":\"https:\/\/www.medine-schopfloch.de\/24\/wp-content\/uploads\/2024\/09\/1999.jpg\",\"link\":\"https:\/\/www.medine-schopfloch.de\/24\/pgc_simply_gallery\/prinzenpaare\/attachment\/1999\/\",\"alt\":\"\",\"description\":\"\",\"caption\":\"\",\"mime\":\"image\/jpeg\",\"type\":\"image\",\"width\":800,\"height\":550,\"sizes\":{\"thumbnail\":{\"height\":150,\"width\":150,\"url\":\"https:\/\/www.medine-schopfloch.de\/24\/wp-content\/uploads\/2024\/09\/1999-150x150.jpg\",\"orientation\":\"landscape\"},\"medium\":{\"height\":206,\"width\":300,\"url\":\"https:\/\/www.medine-schopfloch.de\/24\/wp-content\/uploads\/2024\/09\/1999-300x206.jpg\",\"orientation\":\"landscape\"},\"full\":{\"url\":\"https:\/\/www.medine-schopfloch.de\/24\/wp-content\/uploads\/2024\/09\/1999.jpg\",\"height\":550,\"width\":800,\"orientation\":\"landscape\"}},\"imageMeta\":{\"aperture\":\"0\",\"credit\":\"\",\"camera\":\"\",\"caption\":\"\",\"created_timestamp\":\"0\",\"copyright\":\"\",\"focal_length\":\"0\",\"iso\":\"0\",\"shutter_speed\":\"0\",\"title\":\"\",\"orientation\":\"0\",\"keywords\":[]},\"meta\":false,\"postlink\":\"https:\/\/www.medine-schopfloch.de\/24\/pgc_simply_gallery\/prinzenpaare\/attachment\/1999\/\"},{\"id\":830,\"title\":\"1998 Prinz Thomas IV. der Muckl von der Bum\u00fchl (Thomas Fees) Ihre Lieblichkeit: Katja Schied\",\"url\":\"https:\/\/www.medine-schopfloch.de\/24\/wp-content\/uploads\/2024\/09\/1998.jpg\",\"link\":\"https:\/\/www.medine-schopfloch.de\/24\/pgc_simply_gallery\/prinzenpaare\/attachment\/1998\/\",\"alt\":\"\",\"description\":\"\",\"caption\":\"\",\"mime\":\"image\/jpeg\",\"type\":\"image\",\"width\":800,\"height\":550,\"sizes\":{\"thumbnail\":{\"height\":150,\"width\":150,\"url\":\"https:\/\/www.medine-schopfloch.de\/24\/wp-content\/uploads\/2024\/09\/1998-150x150.jpg\",\"orientation\":\"landscape\"},\"medium\":{\"height\":206,\"width\":300,\"url\":\"https:\/\/www.medine-schopfloch.de\/24\/wp-content\/uploads\/2024\/09\/1998-300x206.jpg\",\"orientation\":\"landscape\"},\"full\":{\"url\":\"https:\/\/www.medine-schopfloch.de\/24\/wp-content\/uploads\/2024\/09\/1998.jpg\",\"height\":550,\"width\":800,\"orientation\":\"landscape\"}},\"imageMeta\":{\"aperture\":\"0\",\"credit\":\"\",\"camera\":\"\",\"caption\":\"\",\"created_timestamp\":\"0\",\"copyright\":\"\",\"focal_length\":\"0\",\"iso\":\"0\",\"shutter_speed\":\"0\",\"title\":\"\",\"orientation\":\"0\",\"keywords\":[]},\"meta\":false,\"postlink\":\"https:\/\/www.medine-schopfloch.de\/24\/pgc_simply_gallery\/prinzenpaare\/attachment\/1998\/\"},{\"id\":829,\"title\":\"1997 Prinz J\u00f6rg I. vom Forst (J\u00f6rg Braun) Ihre Lieblichkeit: Sandra Schied\",\"url\":\"https:\/\/www.medine-schopfloch.de\/24\/wp-content\/uploads\/2024\/09\/1997.jpg\",\"link\":\"https:\/\/www.medine-schopfloch.de\/24\/pgc_simply_gallery\/prinzenpaare\/attachment\/1997\/\",\"alt\":\"\",\"description\":\"\",\"caption\":\"\",\"mime\":\"image\/jpeg\",\"type\":\"image\",\"width\":800,\"height\":550,\"sizes\":{\"thumbnail\":{\"height\":150,\"width\":150,\"url\":\"https:\/\/www.medine-schopfloch.de\/24\/wp-content\/uploads\/2024\/09\/1997-150x150.jpg\",\"orientation\":\"landscape\"},\"medium\":{\"height\":206,\"width\":300,\"url\":\"https:\/\/www.medine-schopfloch.de\/24\/wp-content\/uploads\/2024\/09\/1997-300x206.jpg\",\"orientation\":\"landscape\"},\"full\":{\"url\":\"https:\/\/www.medine-schopfloch.de\/24\/wp-content\/uploads\/2024\/09\/1997.jpg\",\"height\":550,\"width\":800,\"orientation\":\"landscape\"}},\"imageMeta\":{\"aperture\":\"0\",\"credit\":\"\",\"camera\":\"\",\"caption\":\"\",\"created_timestamp\":\"0\",\"copyright\":\"\",\"focal_length\":\"0\",\"iso\":\"0\",\"shutter_speed\":\"0\",\"title\":\"\",\"orientation\":\"0\",\"keywords\":[]},\"meta\":false,\"postlink\":\"https:\/\/www.medine-schopfloch.de\/24\/pgc_simply_gallery\/prinzenpaare\/attachment\/1997\/\"},{\"id\":828,\"title\":\"1995 - 96 Prinz Peter III. vom Ottschneider (Peter Ott) Ihre Lieblichkeit: Andrea Leibold\",\"url\":\"https:\/\/www.medine-schopfloch.de\/24\/wp-content\/uploads\/2024\/09\/1995-96.jpg\",\"link\":\"https:\/\/www.medine-schopfloch.de\/24\/pgc_simply_gallery\/prinzenpaare\/1995-96\/\",\"alt\":\"\",\"description\":\"\",\"caption\":\"\",\"mime\":\"image\/jpeg\",\"type\":\"image\",\"width\":800,\"height\":550,\"sizes\":{\"thumbnail\":{\"height\":150,\"width\":150,\"url\":\"https:\/\/www.medine-schopfloch.de\/24\/wp-content\/uploads\/2024\/09\/1995-96-150x150.jpg\",\"orientation\":\"landscape\"},\"medium\":{\"height\":206,\"width\":300,\"url\":\"https:\/\/www.medine-schopfloch.de\/24\/wp-content\/uploads\/2024\/09\/1995-96-300x206.jpg\",\"orientation\":\"landscape\"},\"full\":{\"url\":\"https:\/\/www.medine-schopfloch.de\/24\/wp-content\/uploads\/2024\/09\/1995-96.jpg\",\"height\":550,\"width\":800,\"orientation\":\"landscape\"}},\"imageMeta\":{\"aperture\":\"0\",\"credit\":\"\",\"camera\":\"\",\"caption\":\"\",\"created_timestamp\":\"0\",\"copyright\":\"\",\"focal_length\":\"0\",\"iso\":\"0\",\"shutter_speed\":\"0\",\"title\":\"\",\"orientation\":\"0\",\"keywords\":[]},\"meta\":false,\"postlink\":\"https:\/\/www.medine-schopfloch.de\/24\/pgc_simply_gallery\/prinzenpaare\/1995-96\/\"},{\"id\":827,\"title\":\"1994 Prinz Herbert I. vom W\u00f6rnitzgrund (Herbert Soldner) Ihre Lieblichkeit: Kerstin Kr\u00e4nzlein\",\"url\":\"https:\/\/www.medine-schopfloch.de\/24\/wp-content\/uploads\/2024\/09\/1994.jpg\",\"link\":\"https:\/\/www.medine-schopfloch.de\/24\/pgc_simply_gallery\/prinzenpaare\/attachment\/1994\/\",\"alt\":\"\",\"description\":\"\",\"caption\":\"\",\"mime\":\"image\/jpeg\",\"type\":\"image\",\"width\":800,\"height\":550,\"sizes\":{\"thumbnail\":{\"height\":150,\"width\":150,\"url\":\"https:\/\/www.medine-schopfloch.de\/24\/wp-content\/uploads\/2024\/09\/1994-150x150.jpg\",\"orientation\":\"landscape\"},\"medium\":{\"height\":206,\"width\":300,\"url\":\"https:\/\/www.medine-schopfloch.de\/24\/wp-content\/uploads\/2024\/09\/1994-300x206.jpg\",\"orientation\":\"landscape\"},\"full\":{\"url\":\"https:\/\/www.medine-schopfloch.de\/24\/wp-content\/uploads\/2024\/09\/1994.jpg\",\"height\":550,\"width\":800,\"orientation\":\"landscape\"}},\"imageMeta\":{\"aperture\":\"0\",\"credit\":\"\",\"camera\":\"\",\"caption\":\"\",\"created_timestamp\":\"0\",\"copyright\":\"\",\"focal_length\":\"0\",\"iso\":\"0\",\"shutter_speed\":\"0\",\"title\":\"\",\"orientation\":\"0\",\"keywords\":[]},\"meta\":false,\"postlink\":\"https:\/\/www.medine-schopfloch.de\/24\/pgc_simply_gallery\/prinzenpaare\/attachment\/1994\/\"},{\"id\":826,\"title\":\"1993 Prinz Andreas II. vom W\u00e4schers Mienele (Andreas Aigner) Ihre Lieblichkeit: Tina Oberh\u00e4u\u00dfer\",\"url\":\"https:\/\/www.medine-schopfloch.de\/24\/wp-content\/uploads\/2024\/09\/1993.jpg\",\"link\":\"https:\/\/www.medine-schopfloch.de\/24\/pgc_simply_gallery\/prinzenpaare\/attachment\/1993\/\",\"alt\":\"\",\"description\":\"\",\"caption\":\"\",\"mime\":\"image\/jpeg\",\"type\":\"image\",\"width\":800,\"height\":550,\"sizes\":{\"thumbnail\":{\"height\":150,\"width\":150,\"url\":\"https:\/\/www.medine-schopfloch.de\/24\/wp-content\/uploads\/2024\/09\/1993-150x150.jpg\",\"orientation\":\"landscape\"},\"medium\":{\"height\":206,\"width\":300,\"url\":\"https:\/\/www.medine-schopfloch.de\/24\/wp-content\/uploads\/2024\/09\/1993-300x206.jpg\",\"orientation\":\"landscape\"},\"full\":{\"url\":\"https:\/\/www.medine-schopfloch.de\/24\/wp-content\/uploads\/2024\/09\/1993.jpg\",\"height\":550,\"width\":800,\"orientation\":\"landscape\"}},\"imageMeta\":{\"aperture\":\"0\",\"credit\":\"\",\"camera\":\"\",\"caption\":\"\",\"created_timestamp\":\"0\",\"copyright\":\"\",\"focal_length\":\"0\",\"iso\":\"0\",\"shutter_speed\":\"0\",\"title\":\"\",\"orientation\":\"0\",\"keywords\":[]},\"meta\":false,\"postlink\":\"https:\/\/www.medine-schopfloch.de\/24\/pgc_simply_gallery\/prinzenpaare\/attachment\/1993\/\"},{\"id\":825,\"title\":\"1992 Prinz Mario I. von der Narrhalla (Mario Treu) Ihre Lieblichkeit: Petra Sessler\",\"url\":\"https:\/\/www.medine-schopfloch.de\/24\/wp-content\/uploads\/2024\/09\/1992.jpg\",\"link\":\"https:\/\/www.medine-schopfloch.de\/24\/pgc_simply_gallery\/prinzenpaare\/attachment\/1992\/\",\"alt\":\"\",\"description\":\"\",\"caption\":\"\",\"mime\":\"image\/jpeg\",\"type\":\"image\",\"width\":800,\"height\":550,\"sizes\":{\"thumbnail\":{\"height\":150,\"width\":150,\"url\":\"https:\/\/www.medine-schopfloch.de\/24\/wp-content\/uploads\/2024\/09\/1992-150x150.jpg\",\"orientation\":\"landscape\"},\"medium\":{\"height\":206,\"width\":300,\"url\":\"https:\/\/www.medine-schopfloch.de\/24\/wp-content\/uploads\/2024\/09\/1992-300x206.jpg\",\"orientation\":\"landscape\"},\"full\":{\"url\":\"https:\/\/www.medine-schopfloch.de\/24\/wp-content\/uploads\/2024\/09\/1992.jpg\",\"height\":550,\"width\":800,\"orientation\":\"landscape\"}},\"imageMeta\":{\"aperture\":\"0\",\"credit\":\"\",\"camera\":\"\",\"caption\":\"\",\"created_timestamp\":\"0\",\"copyright\":\"\",\"focal_length\":\"0\",\"iso\":\"0\",\"shutter_speed\":\"0\",\"title\":\"\",\"orientation\":\"0\",\"keywords\":[]},\"meta\":false,\"postlink\":\"https:\/\/www.medine-schopfloch.de\/24\/pgc_simply_gallery\/prinzenpaare\/attachment\/1992\/\"},{\"id\":824,\"title\":\"1991 Prinz Andreas I. vom Bodel (Andreas Schwarz) Ihre Lieblichkeit: Gabriele Sch\u00e4ferling\",\"url\":\"https:\/\/www.medine-schopfloch.de\/24\/wp-content\/uploads\/2024\/09\/1991.jpg\",\"link\":\"https:\/\/www.medine-schopfloch.de\/24\/pgc_simply_gallery\/prinzenpaare\/attachment\/1991\/\",\"alt\":\"\",\"description\":\"\",\"caption\":\"\",\"mime\":\"image\/jpeg\",\"type\":\"image\",\"width\":800,\"height\":550,\"sizes\":{\"thumbnail\":{\"height\":150,\"width\":150,\"url\":\"https:\/\/www.medine-schopfloch.de\/24\/wp-content\/uploads\/2024\/09\/1991-150x150.jpg\",\"orientation\":\"landscape\"},\"medium\":{\"height\":206,\"width\":300,\"url\":\"https:\/\/www.medine-schopfloch.de\/24\/wp-content\/uploads\/2024\/09\/1991-300x206.jpg\",\"orientation\":\"landscape\"},\"full\":{\"url\":\"https:\/\/www.medine-schopfloch.de\/24\/wp-content\/uploads\/2024\/09\/1991.jpg\",\"height\":550,\"width\":800,\"orientation\":\"landscape\"}},\"imageMeta\":{\"aperture\":\"0\",\"credit\":\"\",\"camera\":\"\",\"caption\":\"\",\"created_timestamp\":\"0\",\"copyright\":\"\",\"focal_length\":\"0\",\"iso\":\"0\",\"shutter_speed\":\"0\",\"title\":\"\",\"orientation\":\"0\",\"keywords\":[]},\"meta\":false,\"postlink\":\"https:\/\/www.medine-schopfloch.de\/24\/pgc_simply_gallery\/prinzenpaare\/attachment\/1991\/\"},{\"id\":823,\"title\":\"1990 Prinz Thomas III. van der Note (Thomas Nothe) Ihre Lieblichkeit: Karin Metzger\",\"url\":\"https:\/\/www.medine-schopfloch.de\/24\/wp-content\/uploads\/2024\/09\/1990.jpg\",\"link\":\"https:\/\/www.medine-schopfloch.de\/24\/pgc_simply_gallery\/prinzenpaare\/attachment\/1990\/\",\"alt\":\"\",\"description\":\"\",\"caption\":\"\",\"mime\":\"image\/jpeg\",\"type\":\"image\",\"width\":800,\"height\":550,\"sizes\":{\"thumbnail\":{\"height\":150,\"width\":150,\"url\":\"https:\/\/www.medine-schopfloch.de\/24\/wp-content\/uploads\/2024\/09\/1990-150x150.jpg\",\"orientation\":\"landscape\"},\"medium\":{\"height\":206,\"width\":300,\"url\":\"https:\/\/www.medine-schopfloch.de\/24\/wp-content\/uploads\/2024\/09\/1990-300x206.jpg\",\"orientation\":\"landscape\"},\"full\":{\"url\":\"https:\/\/www.medine-schopfloch.de\/24\/wp-content\/uploads\/2024\/09\/1990.jpg\",\"height\":550,\"width\":800,\"orientation\":\"landscape\"}},\"imageMeta\":{\"aperture\":\"0\",\"credit\":\"\",\"camera\":\"\",\"caption\":\"\",\"created_timestamp\":\"0\",\"copyright\":\"\",\"focal_length\":\"0\",\"iso\":\"0\",\"shutter_speed\":\"0\",\"title\":\"\",\"orientation\":\"0\",\"keywords\":[]},\"meta\":false,\"postlink\":\"https:\/\/www.medine-schopfloch.de\/24\/pgc_simply_gallery\/prinzenpaare\/attachment\/1990\/\"},{\"id\":822,\"title\":\"1989 Prinz Hubert I. vom Saalmaschter der Letzte (Hubert Teichmann) Ihre Lieblichkeit: Anett Koch\",\"url\":\"https:\/\/www.medine-schopfloch.de\/24\/wp-content\/uploads\/2024\/09\/1989.jpg\",\"link\":\"https:\/\/www.medine-schopfloch.de\/24\/pgc_simply_gallery\/prinzenpaare\/attachment\/1989\/\",\"alt\":\"\",\"description\":\"\",\"caption\":\"\",\"mime\":\"image\/jpeg\",\"type\":\"image\",\"width\":800,\"height\":550,\"sizes\":{\"thumbnail\":{\"height\":150,\"width\":150,\"url\":\"https:\/\/www.medine-schopfloch.de\/24\/wp-content\/uploads\/2024\/09\/1989-150x150.jpg\",\"orientation\":\"landscape\"},\"medium\":{\"height\":206,\"width\":300,\"url\":\"https:\/\/www.medine-schopfloch.de\/24\/wp-content\/uploads\/2024\/09\/1989-300x206.jpg\",\"orientation\":\"landscape\"},\"full\":{\"url\":\"https:\/\/www.medine-schopfloch.de\/24\/wp-content\/uploads\/2024\/09\/1989.jpg\",\"height\":550,\"width\":800,\"orientation\":\"landscape\"}},\"imageMeta\":{\"aperture\":\"0\",\"credit\":\"\",\"camera\":\"\",\"caption\":\"\",\"created_timestamp\":\"0\",\"copyright\":\"\",\"focal_length\":\"0\",\"iso\":\"0\",\"shutter_speed\":\"0\",\"title\":\"\",\"orientation\":\"0\",\"keywords\":[]},\"meta\":false,\"postlink\":\"https:\/\/www.medine-schopfloch.de\/24\/pgc_simply_gallery\/prinzenpaare\/attachment\/1989\/\"},{\"id\":821,\"title\":\"1988 Prinz Thomas II. vom Lenaberg (Thomas Teichmann) Ihre Lieblichkeit: Susanne Teichmann\",\"url\":\"https:\/\/www.medine-schopfloch.de\/24\/wp-content\/uploads\/2024\/09\/1988.jpg\",\"link\":\"https:\/\/www.medine-schopfloch.de\/24\/pgc_simply_gallery\/prinzenpaare\/attachment\/1988\/\",\"alt\":\"\",\"description\":\"\",\"caption\":\"\",\"mime\":\"image\/jpeg\",\"type\":\"image\",\"width\":800,\"height\":550,\"sizes\":{\"thumbnail\":{\"height\":150,\"width\":150,\"url\":\"https:\/\/www.medine-schopfloch.de\/24\/wp-content\/uploads\/2024\/09\/1988-150x150.jpg\",\"orientation\":\"landscape\"},\"medium\":{\"height\":206,\"width\":300,\"url\":\"https:\/\/www.medine-schopfloch.de\/24\/wp-content\/uploads\/2024\/09\/1988-300x206.jpg\",\"orientation\":\"landscape\"},\"full\":{\"url\":\"https:\/\/www.medine-schopfloch.de\/24\/wp-content\/uploads\/2024\/09\/1988.jpg\",\"height\":550,\"width\":800,\"orientation\":\"landscape\"}},\"imageMeta\":{\"aperture\":\"0\",\"credit\":\"\",\"camera\":\"\",\"caption\":\"\",\"created_timestamp\":\"0\",\"copyright\":\"\",\"focal_length\":\"0\",\"iso\":\"0\",\"shutter_speed\":\"0\",\"title\":\"\",\"orientation\":\"0\",\"keywords\":[]},\"meta\":false,\"postlink\":\"https:\/\/www.medine-schopfloch.de\/24\/pgc_simply_gallery\/prinzenpaare\/attachment\/1988\/\"},{\"id\":820,\"title\":\"1987 Prinz Peter II. vom n\u00e4rrischen Stamm (Peter Seybold) Ihre Lieblichkeit: Alexandra Siegl\",\"url\":\"https:\/\/www.medine-schopfloch.de\/24\/wp-content\/uploads\/2024\/09\/1987.jpg\",\"link\":\"https:\/\/www.medine-schopfloch.de\/24\/pgc_simply_gallery\/prinzenpaare\/attachment\/1987\/\",\"alt\":\"\",\"description\":\"\",\"caption\":\"\",\"mime\":\"image\/jpeg\",\"type\":\"image\",\"width\":800,\"height\":550,\"sizes\":{\"thumbnail\":{\"height\":150,\"width\":150,\"url\":\"https:\/\/www.medine-schopfloch.de\/24\/wp-content\/uploads\/2024\/09\/1987-150x150.jpg\",\"orientation\":\"landscape\"},\"medium\":{\"height\":206,\"width\":300,\"url\":\"https:\/\/www.medine-schopfloch.de\/24\/wp-content\/uploads\/2024\/09\/1987-300x206.jpg\",\"orientation\":\"landscape\"},\"full\":{\"url\":\"https:\/\/www.medine-schopfloch.de\/24\/wp-content\/uploads\/2024\/09\/1987.jpg\",\"height\":550,\"width\":800,\"orientation\":\"landscape\"}},\"imageMeta\":{\"aperture\":\"0\",\"credit\":\"\",\"camera\":\"\",\"caption\":\"\",\"created_timestamp\":\"0\",\"copyright\":\"\",\"focal_length\":\"0\",\"iso\":\"0\",\"shutter_speed\":\"0\",\"title\":\"\",\"orientation\":\"0\",\"keywords\":[]},\"meta\":false,\"postlink\":\"https:\/\/www.medine-schopfloch.de\/24\/pgc_simply_gallery\/prinzenpaare\/attachment\/1987\/\"},{\"id\":818,\"title\":\"1986 Prinz Willi I. vom Zimmerplatz (Willi Hofmann) Ihre Lieblichkeit: Katja Rehn\",\"url\":\"https:\/\/www.medine-schopfloch.de\/24\/wp-content\/uploads\/2024\/09\/1986.jpg\",\"link\":\"https:\/\/www.medine-schopfloch.de\/24\/pgc_simply_gallery\/prinzenpaare\/attachment\/1986\/\",\"alt\":\"\",\"description\":\"\",\"caption\":\"\",\"mime\":\"image\/jpeg\",\"type\":\"image\",\"width\":800,\"height\":550,\"sizes\":{\"thumbnail\":{\"height\":150,\"width\":150,\"url\":\"https:\/\/www.medine-schopfloch.de\/24\/wp-content\/uploads\/2024\/09\/1986-150x150.jpg\",\"orientation\":\"landscape\"},\"medium\":{\"height\":206,\"width\":300,\"url\":\"https:\/\/www.medine-schopfloch.de\/24\/wp-content\/uploads\/2024\/09\/1986-300x206.jpg\",\"orientation\":\"landscape\"},\"full\":{\"url\":\"https:\/\/www.medine-schopfloch.de\/24\/wp-content\/uploads\/2024\/09\/1986.jpg\",\"height\":550,\"width\":800,\"orientation\":\"landscape\"}},\"imageMeta\":{\"aperture\":\"0\",\"credit\":\"\",\"camera\":\"\",\"caption\":\"\",\"created_timestamp\":\"0\",\"copyright\":\"\",\"focal_length\":\"0\",\"iso\":\"0\",\"shutter_speed\":\"0\",\"title\":\"\",\"orientation\":\"0\",\"keywords\":[]},\"meta\":false,\"postlink\":\"https:\/\/www.medine-schopfloch.de\/24\/pgc_simply_gallery\/prinzenpaare\/attachment\/1986\/\"},{\"id\":817,\"title\":\"1985 Prinz Roger I. der Baumlange (Roger Rehn) Ihre Lieblichkeit: Andrea Schaffner\",\"url\":\"https:\/\/www.medine-schopfloch.de\/24\/wp-content\/uploads\/2024\/09\/1985.jpg\",\"link\":\"https:\/\/www.medine-schopfloch.de\/24\/pgc_simply_gallery\/prinzenpaare\/attachment\/1985\/\",\"alt\":\"\",\"description\":\"\",\"caption\":\"\",\"mime\":\"image\/jpeg\",\"type\":\"image\",\"width\":800,\"height\":550,\"sizes\":{\"thumbnail\":{\"height\":150,\"width\":150,\"url\":\"https:\/\/www.medine-schopfloch.de\/24\/wp-content\/uploads\/2024\/09\/1985-150x150.jpg\",\"orientation\":\"landscape\"},\"medium\":{\"height\":206,\"width\":300,\"url\":\"https:\/\/www.medine-schopfloch.de\/24\/wp-content\/uploads\/2024\/09\/1985-300x206.jpg\",\"orientation\":\"landscape\"},\"full\":{\"url\":\"https:\/\/www.medine-schopfloch.de\/24\/wp-content\/uploads\/2024\/09\/1985.jpg\",\"height\":550,\"width\":800,\"orientation\":\"landscape\"}},\"imageMeta\":{\"aperture\":\"0\",\"credit\":\"\",\"camera\":\"\",\"caption\":\"\",\"created_timestamp\":\"0\",\"copyright\":\"\",\"focal_length\":\"0\",\"iso\":\"0\",\"shutter_speed\":\"0\",\"title\":\"\",\"orientation\":\"0\",\"keywords\":[]},\"meta\":false,\"postlink\":\"https:\/\/www.medine-schopfloch.de\/24\/pgc_simply_gallery\/prinzenpaare\/attachment\/1985\/\"},{\"id\":816,\"title\":\"1984 Prinz J\u00fcrgen I. vom Dick (J\u00fcrgen Seybold) Ihre Lieblichkeit: Karola Grimm\",\"url\":\"https:\/\/www.medine-schopfloch.de\/24\/wp-content\/uploads\/2024\/09\/1984.jpg\",\"link\":\"https:\/\/www.medine-schopfloch.de\/24\/pgc_simply_gallery\/prinzenpaare\/attachment\/1984\/\",\"alt\":\"\",\"description\":\"\",\"caption\":\"\",\"mime\":\"image\/jpeg\",\"type\":\"image\",\"width\":800,\"height\":550,\"sizes\":{\"thumbnail\":{\"height\":150,\"width\":150,\"url\":\"https:\/\/www.medine-schopfloch.de\/24\/wp-content\/uploads\/2024\/09\/1984-150x150.jpg\",\"orientation\":\"landscape\"},\"medium\":{\"height\":206,\"width\":300,\"url\":\"https:\/\/www.medine-schopfloch.de\/24\/wp-content\/uploads\/2024\/09\/1984-300x206.jpg\",\"orientation\":\"landscape\"},\"full\":{\"url\":\"https:\/\/www.medine-schopfloch.de\/24\/wp-content\/uploads\/2024\/09\/1984.jpg\",\"height\":550,\"width\":800,\"orientation\":\"landscape\"}},\"imageMeta\":{\"aperture\":\"0\",\"credit\":\"\",\"camera\":\"\",\"caption\":\"\",\"created_timestamp\":\"0\",\"copyright\":\"\",\"focal_length\":\"0\",\"iso\":\"0\",\"shutter_speed\":\"0\",\"title\":\"\",\"orientation\":\"0\",\"keywords\":[]},\"meta\":false,\"postlink\":\"https:\/\/www.medine-schopfloch.de\/24\/pgc_simply_gallery\/prinzenpaare\/attachment\/1984\/\"},{\"id\":814,\"title\":\"1983 Prinz Hans J\u00fcrgen I. v. Stein (H.J. H\u00e4hnlein) Ihre Lieblichkeit: Veronika Mader\",\"url\":\"https:\/\/www.medine-schopfloch.de\/24\/wp-content\/uploads\/2024\/09\/1983.jpg\",\"link\":\"https:\/\/www.medine-schopfloch.de\/24\/pgc_simply_gallery\/prinzenpaare\/attachment\/1983\/\",\"alt\":\"\",\"description\":\"\",\"caption\":\"\",\"mime\":\"image\/jpeg\",\"type\":\"image\",\"width\":800,\"height\":550,\"sizes\":{\"thumbnail\":{\"height\":150,\"width\":150,\"url\":\"https:\/\/www.medine-schopfloch.de\/24\/wp-content\/uploads\/2024\/09\/1983-150x150.jpg\",\"orientation\":\"landscape\"},\"medium\":{\"height\":206,\"width\":300,\"url\":\"https:\/\/www.medine-schopfloch.de\/24\/wp-content\/uploads\/2024\/09\/1983-300x206.jpg\",\"orientation\":\"landscape\"},\"full\":{\"url\":\"https:\/\/www.medine-schopfloch.de\/24\/wp-content\/uploads\/2024\/09\/1983.jpg\",\"height\":550,\"width\":800,\"orientation\":\"landscape\"}},\"imageMeta\":{\"aperture\":\"0\",\"credit\":\"\",\"camera\":\"\",\"caption\":\"\",\"created_timestamp\":\"0\",\"copyright\":\"\",\"focal_length\":\"0\",\"iso\":\"0\",\"shutter_speed\":\"0\",\"title\":\"\",\"orientation\":\"0\",\"keywords\":[]},\"meta\":false,\"postlink\":\"https:\/\/www.medine-schopfloch.de\/24\/pgc_simply_gallery\/prinzenpaare\/attachment\/1983\/\"},{\"id\":807,\"title\":\"1982 Prinz Thomas I. vom Hetzeplatz (Thomas Leprich) Ihre Lieblichkeit: Monika Nothe\",\"url\":\"https:\/\/www.medine-schopfloch.de\/24\/wp-content\/uploads\/2024\/09\/1982.jpg\",\"link\":\"https:\/\/www.medine-schopfloch.de\/24\/pgc_simply_gallery\/prinzenpaare\/attachment\/1982\/\",\"alt\":\"\",\"description\":\"\",\"caption\":\"\",\"mime\":\"image\/jpeg\",\"type\":\"image\",\"width\":800,\"height\":550,\"sizes\":{\"thumbnail\":{\"height\":150,\"width\":150,\"url\":\"https:\/\/www.medine-schopfloch.de\/24\/wp-content\/uploads\/2024\/09\/1982-150x150.jpg\",\"orientation\":\"landscape\"},\"medium\":{\"height\":206,\"width\":300,\"url\":\"https:\/\/www.medine-schopfloch.de\/24\/wp-content\/uploads\/2024\/09\/1982-300x206.jpg\",\"orientation\":\"landscape\"},\"full\":{\"url\":\"https:\/\/www.medine-schopfloch.de\/24\/wp-content\/uploads\/2024\/09\/1982.jpg\",\"height\":550,\"width\":800,\"orientation\":\"landscape\"}},\"imageMeta\":{\"aperture\":\"0\",\"credit\":\"\",\"camera\":\"\",\"caption\":\"\",\"created_timestamp\":\"0\",\"copyright\":\"\",\"focal_length\":\"0\",\"iso\":\"0\",\"shutter_speed\":\"0\",\"title\":\"\",\"orientation\":\"0\",\"keywords\":[]},\"meta\":false,\"postlink\":\"https:\/\/www.medine-schopfloch.de\/24\/pgc_simply_gallery\/prinzenpaare\/attachment\/1982\/\"},{\"id\":806,\"title\":\"1981 Prinz Stefan I. vom Pauls Bug (Stefan Teichmann) Ihre Lieblichkeit: Doris Grimm\",\"url\":\"https:\/\/www.medine-schopfloch.de\/24\/wp-content\/uploads\/2024\/09\/1981.jpg\",\"link\":\"https:\/\/www.medine-schopfloch.de\/24\/pgc_simply_gallery\/prinzenpaare\/attachment\/1981\/\",\"alt\":\"\",\"description\":\"\",\"caption\":\"\",\"mime\":\"image\/jpeg\",\"type\":\"image\",\"width\":800,\"height\":550,\"sizes\":{\"thumbnail\":{\"height\":150,\"width\":150,\"url\":\"https:\/\/www.medine-schopfloch.de\/24\/wp-content\/uploads\/2024\/09\/1981-150x150.jpg\",\"orientation\":\"landscape\"},\"medium\":{\"height\":206,\"width\":300,\"url\":\"https:\/\/www.medine-schopfloch.de\/24\/wp-content\/uploads\/2024\/09\/1981-300x206.jpg\",\"orientation\":\"landscape\"},\"full\":{\"url\":\"https:\/\/www.medine-schopfloch.de\/24\/wp-content\/uploads\/2024\/09\/1981.jpg\",\"height\":550,\"width\":800,\"orientation\":\"landscape\"}},\"imageMeta\":{\"aperture\":\"0\",\"credit\":\"\",\"camera\":\"\",\"caption\":\"\",\"created_timestamp\":\"0\",\"copyright\":\"\",\"focal_length\":\"0\",\"iso\":\"0\",\"shutter_speed\":\"0\",\"title\":\"\",\"orientation\":\"0\",\"keywords\":[]},\"meta\":false,\"postlink\":\"https:\/\/www.medine-schopfloch.de\/24\/pgc_simply_gallery\/prinzenpaare\/attachment\/1981\/\"},{\"id\":804,\"title\":\"1980 Prinz Klaus I. der Eiserne (Klaus D\u00e4nzer) Ihre Lieblichkeit: Angelika Lober\",\"url\":\"https:\/\/www.medine-schopfloch.de\/24\/wp-content\/uploads\/2024\/09\/1980.jpg\",\"link\":\"https:\/\/www.medine-schopfloch.de\/24\/pgc_simply_gallery\/prinzenpaare\/attachment\/1980\/\",\"alt\":\"\",\"description\":\"\",\"caption\":\"\",\"mime\":\"image\/jpeg\",\"type\":\"image\",\"width\":800,\"height\":550,\"sizes\":{\"thumbnail\":{\"height\":150,\"width\":150,\"url\":\"https:\/\/www.medine-schopfloch.de\/24\/wp-content\/uploads\/2024\/09\/1980-150x150.jpg\",\"orientation\":\"landscape\"},\"medium\":{\"height\":206,\"width\":300,\"url\":\"https:\/\/www.medine-schopfloch.de\/24\/wp-content\/uploads\/2024\/09\/1980-300x206.jpg\",\"orientation\":\"landscape\"},\"full\":{\"url\":\"https:\/\/www.medine-schopfloch.de\/24\/wp-content\/uploads\/2024\/09\/1980.jpg\",\"height\":550,\"width\":800,\"orientation\":\"landscape\"}},\"imageMeta\":{\"aperture\":\"0\",\"credit\":\"\",\"camera\":\"\",\"caption\":\"\",\"created_timestamp\":\"0\",\"copyright\":\"\",\"focal_length\":\"0\",\"iso\":\"0\",\"shutter_speed\":\"0\",\"title\":\"\",\"orientation\":\"0\",\"keywords\":[]},\"meta\":false,\"postlink\":\"https:\/\/www.medine-schopfloch.de\/24\/pgc_simply_gallery\/prinzenpaare\/attachment\/1980\/\"},{\"id\":803,\"title\":\"1979 Prinz Dieter III. vom Pfandl (Dieter B\u00fchlmeyer) Ihre Lieblichkeit: Rita Schaffner\",\"url\":\"https:\/\/www.medine-schopfloch.de\/24\/wp-content\/uploads\/2024\/09\/1979.jpg\",\"link\":\"https:\/\/www.medine-schopfloch.de\/24\/pgc_simply_gallery\/prinzenpaare\/attachment\/1979\/\",\"alt\":\"\",\"description\":\"\",\"caption\":\"\",\"mime\":\"image\/jpeg\",\"type\":\"image\",\"width\":800,\"height\":550,\"sizes\":{\"thumbnail\":{\"height\":150,\"width\":150,\"url\":\"https:\/\/www.medine-schopfloch.de\/24\/wp-content\/uploads\/2024\/09\/1979-150x150.jpg\",\"orientation\":\"landscape\"},\"medium\":{\"height\":206,\"width\":300,\"url\":\"https:\/\/www.medine-schopfloch.de\/24\/wp-content\/uploads\/2024\/09\/1979-300x206.jpg\",\"orientation\":\"landscape\"},\"full\":{\"url\":\"https:\/\/www.medine-schopfloch.de\/24\/wp-content\/uploads\/2024\/09\/1979.jpg\",\"height\":550,\"width\":800,\"orientation\":\"landscape\"}},\"imageMeta\":{\"aperture\":\"0\",\"credit\":\"\",\"camera\":\"\",\"caption\":\"\",\"created_timestamp\":\"0\",\"copyright\":\"\",\"focal_length\":\"0\",\"iso\":\"0\",\"shutter_speed\":\"0\",\"title\":\"\",\"orientation\":\"0\",\"keywords\":[]},\"meta\":false,\"postlink\":\"https:\/\/www.medine-schopfloch.de\/24\/pgc_simply_gallery\/prinzenpaare\/attachment\/1979\/\"},{\"id\":802,\"title\":\"1978 Prinz Ernst II. v. Oloko (Ernst Fleischmann) Ihre Lieblichkeit: Gisela Fleischmann\",\"url\":\"https:\/\/www.medine-schopfloch.de\/24\/wp-content\/uploads\/2024\/09\/1978.jpg\",\"link\":\"https:\/\/www.medine-schopfloch.de\/24\/pgc_simply_gallery\/prinzenpaare\/attachment\/1978\/\",\"alt\":\"\",\"description\":\"\",\"caption\":\"\",\"mime\":\"image\/jpeg\",\"type\":\"image\",\"width\":800,\"height\":550,\"sizes\":{\"thumbnail\":{\"height\":150,\"width\":150,\"url\":\"https:\/\/www.medine-schopfloch.de\/24\/wp-content\/uploads\/2024\/09\/1978-150x150.jpg\",\"orientation\":\"landscape\"},\"medium\":{\"height\":206,\"width\":300,\"url\":\"https:\/\/www.medine-schopfloch.de\/24\/wp-content\/uploads\/2024\/09\/1978-300x206.jpg\",\"orientation\":\"landscape\"},\"full\":{\"url\":\"https:\/\/www.medine-schopfloch.de\/24\/wp-content\/uploads\/2024\/09\/1978.jpg\",\"height\":550,\"width\":800,\"orientation\":\"landscape\"}},\"imageMeta\":{\"aperture\":\"0\",\"credit\":\"\",\"camera\":\"\",\"caption\":\"\",\"created_timestamp\":\"0\",\"copyright\":\"\",\"focal_length\":\"0\",\"iso\":\"0\",\"shutter_speed\":\"0\",\"title\":\"\",\"orientation\":\"0\",\"keywords\":[]},\"meta\":false,\"postlink\":\"https:\/\/www.medine-schopfloch.de\/24\/pgc_simply_gallery\/prinzenpaare\/attachment\/1978\/\"},{\"id\":800,\"title\":\"1977 Prinz Alfred I. von der Lohe (Alfred G\u00f6ttfert) Ihre Lieblichkeit: Doris Waldmann\",\"url\":\"https:\/\/www.medine-schopfloch.de\/24\/wp-content\/uploads\/2024\/09\/1977.jpg\",\"link\":\"https:\/\/www.medine-schopfloch.de\/24\/pgc_simply_gallery\/prinzenpaare\/attachment\/1977\/\",\"alt\":\"\",\"description\":\"\",\"caption\":\"\",\"mime\":\"image\/jpeg\",\"type\":\"image\",\"width\":800,\"height\":550,\"sizes\":{\"thumbnail\":{\"height\":150,\"width\":150,\"url\":\"https:\/\/www.medine-schopfloch.de\/24\/wp-content\/uploads\/2024\/09\/1977-150x150.jpg\",\"orientation\":\"landscape\"},\"medium\":{\"height\":206,\"width\":300,\"url\":\"https:\/\/www.medine-schopfloch.de\/24\/wp-content\/uploads\/2024\/09\/1977-300x206.jpg\",\"orientation\":\"landscape\"},\"full\":{\"url\":\"https:\/\/www.medine-schopfloch.de\/24\/wp-content\/uploads\/2024\/09\/1977.jpg\",\"height\":550,\"width\":800,\"orientation\":\"landscape\"}},\"imageMeta\":{\"aperture\":\"0\",\"credit\":\"\",\"camera\":\"\",\"caption\":\"\",\"created_timestamp\":\"0\",\"copyright\":\"\",\"focal_length\":\"0\",\"iso\":\"0\",\"shutter_speed\":\"0\",\"title\":\"\",\"orientation\":\"0\",\"keywords\":[]},\"meta\":false,\"postlink\":\"https:\/\/www.medine-schopfloch.de\/24\/pgc_simply_gallery\/prinzenpaare\/attachment\/1977\/\"},{\"id\":799,\"title\":\"1976 Prinz Wolfgang I. der Schlaule (Wolfgang Neumeyer) Ihre Lieblichkeit: Monika Buckel)\",\"url\":\"https:\/\/www.medine-schopfloch.de\/24\/wp-content\/uploads\/2024\/09\/1976.jpg\",\"link\":\"https:\/\/www.medine-schopfloch.de\/24\/pgc_simply_gallery\/prinzenpaare\/attachment\/1976\/\",\"alt\":\"\",\"description\":\"\",\"caption\":\"\",\"mime\":\"image\/jpeg\",\"type\":\"image\",\"width\":800,\"height\":550,\"sizes\":{\"thumbnail\":{\"height\":150,\"width\":150,\"url\":\"https:\/\/www.medine-schopfloch.de\/24\/wp-content\/uploads\/2024\/09\/1976-150x150.jpg\",\"orientation\":\"landscape\"},\"medium\":{\"height\":206,\"width\":300,\"url\":\"https:\/\/www.medine-schopfloch.de\/24\/wp-content\/uploads\/2024\/09\/1976-300x206.jpg\",\"orientation\":\"landscape\"},\"full\":{\"url\":\"https:\/\/www.medine-schopfloch.de\/24\/wp-content\/uploads\/2024\/09\/1976.jpg\",\"height\":550,\"width\":800,\"orientation\":\"landscape\"}},\"imageMeta\":{\"aperture\":\"0\",\"credit\":\"\",\"camera\":\"\",\"caption\":\"\",\"created_timestamp\":\"0\",\"copyright\":\"\",\"focal_length\":\"0\",\"iso\":\"0\",\"shutter_speed\":\"0\",\"title\":\"\",\"orientation\":\"0\",\"keywords\":[]},\"meta\":false,\"postlink\":\"https:\/\/www.medine-schopfloch.de\/24\/pgc_simply_gallery\/prinzenpaare\/attachment\/1976\/\"},{\"id\":798,\"title\":\"1975 Prinz Heinz I. vom Pfandl (Heinz B\u00fchlmeyer) Ihre Lieblichkeit: Brigitte Dirian\",\"url\":\"https:\/\/www.medine-schopfloch.de\/24\/wp-content\/uploads\/2024\/09\/1975.jpg\",\"link\":\"https:\/\/www.medine-schopfloch.de\/24\/pgc_simply_gallery\/prinzenpaare\/attachment\/1975\/\",\"alt\":\"\",\"description\":\"\",\"caption\":\"\",\"mime\":\"image\/jpeg\",\"type\":\"image\",\"width\":800,\"height\":550,\"sizes\":{\"thumbnail\":{\"height\":150,\"width\":150,\"url\":\"https:\/\/www.medine-schopfloch.de\/24\/wp-content\/uploads\/2024\/09\/1975-150x150.jpg\",\"orientation\":\"landscape\"},\"medium\":{\"height\":206,\"width\":300,\"url\":\"https:\/\/www.medine-schopfloch.de\/24\/wp-content\/uploads\/2024\/09\/1975-300x206.jpg\",\"orientation\":\"landscape\"},\"full\":{\"url\":\"https:\/\/www.medine-schopfloch.de\/24\/wp-content\/uploads\/2024\/09\/1975.jpg\",\"height\":550,\"width\":800,\"orientation\":\"landscape\"}},\"imageMeta\":{\"aperture\":\"0\",\"credit\":\"\",\"camera\":\"\",\"caption\":\"\",\"created_timestamp\":\"0\",\"copyright\":\"\",\"focal_length\":\"0\",\"iso\":\"0\",\"shutter_speed\":\"0\",\"title\":\"\",\"orientation\":\"0\",\"keywords\":[]},\"meta\":false,\"postlink\":\"https:\/\/www.medine-schopfloch.de\/24\/pgc_simply_gallery\/prinzenpaare\/attachment\/1975\/\"},{\"id\":797,\"title\":\"1974 Prinz G\u00fcnther II. der Schehaki (G\u00fcnther Schehak) Ihre Lieblichkeit: Claudia Schaffner\",\"url\":\"https:\/\/www.medine-schopfloch.de\/24\/wp-content\/uploads\/2024\/09\/1974.jpg\",\"link\":\"https:\/\/www.medine-schopfloch.de\/24\/pgc_simply_gallery\/prinzenpaare\/attachment\/1974\/\",\"alt\":\"\",\"description\":\"\",\"caption\":\"\",\"mime\":\"image\/jpeg\",\"type\":\"image\",\"width\":800,\"height\":550,\"sizes\":{\"thumbnail\":{\"height\":150,\"width\":150,\"url\":\"https:\/\/www.medine-schopfloch.de\/24\/wp-content\/uploads\/2024\/09\/1974-150x150.jpg\",\"orientation\":\"landscape\"},\"medium\":{\"height\":206,\"width\":300,\"url\":\"https:\/\/www.medine-schopfloch.de\/24\/wp-content\/uploads\/2024\/09\/1974-300x206.jpg\",\"orientation\":\"landscape\"},\"full\":{\"url\":\"https:\/\/www.medine-schopfloch.de\/24\/wp-content\/uploads\/2024\/09\/1974.jpg\",\"height\":550,\"width\":800,\"orientation\":\"landscape\"}},\"imageMeta\":{\"aperture\":\"0\",\"credit\":\"\",\"camera\":\"\",\"caption\":\"\",\"created_timestamp\":\"0\",\"copyright\":\"\",\"focal_length\":\"0\",\"iso\":\"0\",\"shutter_speed\":\"0\",\"title\":\"\",\"orientation\":\"0\",\"keywords\":[]},\"meta\":false,\"postlink\":\"https:\/\/www.medine-schopfloch.de\/24\/pgc_simply_gallery\/prinzenpaare\/attachment\/1974\/\"},{\"id\":796,\"title\":\"1973 Prinz G\u00fcnther I. v. Stock (G\u00fcnther Teichmann) Ihre Lieblichkeit: Gisela Lang\",\"url\":\"https:\/\/www.medine-schopfloch.de\/24\/wp-content\/uploads\/2024\/09\/1973.jpg\",\"link\":\"https:\/\/www.medine-schopfloch.de\/24\/pgc_simply_gallery\/prinzenpaare\/attachment\/1973\/\",\"alt\":\"\",\"description\":\"\",\"caption\":\"\",\"mime\":\"image\/jpeg\",\"type\":\"image\",\"width\":800,\"height\":550,\"sizes\":{\"thumbnail\":{\"height\":150,\"width\":150,\"url\":\"https:\/\/www.medine-schopfloch.de\/24\/wp-content\/uploads\/2024\/09\/1973-150x150.jpg\",\"orientation\":\"landscape\"},\"medium\":{\"height\":206,\"width\":300,\"url\":\"https:\/\/www.medine-schopfloch.de\/24\/wp-content\/uploads\/2024\/09\/1973-300x206.jpg\",\"orientation\":\"landscape\"},\"full\":{\"url\":\"https:\/\/www.medine-schopfloch.de\/24\/wp-content\/uploads\/2024\/09\/1973.jpg\",\"height\":550,\"width\":800,\"orientation\":\"landscape\"}},\"imageMeta\":{\"aperture\":\"0\",\"credit\":\"\",\"camera\":\"\",\"caption\":\"\",\"created_timestamp\":\"0\",\"copyright\":\"\",\"focal_length\":\"0\",\"iso\":\"0\",\"shutter_speed\":\"0\",\"title\":\"\",\"orientation\":\"0\",\"keywords\":[]},\"meta\":false,\"postlink\":\"https:\/\/www.medine-schopfloch.de\/24\/pgc_simply_gallery\/prinzenpaare\/attachment\/1973\/\"},{\"id\":795,\"title\":\"1972 Prinz Dieter II. vom G\u00e4\u00dfle (Dieter Kohr) Ihre Lieblichkeit: Magda Bauer\",\"url\":\"https:\/\/www.medine-schopfloch.de\/24\/wp-content\/uploads\/2024\/09\/1972.jpg\",\"link\":\"https:\/\/www.medine-schopfloch.de\/24\/pgc_simply_gallery\/prinzenpaare\/attachment\/1972\/\",\"alt\":\"\",\"description\":\"\",\"caption\":\"\",\"mime\":\"image\/jpeg\",\"type\":\"image\",\"width\":800,\"height\":550,\"sizes\":{\"thumbnail\":{\"height\":150,\"width\":150,\"url\":\"https:\/\/www.medine-schopfloch.de\/24\/wp-content\/uploads\/2024\/09\/1972-150x150.jpg\",\"orientation\":\"landscape\"},\"medium\":{\"height\":206,\"width\":300,\"url\":\"https:\/\/www.medine-schopfloch.de\/24\/wp-content\/uploads\/2024\/09\/1972-300x206.jpg\",\"orientation\":\"landscape\"},\"full\":{\"url\":\"https:\/\/www.medine-schopfloch.de\/24\/wp-content\/uploads\/2024\/09\/1972.jpg\",\"height\":550,\"width\":800,\"orientation\":\"landscape\"}},\"imageMeta\":{\"aperture\":\"0\",\"credit\":\"\",\"camera\":\"\",\"caption\":\"\",\"created_timestamp\":\"0\",\"copyright\":\"\",\"focal_length\":\"0\",\"iso\":\"0\",\"shutter_speed\":\"0\",\"title\":\"\",\"orientation\":\"0\",\"keywords\":[]},\"meta\":false,\"postlink\":\"https:\/\/www.medine-schopfloch.de\/24\/pgc_simply_gallery\/prinzenpaare\/attachment\/1972\/\"},{\"id\":793,\"title\":\"1971 Prinz Udo I. von der Gautsch (Udo Teichmann) Ihre Lieblichkeit: Doris Teichmann\",\"url\":\"https:\/\/www.medine-schopfloch.de\/24\/wp-content\/uploads\/2024\/09\/1971.jpg\",\"link\":\"https:\/\/www.medine-schopfloch.de\/24\/pgc_simply_gallery\/prinzenpaare\/attachment\/1971\/\",\"alt\":\"\",\"description\":\"\",\"caption\":\"\",\"mime\":\"image\/jpeg\",\"type\":\"image\",\"width\":800,\"height\":550,\"sizes\":{\"thumbnail\":{\"height\":150,\"width\":150,\"url\":\"https:\/\/www.medine-schopfloch.de\/24\/wp-content\/uploads\/2024\/09\/1971-150x150.jpg\",\"orientation\":\"landscape\"},\"medium\":{\"height\":206,\"width\":300,\"url\":\"https:\/\/www.medine-schopfloch.de\/24\/wp-content\/uploads\/2024\/09\/1971-300x206.jpg\",\"orientation\":\"landscape\"},\"full\":{\"url\":\"https:\/\/www.medine-schopfloch.de\/24\/wp-content\/uploads\/2024\/09\/1971.jpg\",\"height\":550,\"width\":800,\"orientation\":\"landscape\"}},\"imageMeta\":{\"aperture\":\"0\",\"credit\":\"\",\"camera\":\"\",\"caption\":\"\",\"created_timestamp\":\"0\",\"copyright\":\"\",\"focal_length\":\"0\",\"iso\":\"0\",\"shutter_speed\":\"0\",\"title\":\"\",\"orientation\":\"0\",\"keywords\":[]},\"meta\":false,\"postlink\":\"https:\/\/www.medine-schopfloch.de\/24\/pgc_simply_gallery\/prinzenpaare\/attachment\/1971\/\"},{\"id\":791,\"title\":\"1970 Prinz Fred I. v. Stouricheck (Fred Schieferdecker) Ihre Lieblichkeit: Adelheid Leprich\",\"url\":\"https:\/\/www.medine-schopfloch.de\/24\/wp-content\/uploads\/2024\/09\/1970.jpg\",\"link\":\"https:\/\/www.medine-schopfloch.de\/24\/pgc_simply_gallery\/prinzenpaare\/attachment\/1970\/\",\"alt\":\"\",\"description\":\"\",\"caption\":\"\",\"mime\":\"image\/jpeg\",\"type\":\"image\",\"width\":800,\"height\":550,\"sizes\":{\"thumbnail\":{\"height\":150,\"width\":150,\"url\":\"https:\/\/www.medine-schopfloch.de\/24\/wp-content\/uploads\/2024\/09\/1970-150x150.jpg\",\"orientation\":\"landscape\"},\"medium\":{\"height\":206,\"width\":300,\"url\":\"https:\/\/www.medine-schopfloch.de\/24\/wp-content\/uploads\/2024\/09\/1970-300x206.jpg\",\"orientation\":\"landscape\"},\"full\":{\"url\":\"https:\/\/www.medine-schopfloch.de\/24\/wp-content\/uploads\/2024\/09\/1970.jpg\",\"height\":550,\"width\":800,\"orientation\":\"landscape\"}},\"imageMeta\":{\"aperture\":\"0\",\"credit\":\"\",\"camera\":\"\",\"caption\":\"\",\"created_timestamp\":\"0\",\"copyright\":\"\",\"focal_length\":\"0\",\"iso\":\"0\",\"shutter_speed\":\"0\",\"title\":\"\",\"orientation\":\"0\",\"keywords\":[]},\"meta\":false,\"postlink\":\"https:\/\/www.medine-schopfloch.de\/24\/pgc_simply_gallery\/prinzenpaare\/attachment\/1970\/\"},{\"id\":790,\"title\":\"1969 Prinz Horst II. der Starke (Horst Starck) Ihre Lieblichkeit: Hannelore Birmann\",\"url\":\"https:\/\/www.medine-schopfloch.de\/24\/wp-content\/uploads\/2024\/09\/1969.jpg\",\"link\":\"https:\/\/www.medine-schopfloch.de\/24\/pgc_simply_gallery\/prinzenpaare\/attachment\/1969\/\",\"alt\":\"\",\"description\":\"\",\"caption\":\"\",\"mime\":\"image\/jpeg\",\"type\":\"image\",\"width\":800,\"height\":550,\"sizes\":{\"thumbnail\":{\"height\":150,\"width\":150,\"url\":\"https:\/\/www.medine-schopfloch.de\/24\/wp-content\/uploads\/2024\/09\/1969-150x150.jpg\",\"orientation\":\"landscape\"},\"medium\":{\"height\":206,\"width\":300,\"url\":\"https:\/\/www.medine-schopfloch.de\/24\/wp-content\/uploads\/2024\/09\/1969-300x206.jpg\",\"orientation\":\"landscape\"},\"full\":{\"url\":\"https:\/\/www.medine-schopfloch.de\/24\/wp-content\/uploads\/2024\/09\/1969.jpg\",\"height\":550,\"width\":800,\"orientation\":\"landscape\"}},\"imageMeta\":{\"aperture\":\"0\",\"credit\":\"\",\"camera\":\"\",\"caption\":\"\",\"created_timestamp\":\"0\",\"copyright\":\"\",\"focal_length\":\"0\",\"iso\":\"0\",\"shutter_speed\":\"0\",\"title\":\"\",\"orientation\":\"0\",\"keywords\":[]},\"meta\":false,\"postlink\":\"https:\/\/www.medine-schopfloch.de\/24\/pgc_simply_gallery\/prinzenpaare\/attachment\/1969\/\"},{\"id\":789,\"title\":\"1968 Prinz Rudolf I. von Massumen (Rudolf Grimm) Ihre Lieblichkeit: Gerda Binder\",\"url\":\"https:\/\/www.medine-schopfloch.de\/24\/wp-content\/uploads\/2024\/09\/1968.jpg\",\"link\":\"https:\/\/www.medine-schopfloch.de\/24\/pgc_simply_gallery\/prinzenpaare\/attachment\/1968\/\",\"alt\":\"\",\"description\":\"\",\"caption\":\"\",\"mime\":\"image\/jpeg\",\"type\":\"image\",\"width\":800,\"height\":550,\"sizes\":{\"thumbnail\":{\"height\":150,\"width\":150,\"url\":\"https:\/\/www.medine-schopfloch.de\/24\/wp-content\/uploads\/2024\/09\/1968-150x150.jpg\",\"orientation\":\"landscape\"},\"medium\":{\"height\":206,\"width\":300,\"url\":\"https:\/\/www.medine-schopfloch.de\/24\/wp-content\/uploads\/2024\/09\/1968-300x206.jpg\",\"orientation\":\"landscape\"},\"full\":{\"url\":\"https:\/\/www.medine-schopfloch.de\/24\/wp-content\/uploads\/2024\/09\/1968.jpg\",\"height\":550,\"width\":800,\"orientation\":\"landscape\"}},\"imageMeta\":{\"aperture\":\"0\",\"credit\":\"\",\"camera\":\"\",\"caption\":\"\",\"created_timestamp\":\"0\",\"copyright\":\"\",\"focal_length\":\"0\",\"iso\":\"0\",\"shutter_speed\":\"0\",\"title\":\"\",\"orientation\":\"0\",\"keywords\":[]},\"meta\":false,\"postlink\":\"https:\/\/www.medine-schopfloch.de\/24\/pgc_simply_gallery\/prinzenpaare\/attachment\/1968\/\"},{\"id\":788,\"title\":\"1967 Prinz Eberhard I. von Monetien (Eberhard Anders) Ihre Lieblichkeit: Anita Grimm\",\"url\":\"https:\/\/www.medine-schopfloch.de\/24\/wp-content\/uploads\/2024\/09\/1967.jpg\",\"link\":\"https:\/\/www.medine-schopfloch.de\/24\/pgc_simply_gallery\/prinzenpaare\/attachment\/1967\/\",\"alt\":\"\",\"description\":\"\",\"caption\":\"\",\"mime\":\"image\/jpeg\",\"type\":\"image\",\"width\":800,\"height\":550,\"sizes\":{\"thumbnail\":{\"height\":150,\"width\":150,\"url\":\"https:\/\/www.medine-schopfloch.de\/24\/wp-content\/uploads\/2024\/09\/1967-150x150.jpg\",\"orientation\":\"landscape\"},\"medium\":{\"height\":206,\"width\":300,\"url\":\"https:\/\/www.medine-schopfloch.de\/24\/wp-content\/uploads\/2024\/09\/1967-300x206.jpg\",\"orientation\":\"landscape\"},\"full\":{\"url\":\"https:\/\/www.medine-schopfloch.de\/24\/wp-content\/uploads\/2024\/09\/1967.jpg\",\"height\":550,\"width\":800,\"orientation\":\"landscape\"}},\"imageMeta\":{\"aperture\":\"0\",\"credit\":\"\",\"camera\":\"\",\"caption\":\"\",\"created_timestamp\":\"0\",\"copyright\":\"\",\"focal_length\":\"0\",\"iso\":\"0\",\"shutter_speed\":\"0\",\"title\":\"\",\"orientation\":\"0\",\"keywords\":[]},\"meta\":false,\"postlink\":\"https:\/\/www.medine-schopfloch.de\/24\/pgc_simply_gallery\/prinzenpaare\/attachment\/1967\/\"},{\"id\":787,\"title\":\"1966 Prinz Dieter I. von Elektronien (Dieter Kr\u00e4nzlein) Ihre Lieblichkeit: Margit Edenharter\",\"url\":\"https:\/\/www.medine-schopfloch.de\/24\/wp-content\/uploads\/2024\/09\/1966.jpg\",\"link\":\"https:\/\/www.medine-schopfloch.de\/24\/pgc_simply_gallery\/prinzenpaare\/attachment\/1966\/\",\"alt\":\"\",\"description\":\"\",\"caption\":\"\",\"mime\":\"image\/jpeg\",\"type\":\"image\",\"width\":800,\"height\":550,\"sizes\":{\"thumbnail\":{\"height\":150,\"width\":150,\"url\":\"https:\/\/www.medine-schopfloch.de\/24\/wp-content\/uploads\/2024\/09\/1966-150x150.jpg\",\"orientation\":\"landscape\"},\"medium\":{\"height\":206,\"width\":300,\"url\":\"https:\/\/www.medine-schopfloch.de\/24\/wp-content\/uploads\/2024\/09\/1966-300x206.jpg\",\"orientation\":\"landscape\"},\"full\":{\"url\":\"https:\/\/www.medine-schopfloch.de\/24\/wp-content\/uploads\/2024\/09\/1966.jpg\",\"height\":550,\"width\":800,\"orientation\":\"landscape\"}},\"imageMeta\":{\"aperture\":\"0\",\"credit\":\"\",\"camera\":\"\",\"caption\":\"\",\"created_timestamp\":\"0\",\"copyright\":\"\",\"focal_length\":\"0\",\"iso\":\"0\",\"shutter_speed\":\"0\",\"title\":\"\",\"orientation\":\"0\",\"keywords\":[]},\"meta\":false,\"postlink\":\"https:\/\/www.medine-schopfloch.de\/24\/pgc_simply_gallery\/prinzenpaare\/attachment\/1966\/\"},{\"id\":786,\"title\":\"1965 Prinz Peter I. vom Pick (Peter Seybold) Ihre Lieblichkeit: Christa Lang\",\"url\":\"https:\/\/www.medine-schopfloch.de\/24\/wp-content\/uploads\/2024\/09\/1965.jpg\",\"link\":\"https:\/\/www.medine-schopfloch.de\/24\/pgc_simply_gallery\/prinzenpaare\/attachment\/1965\/\",\"alt\":\"\",\"description\":\"\",\"caption\":\"\",\"mime\":\"image\/jpeg\",\"type\":\"image\",\"width\":800,\"height\":550,\"sizes\":{\"thumbnail\":{\"height\":150,\"width\":150,\"url\":\"https:\/\/www.medine-schopfloch.de\/24\/wp-content\/uploads\/2024\/09\/1965-150x150.jpg\",\"orientation\":\"landscape\"},\"medium\":{\"height\":206,\"width\":300,\"url\":\"https:\/\/www.medine-schopfloch.de\/24\/wp-content\/uploads\/2024\/09\/1965-300x206.jpg\",\"orientation\":\"landscape\"},\"full\":{\"url\":\"https:\/\/www.medine-schopfloch.de\/24\/wp-content\/uploads\/2024\/09\/1965.jpg\",\"height\":550,\"width\":800,\"orientation\":\"landscape\"}},\"imageMeta\":{\"aperture\":\"0\",\"credit\":\"\",\"camera\":\"\",\"caption\":\"\",\"created_timestamp\":\"0\",\"copyright\":\"\",\"focal_length\":\"0\",\"iso\":\"0\",\"shutter_speed\":\"0\",\"title\":\"\",\"orientation\":\"0\",\"keywords\":[]},\"meta\":false,\"postlink\":\"https:\/\/www.medine-schopfloch.de\/24\/pgc_simply_gallery\/prinzenpaare\/attachment\/1965\/\"},{\"id\":785,\"title\":\"1964 Prinz Heinrich II. von Monetien (Heinrich K\u00f6nig) Ihre Lieblichkeit: Gisela H\u00e4hnlein\",\"url\":\"https:\/\/www.medine-schopfloch.de\/24\/wp-content\/uploads\/2024\/09\/1964.jpg\",\"link\":\"https:\/\/www.medine-schopfloch.de\/24\/pgc_simply_gallery\/prinzenpaare\/attachment\/1964\/\",\"alt\":\"\",\"description\":\"\",\"caption\":\"\",\"mime\":\"image\/jpeg\",\"type\":\"image\",\"width\":800,\"height\":550,\"sizes\":{\"thumbnail\":{\"height\":150,\"width\":150,\"url\":\"https:\/\/www.medine-schopfloch.de\/24\/wp-content\/uploads\/2024\/09\/1964-150x150.jpg\",\"orientation\":\"landscape\"},\"medium\":{\"height\":206,\"width\":300,\"url\":\"https:\/\/www.medine-schopfloch.de\/24\/wp-content\/uploads\/2024\/09\/1964-300x206.jpg\",\"orientation\":\"landscape\"},\"full\":{\"url\":\"https:\/\/www.medine-schopfloch.de\/24\/wp-content\/uploads\/2024\/09\/1964.jpg\",\"height\":550,\"width\":800,\"orientation\":\"landscape\"}},\"imageMeta\":{\"aperture\":\"0\",\"credit\":\"\",\"camera\":\"\",\"caption\":\"\",\"created_timestamp\":\"0\",\"copyright\":\"\",\"focal_length\":\"0\",\"iso\":\"0\",\"shutter_speed\":\"0\",\"title\":\"\",\"orientation\":\"0\",\"keywords\":[]},\"meta\":false,\"postlink\":\"https:\/\/www.medine-schopfloch.de\/24\/pgc_simply_gallery\/prinzenpaare\/attachment\/1964\/\"},{\"id\":784,\"title\":\"1963 Prinz Ernst v. Zabo (Ernst Sch\u00fcttler) Ihre Lieblichkeit: Ulla G\u00f6tz\",\"url\":\"https:\/\/www.medine-schopfloch.de\/24\/wp-content\/uploads\/2024\/09\/1963.jpg\",\"link\":\"https:\/\/www.medine-schopfloch.de\/24\/pgc_simply_gallery\/prinzenpaare\/attachment\/1963\/\",\"alt\":\"\",\"description\":\"\",\"caption\":\"\",\"mime\":\"image\/jpeg\",\"type\":\"image\",\"width\":800,\"height\":550,\"sizes\":{\"thumbnail\":{\"height\":150,\"width\":150,\"url\":\"https:\/\/www.medine-schopfloch.de\/24\/wp-content\/uploads\/2024\/09\/1963-150x150.jpg\",\"orientation\":\"landscape\"},\"medium\":{\"height\":206,\"width\":300,\"url\":\"https:\/\/www.medine-schopfloch.de\/24\/wp-content\/uploads\/2024\/09\/1963-300x206.jpg\",\"orientation\":\"landscape\"},\"full\":{\"url\":\"https:\/\/www.medine-schopfloch.de\/24\/wp-content\/uploads\/2024\/09\/1963.jpg\",\"height\":550,\"width\":800,\"orientation\":\"landscape\"}},\"imageMeta\":{\"aperture\":\"0\",\"credit\":\"\",\"camera\":\"\",\"caption\":\"\",\"created_timestamp\":\"0\",\"copyright\":\"\",\"focal_length\":\"0\",\"iso\":\"0\",\"shutter_speed\":\"0\",\"title\":\"\",\"orientation\":\"0\",\"keywords\":[]},\"meta\":false,\"postlink\":\"https:\/\/www.medine-schopfloch.de\/24\/pgc_simply_gallery\/prinzenpaare\/attachment\/1963\/\"},{\"id\":783,\"title\":\"1962 Prinz Horst v. Stuhl (Horst Grimm) Ihre Lieblichkeit: Gertrud Hartnagel\",\"url\":\"https:\/\/www.medine-schopfloch.de\/24\/wp-content\/uploads\/2024\/09\/1962.jpg\",\"link\":\"https:\/\/www.medine-schopfloch.de\/24\/pgc_simply_gallery\/prinzenpaare\/attachment\/1962\/\",\"alt\":\"\",\"description\":\"\",\"caption\":\"\",\"mime\":\"image\/jpeg\",\"type\":\"image\",\"width\":800,\"height\":550,\"sizes\":{\"thumbnail\":{\"height\":150,\"width\":150,\"url\":\"https:\/\/www.medine-schopfloch.de\/24\/wp-content\/uploads\/2024\/09\/1962-150x150.jpg\",\"orientation\":\"landscape\"},\"medium\":{\"height\":206,\"width\":300,\"url\":\"https:\/\/www.medine-schopfloch.de\/24\/wp-content\/uploads\/2024\/09\/1962-300x206.jpg\",\"orientation\":\"landscape\"},\"full\":{\"url\":\"https:\/\/www.medine-schopfloch.de\/24\/wp-content\/uploads\/2024\/09\/1962.jpg\",\"height\":550,\"width\":800,\"orientation\":\"landscape\"}},\"imageMeta\":{\"aperture\":\"0\",\"credit\":\"\",\"camera\":\"\",\"caption\":\"\",\"created_timestamp\":\"0\",\"copyright\":\"\",\"focal_length\":\"0\",\"iso\":\"0\",\"shutter_speed\":\"0\",\"title\":\"\",\"orientation\":\"0\",\"keywords\":[]},\"meta\":false,\"postlink\":\"https:\/\/www.medine-schopfloch.de\/24\/pgc_simply_gallery\/prinzenpaare\/attachment\/1962\/\"},{\"id\":782,\"title\":\"1961 Prinz Heinrich I. v. Druck (Heinrich Rehn) Ihre Lieblichkeit: Roswitha Grimm\",\"url\":\"https:\/\/www.medine-schopfloch.de\/24\/wp-content\/uploads\/2024\/09\/1961.jpg\",\"link\":\"https:\/\/www.medine-schopfloch.de\/24\/pgc_simply_gallery\/prinzenpaare\/attachment\/1961\/\",\"alt\":\"\",\"description\":\"\",\"caption\":\"\",\"mime\":\"image\/jpeg\",\"type\":\"image\",\"width\":800,\"height\":550,\"sizes\":{\"thumbnail\":{\"height\":150,\"width\":150,\"url\":\"https:\/\/www.medine-schopfloch.de\/24\/wp-content\/uploads\/2024\/09\/1961-150x150.jpg\",\"orientation\":\"landscape\"},\"medium\":{\"height\":206,\"width\":300,\"url\":\"https:\/\/www.medine-schopfloch.de\/24\/wp-content\/uploads\/2024\/09\/1961-300x206.jpg\",\"orientation\":\"landscape\"},\"full\":{\"url\":\"https:\/\/www.medine-schopfloch.de\/24\/wp-content\/uploads\/2024\/09\/1961.jpg\",\"height\":550,\"width\":800,\"orientation\":\"landscape\"}},\"imageMeta\":{\"aperture\":\"0\",\"credit\":\"\",\"camera\":\"\",\"caption\":\"\",\"created_timestamp\":\"0\",\"copyright\":\"\",\"focal_length\":\"0\",\"iso\":\"0\",\"shutter_speed\":\"0\",\"title\":\"\",\"orientation\":\"0\",\"keywords\":[]},\"meta\":false,\"postlink\":\"https:\/\/www.medine-schopfloch.de\/24\/pgc_simply_gallery\/prinzenpaare\/attachment\/1961\/\"},{\"id\":768,\"title\":\"1960 Prinz Rolf I. v. Gurodello (Rolf He\u00dflein) Ihre Lieblichkeit: Christine H\u00e4hnlein\",\"url\":\"https:\/\/www.medine-schopfloch.de\/24\/wp-content\/uploads\/2024\/09\/1960.jpg\",\"link\":\"https:\/\/www.medine-schopfloch.de\/24\/pgc_simply_gallery\/prinzenpaare\/attachment\/1960\/\",\"alt\":\"\",\"description\":\"\",\"caption\":\"\",\"mime\":\"image\/jpeg\",\"type\":\"image\",\"width\":800,\"height\":550,\"sizes\":{\"thumbnail\":{\"height\":150,\"width\":150,\"url\":\"https:\/\/www.medine-schopfloch.de\/24\/wp-content\/uploads\/2024\/09\/1960-150x150.jpg\",\"orientation\":\"landscape\"},\"medium\":{\"height\":206,\"width\":300,\"url\":\"https:\/\/www.medine-schopfloch.de\/24\/wp-content\/uploads\/2024\/09\/1960-300x206.jpg\",\"orientation\":\"landscape\"},\"full\":{\"url\":\"https:\/\/www.medine-schopfloch.de\/24\/wp-content\/uploads\/2024\/09\/1960.jpg\",\"height\":550,\"width\":800,\"orientation\":\"landscape\"}},\"imageMeta\":{\"aperture\":\"0\",\"credit\":\"\",\"camera\":\"\",\"caption\":\"\",\"created_timestamp\":\"0\",\"copyright\":\"\",\"focal_length\":\"0\",\"iso\":\"0\",\"shutter_speed\":\"0\",\"title\":\"\",\"orientation\":\"0\",\"keywords\":[]},\"meta\":false,\"postlink\":\"https:\/\/www.medine-schopfloch.de\/24\/pgc_simply_gallery\/prinzenpaare\/attachment\/1960\/\"},{\"id\":771,\"title\":\"1959 Prinz Erwin I. der Grimmige (Erwin Grimm) Ihre Lieblichkeit: Gislinde Spei\u00dfer\",\"url\":\"https:\/\/www.medine-schopfloch.de\/24\/wp-content\/uploads\/2024\/09\/1959.jpg\",\"link\":\"https:\/\/www.medine-schopfloch.de\/24\/pgc_simply_gallery\/prinzenpaare\/attachment\/1959\/\",\"alt\":\"\",\"description\":\"\",\"caption\":\"\",\"mime\":\"image\/jpeg\",\"type\":\"image\",\"width\":800,\"height\":550,\"sizes\":{\"thumbnail\":{\"height\":150,\"width\":150,\"url\":\"https:\/\/www.medine-schopfloch.de\/24\/wp-content\/uploads\/2024\/09\/1959-150x150.jpg\",\"orientation\":\"landscape\"},\"medium\":{\"height\":206,\"width\":300,\"url\":\"https:\/\/www.medine-schopfloch.de\/24\/wp-content\/uploads\/2024\/09\/1959-300x206.jpg\",\"orientation\":\"landscape\"},\"full\":{\"url\":\"https:\/\/www.medine-schopfloch.de\/24\/wp-content\/uploads\/2024\/09\/1959.jpg\",\"height\":550,\"width\":800,\"orientation\":\"landscape\"}},\"imageMeta\":{\"aperture\":\"0\",\"credit\":\"\",\"camera\":\"\",\"caption\":\"\",\"created_timestamp\":\"0\",\"copyright\":\"\",\"focal_length\":\"0\",\"iso\":\"0\",\"shutter_speed\":\"0\",\"title\":\"\",\"orientation\":\"0\",\"keywords\":[]},\"meta\":false,\"postlink\":\"https:\/\/www.medine-schopfloch.de\/24\/pgc_simply_gallery\/prinzenpaare\/attachment\/1959\/\"},{\"id\":770,\"title\":\"1958 Prinz Erich I. von der Steinzeit (Erich Holzknecht) Ihre Lieblichkeit: Else M\u00fcller\",\"url\":\"https:\/\/www.medine-schopfloch.de\/24\/wp-content\/uploads\/2024\/09\/1958.jpg\",\"link\":\"https:\/\/www.medine-schopfloch.de\/24\/pgc_simply_gallery\/prinzenpaare\/attachment\/1958\/\",\"alt\":\"\",\"description\":\"\",\"caption\":\"\",\"mime\":\"image\/jpeg\",\"type\":\"image\",\"width\":800,\"height\":550,\"sizes\":{\"thumbnail\":{\"height\":150,\"width\":150,\"url\":\"https:\/\/www.medine-schopfloch.de\/24\/wp-content\/uploads\/2024\/09\/1958-150x150.jpg\",\"orientation\":\"landscape\"},\"medium\":{\"height\":206,\"width\":300,\"url\":\"https:\/\/www.medine-schopfloch.de\/24\/wp-content\/uploads\/2024\/09\/1958-300x206.jpg\",\"orientation\":\"landscape\"},\"full\":{\"url\":\"https:\/\/www.medine-schopfloch.de\/24\/wp-content\/uploads\/2024\/09\/1958.jpg\",\"height\":550,\"width\":800,\"orientation\":\"landscape\"}},\"imageMeta\":{\"aperture\":\"0\",\"credit\":\"\",\"camera\":\"\",\"caption\":\"\",\"created_timestamp\":\"0\",\"copyright\":\"\",\"focal_length\":\"0\",\"iso\":\"0\",\"shutter_speed\":\"0\",\"title\":\"\",\"orientation\":\"0\",\"keywords\":[]},\"meta\":false,\"postlink\":\"https:\/\/www.medine-schopfloch.de\/24\/pgc_simply_gallery\/prinzenpaare\/attachment\/1958\/\"},{\"id\":766,\"title\":\"1957 Prinz Ewald I. von der Kelle (Ewald Grimm) Ihre Lieblichkeit: Elsbeth Grimm\",\"url\":\"https:\/\/www.medine-schopfloch.de\/24\/wp-content\/uploads\/2024\/09\/1957.jpg\",\"link\":\"https:\/\/www.medine-schopfloch.de\/24\/pgc_simply_gallery\/prinzenpaare\/attachment\/1957\/\",\"alt\":\"\",\"description\":\"\",\"caption\":\"\",\"mime\":\"image\/jpeg\",\"type\":\"image\",\"width\":800,\"height\":550,\"sizes\":{\"thumbnail\":{\"height\":150,\"width\":150,\"url\":\"https:\/\/www.medine-schopfloch.de\/24\/wp-content\/uploads\/2024\/09\/1957-150x150.jpg\",\"orientation\":\"landscape\"},\"medium\":{\"height\":206,\"width\":300,\"url\":\"https:\/\/www.medine-schopfloch.de\/24\/wp-content\/uploads\/2024\/09\/1957-300x206.jpg\",\"orientation\":\"landscape\"},\"full\":{\"url\":\"https:\/\/www.medine-schopfloch.de\/24\/wp-content\/uploads\/2024\/09\/1957.jpg\",\"height\":550,\"width\":800,\"orientation\":\"landscape\"}},\"imageMeta\":{\"aperture\":\"0\",\"credit\":\"\",\"camera\":\"\",\"caption\":\"\",\"created_timestamp\":\"0\",\"copyright\":\"\",\"focal_length\":\"0\",\"iso\":\"0\",\"shutter_speed\":\"0\",\"title\":\"\",\"orientation\":\"0\",\"keywords\":[]},\"meta\":false,\"postlink\":\"https:\/\/www.medine-schopfloch.de\/24\/pgc_simply_gallery\/prinzenpaare\/attachment\/1957\/\"},{\"id\":765,\"title\":\"1956 Prinz Adolf I. von der Lockwell (Adolf Reichhardt) Ihre Lieblichkeit: Gertraud Seybold\",\"url\":\"https:\/\/www.medine-schopfloch.de\/24\/wp-content\/uploads\/2024\/09\/1956.jpg\",\"link\":\"https:\/\/www.medine-schopfloch.de\/24\/pgc_simply_gallery\/prinzenpaare\/attachment\/1956\/\",\"alt\":\"\",\"description\":\"\",\"caption\":\"\",\"mime\":\"image\/jpeg\",\"type\":\"image\",\"width\":800,\"height\":550,\"sizes\":{\"thumbnail\":{\"height\":150,\"width\":150,\"url\":\"https:\/\/www.medine-schopfloch.de\/24\/wp-content\/uploads\/2024\/09\/1956-150x150.jpg\",\"orientation\":\"landscape\"},\"medium\":{\"height\":206,\"width\":300,\"url\":\"https:\/\/www.medine-schopfloch.de\/24\/wp-content\/uploads\/2024\/09\/1956-300x206.jpg\",\"orientation\":\"landscape\"},\"full\":{\"url\":\"https:\/\/www.medine-schopfloch.de\/24\/wp-content\/uploads\/2024\/09\/1956.jpg\",\"height\":550,\"width\":800,\"orientation\":\"landscape\"}},\"imageMeta\":{\"aperture\":\"0\",\"credit\":\"\",\"camera\":\"\",\"caption\":\"\",\"created_timestamp\":\"0\",\"copyright\":\"\",\"focal_length\":\"0\",\"iso\":\"0\",\"shutter_speed\":\"0\",\"title\":\"\",\"orientation\":\"0\",\"keywords\":[]},\"meta\":false,\"postlink\":\"https:\/\/www.medine-schopfloch.de\/24\/pgc_simply_gallery\/prinzenpaare\/attachment\/1956\/\"},{\"id\":762,\"title\":\"1955 Prinz Bruno I. von Architektonien (Bruno Fleischmann) Ihre Lieblichkeit: Helga Metzger\",\"url\":\"https:\/\/www.medine-schopfloch.de\/24\/wp-content\/uploads\/2024\/09\/1955.jpg\",\"link\":\"https:\/\/www.medine-schopfloch.de\/24\/pgc_simply_gallery\/prinzenpaare\/attachment\/1955\/\",\"alt\":\"\",\"description\":\"\",\"caption\":\"\",\"mime\":\"image\/jpeg\",\"type\":\"image\",\"width\":800,\"height\":550,\"sizes\":{\"thumbnail\":{\"height\":150,\"width\":150,\"url\":\"https:\/\/www.medine-schopfloch.de\/24\/wp-content\/uploads\/2024\/09\/1955-150x150.jpg\",\"orientation\":\"landscape\"},\"medium\":{\"height\":206,\"width\":300,\"url\":\"https:\/\/www.medine-schopfloch.de\/24\/wp-content\/uploads\/2024\/09\/1955-300x206.jpg\",\"orientation\":\"landscape\"},\"full\":{\"url\":\"https:\/\/www.medine-schopfloch.de\/24\/wp-content\/uploads\/2024\/09\/1955.jpg\",\"height\":550,\"width\":800,\"orientation\":\"landscape\"}},\"imageMeta\":{\"aperture\":\"0\",\"credit\":\"\",\"camera\":\"\",\"caption\":\"\",\"created_timestamp\":\"0\",\"copyright\":\"\",\"focal_length\":\"0\",\"iso\":\"0\",\"shutter_speed\":\"0\",\"title\":\"\",\"orientation\":\"0\",\"keywords\":[]},\"meta\":false,\"postlink\":\"https:\/\/www.medine-schopfloch.de\/24\/pgc_simply_gallery\/prinzenpaare\/attachment\/1955\/\"},{\"id\":761,\"title\":\"1954 Prinz Hans II. von der Rollway (Hans Edenharter) Ihre Lieblichkeit: Irene Grimm\",\"url\":\"https:\/\/www.medine-schopfloch.de\/24\/wp-content\/uploads\/2024\/09\/1954.jpg\",\"link\":\"https:\/\/www.medine-schopfloch.de\/24\/pgc_simply_gallery\/prinzenpaare\/attachment\/1954\/\",\"alt\":\"\",\"description\":\"\",\"caption\":\"\",\"mime\":\"image\/jpeg\",\"type\":\"image\",\"width\":800,\"height\":550,\"sizes\":{\"thumbnail\":{\"height\":150,\"width\":150,\"url\":\"https:\/\/www.medine-schopfloch.de\/24\/wp-content\/uploads\/2024\/09\/1954-150x150.jpg\",\"orientation\":\"landscape\"},\"medium\":{\"height\":206,\"width\":300,\"url\":\"https:\/\/www.medine-schopfloch.de\/24\/wp-content\/uploads\/2024\/09\/1954-300x206.jpg\",\"orientation\":\"landscape\"},\"full\":{\"url\":\"https:\/\/www.medine-schopfloch.de\/24\/wp-content\/uploads\/2024\/09\/1954.jpg\",\"height\":550,\"width\":800,\"orientation\":\"landscape\"}},\"imageMeta\":{\"aperture\":\"0\",\"credit\":\"\",\"camera\":\"\",\"caption\":\"\",\"created_timestamp\":\"0\",\"copyright\":\"\",\"focal_length\":\"0\",\"iso\":\"0\",\"shutter_speed\":\"0\",\"title\":\"\",\"orientation\":\"0\",\"keywords\":[]},\"meta\":false,\"postlink\":\"https:\/\/www.medine-schopfloch.de\/24\/pgc_simply_gallery\/prinzenpaare\/attachment\/1954\/\"},{\"id\":758,\"title\":\"1953 Prinz Fritz III. (Fritz Grimm) Ihre Lieblichkeit: Gudrun Grimm\",\"url\":\"https:\/\/www.medine-schopfloch.de\/24\/wp-content\/uploads\/2024\/09\/1953.jpg\",\"link\":\"https:\/\/www.medine-schopfloch.de\/24\/pgc_simply_gallery\/prinzenpaare\/attachment\/1953\/\",\"alt\":\"\",\"description\":\"\",\"caption\":\"\",\"mime\":\"image\/jpeg\",\"type\":\"image\",\"width\":800,\"height\":550,\"sizes\":{\"thumbnail\":{\"height\":150,\"width\":150,\"url\":\"https:\/\/www.medine-schopfloch.de\/24\/wp-content\/uploads\/2024\/09\/1953-150x150.jpg\",\"orientation\":\"landscape\"},\"medium\":{\"height\":206,\"width\":300,\"url\":\"https:\/\/www.medine-schopfloch.de\/24\/wp-content\/uploads\/2024\/09\/1953-300x206.jpg\",\"orientation\":\"landscape\"},\"full\":{\"url\":\"https:\/\/www.medine-schopfloch.de\/24\/wp-content\/uploads\/2024\/09\/1953.jpg\",\"height\":550,\"width\":800,\"orientation\":\"landscape\"}},\"imageMeta\":{\"aperture\":\"0\",\"credit\":\"\",\"camera\":\"\",\"caption\":\"\",\"created_timestamp\":\"0\",\"copyright\":\"\",\"focal_length\":\"0\",\"iso\":\"0\",\"shutter_speed\":\"0\",\"title\":\"\",\"orientation\":\"0\",\"keywords\":[]},\"meta\":false,\"postlink\":\"https:\/\/www.medine-schopfloch.de\/24\/pgc_simply_gallery\/prinzenpaare\/attachment\/1953\/\"},{\"id\":757,\"title\":\"1952 Prinz Fritz II. (Fritz Grimm) Ihre Lieblichkeit: Wilma W\u00fcstner\",\"url\":\"https:\/\/www.medine-schopfloch.de\/24\/wp-content\/uploads\/2024\/09\/1952.jpg\",\"link\":\"https:\/\/www.medine-schopfloch.de\/24\/pgc_simply_gallery\/prinzenpaare\/attachment\/1952\/\",\"alt\":\"\",\"description\":\"\",\"caption\":\"\",\"mime\":\"image\/jpeg\",\"type\":\"image\",\"width\":800,\"height\":550,\"sizes\":{\"thumbnail\":{\"height\":150,\"width\":150,\"url\":\"https:\/\/www.medine-schopfloch.de\/24\/wp-content\/uploads\/2024\/09\/1952-150x150.jpg\",\"orientation\":\"landscape\"},\"medium\":{\"height\":206,\"width\":300,\"url\":\"https:\/\/www.medine-schopfloch.de\/24\/wp-content\/uploads\/2024\/09\/1952-300x206.jpg\",\"orientation\":\"landscape\"},\"full\":{\"url\":\"https:\/\/www.medine-schopfloch.de\/24\/wp-content\/uploads\/2024\/09\/1952.jpg\",\"height\":550,\"width\":800,\"orientation\":\"landscape\"}},\"imageMeta\":{\"aperture\":\"0\",\"credit\":\"\",\"camera\":\"\",\"caption\":\"\",\"created_timestamp\":\"0\",\"copyright\":\"\",\"focal_length\":\"0\",\"iso\":\"0\",\"shutter_speed\":\"0\",\"title\":\"\",\"orientation\":\"0\",\"keywords\":[]},\"meta\":false,\"postlink\":\"https:\/\/www.medine-schopfloch.de\/24\/pgc_simply_gallery\/prinzenpaare\/attachment\/1952\/\"},{\"id\":756,\"title\":\"1951 Prinz Fritzle I. (Fritz Grimm) Ihre Lieblichkeit: Lina Ehrmann\",\"url\":\"https:\/\/www.medine-schopfloch.de\/24\/wp-content\/uploads\/2024\/09\/1951.jpg\",\"link\":\"https:\/\/www.medine-schopfloch.de\/24\/pgc_simply_gallery\/prinzenpaare\/attachment\/1951\/\",\"alt\":\"\",\"description\":\"\",\"caption\":\"\",\"mime\":\"image\/jpeg\",\"type\":\"image\",\"width\":800,\"height\":550,\"sizes\":{\"thumbnail\":{\"height\":150,\"width\":150,\"url\":\"https:\/\/www.medine-schopfloch.de\/24\/wp-content\/uploads\/2024\/09\/1951-150x150.jpg\",\"orientation\":\"landscape\"},\"medium\":{\"height\":206,\"width\":300,\"url\":\"https:\/\/www.medine-schopfloch.de\/24\/wp-content\/uploads\/2024\/09\/1951-300x206.jpg\",\"orientation\":\"landscape\"},\"full\":{\"url\":\"https:\/\/www.medine-schopfloch.de\/24\/wp-content\/uploads\/2024\/09\/1951.jpg\",\"height\":550,\"width\":800,\"orientation\":\"landscape\"}},\"imageMeta\":{\"aperture\":\"0\",\"credit\":\"\",\"camera\":\"\",\"caption\":\"\",\"created_timestamp\":\"0\",\"copyright\":\"\",\"focal_length\":\"0\",\"iso\":\"0\",\"shutter_speed\":\"0\",\"title\":\"\",\"orientation\":\"0\",\"keywords\":[]},\"meta\":false,\"postlink\":\"https:\/\/www.medine-schopfloch.de\/24\/pgc_simply_gallery\/prinzenpaare\/attachment\/1951\/\"},{\"id\":755,\"title\":\"1950 Prinz Hans I. (Hans Treu) Ihre Lieblichkeit: Herta H\u00e4hnlein\",\"url\":\"https:\/\/www.medine-schopfloch.de\/24\/wp-content\/uploads\/2024\/09\/1950.jpg\",\"link\":\"https:\/\/www.medine-schopfloch.de\/24\/pgc_simply_gallery\/prinzenpaare\/attachment\/1950\/\",\"alt\":\"\",\"description\":\"\",\"caption\":\"\",\"mime\":\"image\/jpeg\",\"type\":\"image\",\"width\":800,\"height\":550,\"sizes\":{\"thumbnail\":{\"height\":150,\"width\":150,\"url\":\"https:\/\/www.medine-schopfloch.de\/24\/wp-content\/uploads\/2024\/09\/1950-150x150.jpg\",\"orientation\":\"landscape\"},\"medium\":{\"height\":206,\"width\":300,\"url\":\"https:\/\/www.medine-schopfloch.de\/24\/wp-content\/uploads\/2024\/09\/1950-300x206.jpg\",\"orientation\":\"landscape\"},\"full\":{\"url\":\"https:\/\/www.medine-schopfloch.de\/24\/wp-content\/uploads\/2024\/09\/1950.jpg\",\"height\":550,\"width\":800,\"orientation\":\"landscape\"}},\"imageMeta\":{\"aperture\":\"0\",\"credit\":\"\",\"camera\":\"\",\"caption\":\"\",\"created_timestamp\":\"0\",\"copyright\":\"\",\"focal_length\":\"0\",\"iso\":\"0\",\"shutter_speed\":\"0\",\"title\":\"\",\"orientation\":\"0\",\"keywords\":[]},\"meta\":false,\"postlink\":\"https:\/\/www.medine-schopfloch.de\/24\/pgc_simply_gallery\/prinzenpaare\/attachment\/1950\/\"},{\"id\":754,\"title\":\"1949 Prinz Karl I. (Karl Grimm)\",\"url\":\"https:\/\/www.medine-schopfloch.de\/24\/wp-content\/uploads\/2024\/09\/1949.jpg\",\"link\":\"https:\/\/www.medine-schopfloch.de\/24\/pgc_simply_gallery\/prinzenpaare\/attachment\/1949\/\",\"alt\":\"\",\"description\":\"\",\"caption\":\"\",\"mime\":\"image\/jpeg\",\"type\":\"image\",\"width\":800,\"height\":550,\"sizes\":{\"thumbnail\":{\"height\":150,\"width\":150,\"url\":\"https:\/\/www.medine-schopfloch.de\/24\/wp-content\/uploads\/2024\/09\/1949-150x150.jpg\",\"orientation\":\"landscape\"},\"medium\":{\"height\":206,\"width\":300,\"url\":\"https:\/\/www.medine-schopfloch.de\/24\/wp-content\/uploads\/2024\/09\/1949-300x206.jpg\",\"orientation\":\"landscape\"},\"full\":{\"url\":\"https:\/\/www.medine-schopfloch.de\/24\/wp-content\/uploads\/2024\/09\/1949.jpg\",\"height\":550,\"width\":800,\"orientation\":\"landscape\"}},\"imageMeta\":{\"aperture\":\"0\",\"credit\":\"\",\"camera\":\"\",\"caption\":\"\",\"created_timestamp\":\"0\",\"copyright\":\"\",\"focal_length\":\"0\",\"iso\":\"0\",\"shutter_speed\":\"0\",\"title\":\"\",\"orientation\":\"0\",\"keywords\":[]},\"meta\":false,\"postlink\":\"https:\/\/www.medine-schopfloch.de\/24\/pgc_simply_gallery\/prinzenpaare\/attachment\/1949\/\"}],\"sliderRatio\":0.8,\"itemsMetaDataCollection\":[]}<\/script><script>(function(){if(window.PGC_SGB && window.PGC_SGB.searcher){window.PGC_SGB.searcher.initBlocks()}})()<\/script><\/div>","protected":false},"featured_media":756,"comment_status":"closed","ping_status":"closed","template":"","pgc_simply_category":[19],"class_list":["post-753","pgc_simply_gallery","type-pgc_simply_gallery","status-publish","has-post-thumbnail","hentry","pgc_simply_category-wgalerie"],"_links":{"self":[{"href":"https:\/\/www.medine-schopfloch.de\/24\/wp-json\/wp\/v2\/pgc_simply_gallery\/753","targetHints":{"allow":["GET"]}}],"collection":[{"href":"https:\/\/www.medine-schopfloch.de\/24\/wp-json\/wp\/v2\/pgc_simply_gallery"}],"about":[{"href":"https:\/\/www.medine-schopfloch.de\/24\/wp-json\/wp\/v2\/types\/pgc_simply_gallery"}],"replies":[{"embeddable":true,"href":"https:\/\/www.medine-schopfloch.de\/24\/wp-json\/wp\/v2\/comments?post=753"}],"wp:featuredmedia":[{"embeddable":true,"href":"https:\/\/www.medine-schopfloch.de\/24\/wp-json\/wp\/v2\/media\/756"}],"wp:attachment":[{"href":"https:\/\/www.medine-schopfloch.de\/24\/wp-json\/wp\/v2\/media?parent=753"}],"wp:term":[{"taxonomy":"pgc_simply_category","embeddable":true,"href":"https:\/\/www.medine-schopfloch.de\/24\/wp-json\/wp\/v2\/pgc_simply_category?post=753"}],"curies":[{"name":"wp","href":"https:\/\/api.w.org\/{rel}","templated":true}]}}