{"id":101,"date":"2024-05-16T22:06:12","date_gmt":"2024-05-16T20:06:12","guid":{"rendered":"https:\/\/www.medine-schopfloch.de\/24\/?page_id=101"},"modified":"2024-09-25T00:50:26","modified_gmt":"2024-09-24T22:50:26","slug":"startseite","status":"publish","type":"page","link":"https:\/\/www.medine-schopfloch.de\/24\/","title":{"rendered":"Startseite"},"content":{"rendered":"\n<div class=\"wp-block-columns alignwide is-layout-flex wp-container-core-columns-is-layout-829b1d53 wp-block-columns-is-layout-flex\" style=\"margin-bottom:0\">\n<div class=\"wp-block-column has-text-color has-background has-link-color wp-elements-cdcd45a82b4a71923e28725eba313140 is-layout-flow wp-block-column-is-layout-flow\" style=\"color:#000000;background-color:#ffcf27;padding-top:2em;padding-right:2em;padding-bottom:2em;padding-left:2em\">\n<h2 class=\"wp-block-heading has-text-color has-link-color wp-elements-143577f0dd82ffd074326128a28049d0\" id=\"aktuelles\" style=\"color:#2c5aa0;font-size:40px\"><strong>Aktuelles<\/strong><\/h2>\n\n\n\n<hr class=\"wp-block-separator has-text-color has-css-opacity has-background is-style-wide\" style=\"background-color:#000000;color:#000000\"\/>\n\n\n\n<div class=\"wp-block-query is-layout-flow wp-block-query-is-layout-flow\"><ul class=\"wp-block-post-template is-layout-flow wp-block-post-template-is-layout-flow\"><li class=\"wp-block-post post-1571 post type-post status-publish format-standard has-post-thumbnail hentry category-allgemein\">\n<h2 class=\"wp-block-post-title\"><a href=\"https:\/\/www.medine-schopfloch.de\/24\/sitzungstermine-der-medine-2026\/\" target=\"_self\" >Sitzungstermine der Medine 2026<\/a><\/h2>\n\n<figure class=\"alignwide wp-block-post-featured-image\"><a href=\"https:\/\/www.medine-schopfloch.de\/24\/sitzungstermine-der-medine-2026\/\" target=\"_self\"  ><img loading=\"lazy\" decoding=\"async\" width=\"2560\" height=\"1726\" src=\"https:\/\/www.medine-schopfloch.de\/24\/wp-content\/uploads\/2025\/10\/561A3841_DxO-scaled.jpg\" class=\"attachment-post-thumbnail size-post-thumbnail wp-post-image\" alt=\"Sitzungstermine der Medine 2026\" style=\"object-fit:cover;\" srcset=\"https:\/\/www.medine-schopfloch.de\/24\/wp-content\/uploads\/2025\/10\/561A3841_DxO-scaled.jpg 2560w, https:\/\/www.medine-schopfloch.de\/24\/wp-content\/uploads\/2025\/10\/561A3841_DxO-300x202.jpg 300w, https:\/\/www.medine-schopfloch.de\/24\/wp-content\/uploads\/2025\/10\/561A3841_DxO-1024x690.jpg 1024w, https:\/\/www.medine-schopfloch.de\/24\/wp-content\/uploads\/2025\/10\/561A3841_DxO-768x518.jpg 768w, https:\/\/www.medine-schopfloch.de\/24\/wp-content\/uploads\/2025\/10\/561A3841_DxO-1536x1035.jpg 1536w, https:\/\/www.medine-schopfloch.de\/24\/wp-content\/uploads\/2025\/10\/561A3841_DxO-2048x1381.jpg 2048w, https:\/\/www.medine-schopfloch.de\/24\/wp-content\/uploads\/2025\/10\/561A3841_DxO-600x404.jpg 600w\" sizes=\"auto, (max-width: 2560px) 100vw, 2560px\" \/><\/a><\/figure>\n\n<div class=\"wp-block-post-excerpt\"><p class=\"wp-block-post-excerpt__excerpt\">Langsam n\u00e4hern wir uns wieder der f\u00fcnften Jahreszeit und in Schopfloch sind die Vorbereitungen auf die n\u00e4rrische Session voll im Gange.Nachdem sich_(&#8230;) <\/p><\/div>\n\n\n<hr class=\"wp-block-separator has-css-opacity\"\/>\n\n\n<div class=\"wp-block-post-date\"><time datetime=\"2025-10-26T16:53:18+01:00\">26. Oktober 2025<\/time><\/div>\n<\/li><li class=\"wp-block-post post-956 post type-post status-publish format-standard has-post-thumbnail hentry category-allgemein\">\n<h2 class=\"wp-block-post-title\"><a href=\"https:\/\/www.medine-schopfloch.de\/24\/defibrillator-am-sportplatz-und-in-der-tsv-turnhalle\/\" target=\"_self\" >Defibrillator am Sportplatz und in der TSV Turnhalle<\/a><\/h2>\n\n<figure class=\"alignwide wp-block-post-featured-image\"><a href=\"https:\/\/www.medine-schopfloch.de\/24\/defibrillator-am-sportplatz-und-in-der-tsv-turnhalle\/\" target=\"_self\"  ><img loading=\"lazy\" decoding=\"async\" width=\"2560\" height=\"1706\" src=\"https:\/\/www.medine-schopfloch.de\/24\/wp-content\/uploads\/2024\/09\/6J8A7157-scaled.jpg\" class=\"attachment-post-thumbnail size-post-thumbnail wp-post-image\" alt=\"Defibrillator am Sportplatz und in der TSV Turnhalle\" style=\"object-fit:cover;\" srcset=\"https:\/\/www.medine-schopfloch.de\/24\/wp-content\/uploads\/2024\/09\/6J8A7157-scaled.jpg 2560w, https:\/\/www.medine-schopfloch.de\/24\/wp-content\/uploads\/2024\/09\/6J8A7157-300x200.jpg 300w, https:\/\/www.medine-schopfloch.de\/24\/wp-content\/uploads\/2024\/09\/6J8A7157-1024x683.jpg 1024w, https:\/\/www.medine-schopfloch.de\/24\/wp-content\/uploads\/2024\/09\/6J8A7157-768x512.jpg 768w, https:\/\/www.medine-schopfloch.de\/24\/wp-content\/uploads\/2024\/09\/6J8A7157-1536x1024.jpg 1536w, https:\/\/www.medine-schopfloch.de\/24\/wp-content\/uploads\/2024\/09\/6J8A7157-2048x1365.jpg 2048w, https:\/\/www.medine-schopfloch.de\/24\/wp-content\/uploads\/2024\/09\/6J8A7157-600x400.jpg 600w\" sizes=\"auto, (max-width: 2560px) 100vw, 2560px\" \/><\/a><\/figure>\n\n<div class=\"wp-block-post-excerpt\"><p class=\"wp-block-post-excerpt__excerpt\">Die F.G. Medine und er TSV Schopfloch haben zusammen einen Defibrillator angeschafft, der \u00fcber die Sommermonate am TSV Vereinsheim an der B25_(&#8230;) <\/p><\/div>\n\n\n<hr class=\"wp-block-separator has-css-opacity\"\/>\n\n\n<div class=\"wp-block-post-date\"><time datetime=\"2024-09-17T20:00:00+02:00\">17. September 2024<\/time><\/div>\n<\/li><li class=\"wp-block-post post-187 post type-post status-publish format-standard has-post-thumbnail hentry category-allgemein\">\n<h2 class=\"wp-block-post-title\"><a href=\"https:\/\/www.medine-schopfloch.de\/24\/heimatpreis-bayern-2022\/\" target=\"_self\" >Heimatpreis Bayern 2022<\/a><\/h2>\n\n<figure class=\"alignwide wp-block-post-featured-image\"><a href=\"https:\/\/www.medine-schopfloch.de\/24\/heimatpreis-bayern-2022\/\" target=\"_self\"  ><img loading=\"lazy\" decoding=\"async\" width=\"1140\" height=\"475\" src=\"https:\/\/www.medine-schopfloch.de\/24\/wp-content\/uploads\/2024\/05\/Heimatpreis_22_.jpg\" class=\"attachment-post-thumbnail size-post-thumbnail wp-post-image\" alt=\"Heimatpreis Bayern 2022\" style=\"object-fit:cover;\" srcset=\"https:\/\/www.medine-schopfloch.de\/24\/wp-content\/uploads\/2024\/05\/Heimatpreis_22_.jpg 1140w, https:\/\/www.medine-schopfloch.de\/24\/wp-content\/uploads\/2024\/05\/Heimatpreis_22_-600x250.jpg 600w, https:\/\/www.medine-schopfloch.de\/24\/wp-content\/uploads\/2024\/05\/Heimatpreis_22_-300x125.jpg 300w, https:\/\/www.medine-schopfloch.de\/24\/wp-content\/uploads\/2024\/05\/Heimatpreis_22_-1024x427.jpg 1024w, https:\/\/www.medine-schopfloch.de\/24\/wp-content\/uploads\/2024\/05\/Heimatpreis_22_-768x320.jpg 768w\" sizes=\"auto, (max-width: 1140px) 100vw, 1140px\" \/><\/a><\/figure>\n\n<div class=\"wp-block-post-excerpt\"><p class=\"wp-block-post-excerpt__excerpt\">Am 02.06.2022 wurde die F.G. Medine mit dem Heimatpreis Bayern ausgezeichnet. Aus den H\u00e4nden von Finanz- und Heimatminister Albert F\u00fcracker nahm eine_(&#8230;) <\/p><\/div>\n\n\n<hr class=\"wp-block-separator has-css-opacity\"\/>\n\n\n<div class=\"wp-block-post-date\"><time datetime=\"2022-06-09T01:44:19+02:00\">9. Juni 2022<\/time><\/div>\n<\/li><\/ul><\/div>\n<\/div>\n\n\n\n<div class=\"wp-block-column has-text-color has-background has-link-color wp-elements-f628a209f775e27e0e673670e2363a8a is-layout-flow wp-block-column-is-layout-flow\" style=\"color:#000000;background-color:#ffe15b;padding-top:2em;padding-right:2em;padding-bottom:2em;padding-left:2em\">\n<h2 class=\"wp-block-heading has-text-color has-link-color wp-elements-71bc6757046feef81cbc8a9677428cd0\" id=\"family\" style=\"color:#9b2b18;font-size:40px\"><strong>Termine<\/strong><\/h2>\n\n\n\n<hr class=\"wp-block-separator has-css-opacity is-style-wide\"\/>\n\n\n\n<div  class=\"tribe-compatibility-container\" >\n\t<div\n\t\t class=\"tribe-common tribe-events tribe-events-view tribe-events-view--widget-events-list tribe-events-widget\" \t\tdata-js=\"tribe-events-view\"\n\t\tdata-view-rest-url=\"https:\/\/www.medine-schopfloch.de\/24\/wp-json\/tribe\/views\/v2\/html\"\n\t\tdata-view-manage-url=\"1\"\n\t\t\t\t\t\t\tdata-view-breakpoint-pointer=\"dec16a33-de6d-49af-a4eb-2a3907616224\"\n\t\t\t>\n\t\t<div class=\"tribe-events-widget-events-list\">\n\n\t\t\t\n\t\t\t<script data-js=\"tribe-events-view-data\" type=\"application\/json\">\n\t{\"slug\":\"widget-events-list\",\"prev_url\":\"\",\"next_url\":\"\",\"view_class\":\"Tribe\\\\Events\\\\Views\\\\V2\\\\Views\\\\Widgets\\\\Widget_List_View\",\"view_slug\":\"widget-events-list\",\"view_label\":\"View\",\"view\":null,\"should_manage_url\":true,\"id\":null,\"alias-slugs\":null,\"title\":\"Anstehende Veranstaltungen \\u2013 F.G. Medine Schopfloch\",\"limit\":\"5\",\"no_upcoming_events\":false,\"featured_events_only\":false,\"jsonld_enable\":true,\"tribe_is_list_widget\":false,\"admin_fields\":{\"title\":{\"label\":\"Titel:\",\"type\":\"text\",\"parent_classes\":\"\",\"classes\":\"\",\"dependency\":\"\",\"id\":\"widget-tribe-widget-events-list--1-title\",\"name\":\"widget-tribe-widget-events-list[-1][title]\",\"options\":[],\"placeholder\":\"\",\"value\":null},\"limit\":{\"label\":\"Anzeige:\",\"type\":\"number\",\"default\":5,\"min\":1,\"max\":10,\"step\":1,\"parent_classes\":\"\",\"classes\":\"\",\"dependency\":\"\",\"id\":\"widget-tribe-widget-events-list--1-limit\",\"name\":\"widget-tribe-widget-events-list[-1][limit]\",\"options\":[],\"placeholder\":\"\",\"value\":null},\"no_upcoming_events\":{\"label\":\"Blende dieses Widget aus, wenn es keine bevorstehenden Veranstaltungen gibt.\",\"type\":\"checkbox\",\"parent_classes\":\"\",\"classes\":\"\",\"dependency\":\"\",\"id\":\"widget-tribe-widget-events-list--1-no_upcoming_events\",\"name\":\"widget-tribe-widget-events-list[-1][no_upcoming_events]\",\"options\":[],\"placeholder\":\"\",\"value\":null},\"featured_events_only\":{\"label\":\"Nur auf hervorgehobene Veranstaltungen beschr\\u00e4nken\",\"type\":\"checkbox\",\"parent_classes\":\"\",\"classes\":\"\",\"dependency\":\"\",\"id\":\"widget-tribe-widget-events-list--1-featured_events_only\",\"name\":\"widget-tribe-widget-events-list[-1][featured_events_only]\",\"options\":[],\"placeholder\":\"\",\"value\":null},\"jsonld_enable\":{\"label\":\"JSON-LD-Daten generieren\",\"type\":\"checkbox\",\"parent_classes\":\"\",\"classes\":\"\",\"dependency\":\"\",\"id\":\"widget-tribe-widget-events-list--1-jsonld_enable\",\"name\":\"widget-tribe-widget-events-list[-1][jsonld_enable]\",\"options\":[],\"placeholder\":\"\",\"value\":null}},\"events\":[],\"url\":\"https:\\\/\\\/www.medine-schopfloch.de\\\/24\\\/?post_type=tribe_events&eventDisplay=widget-events-list\",\"url_event_date\":false,\"bar\":{\"keyword\":\"\",\"date\":\"\"},\"today\":\"2026-04-28 00:00:00\",\"now\":\"2026-04-28 05:55:08\",\"home_url\":\"https:\\\/\\\/www.medine-schopfloch.de\\\/24\",\"rest_url\":\"https:\\\/\\\/www.medine-schopfloch.de\\\/24\\\/wp-json\\\/tribe\\\/views\\\/v2\\\/html\",\"rest_method\":\"GET\",\"rest_nonce\":\"\",\"today_url\":\"https:\\\/\\\/www.medine-schopfloch.de\\\/24\\\/?post_type=tribe_events&eventDisplay=widget-events-list&rest_route=%2Fwp%2Fv2%2Fpages%2F101\",\"today_title\":\"Klicke, um das heutige Datum auszuw\\u00e4hlen\",\"today_label\":\"Heute\",\"prev_label\":\"\",\"next_label\":\"\",\"date_formats\":{\"compact\":\"d.m.Y\",\"month_and_year_compact\":\"m.Y\",\"month_and_year\":\"F Y\",\"time_range_separator\":\" - \",\"date_time_separator\":\" @ \"},\"messages\":{\"notice\":[\"Es sind keine anstehenden Veranstaltungen vorhanden.\"]},\"start_of_week\":\"1\",\"header_title\":\"\",\"header_title_element\":\"h1\",\"content_title\":\"\",\"breadcrumbs\":[],\"backlink\":false,\"before_events\":\"\",\"after_events\":\"\\n<!--\\nThis calendar is powered by The Events Calendar.\\nhttp:\\\/\\\/evnt.is\\\/18wn\\n-->\\n\",\"display_events_bar\":false,\"disable_event_search\":false,\"live_refresh\":true,\"ical\":{\"display_link\":true,\"link\":{\"url\":\"https:\\\/\\\/www.medine-schopfloch.de\\\/24\\\/?post_type=tribe_events&#038;eventDisplay=widget-events-list&#038;ical=1\",\"text\":\"Veranstaltungen als iCal exportieren\",\"title\":\"Diese Funktion verwenden, um Kalenderdaten mit Google Kalender, Apple iCal und kompatiblen Apps zu teilen\"}},\"container_classes\":[\"tribe-common\",\"tribe-events\",\"tribe-events-view\",\"tribe-events-view--widget-events-list\",\"tribe-events-widget\"],\"container_data\":[],\"is_past\":false,\"breakpoints\":{\"xsmall\":500,\"medium\":768,\"full\":960},\"breakpoint_pointer\":\"dec16a33-de6d-49af-a4eb-2a3907616224\",\"is_initial_load\":false,\"public_views\":{\"list\":{\"view_class\":\"Tribe\\\\Events\\\\Views\\\\V2\\\\Views\\\\List_View\",\"view_url\":\"https:\\\/\\\/www.medine-schopfloch.de\\\/24\\\/termine\\\/liste\\\/\",\"view_label\":\"Liste\",\"aria_label\":\"Zeige Veranstaltungen in der Liste Ansicht\"},\"month\":{\"view_class\":\"Tribe\\\\Events\\\\Views\\\\V2\\\\Views\\\\Month_View\",\"view_url\":\"https:\\\/\\\/www.medine-schopfloch.de\\\/24\\\/termine\\\/monat\\\/\",\"view_label\":\"Monat\",\"aria_label\":\"Zeige Veranstaltungen in der Monat Ansicht\"}},\"show_latest_past\":false,\"past\":false,\"compatibility_classes\":[\"tribe-compatibility-container\"],\"view_more_text\":\"Kalender anzeigen\",\"view_more_title\":\"Weitere Veranstaltungen anzeigen.\",\"view_more_link\":\"https:\\\/\\\/www.medine-schopfloch.de\\\/24\\\/termine\\\/\",\"widget_title\":\"Anstehende Veranstaltungen\",\"hide_if_no_upcoming_events\":false,\"display\":[],\"subscribe_links\":{\"gcal\":{\"label\":\"Google Kalender\",\"single_label\":\"Zu Google Kalender hinzuf\\u00fcgen\",\"visible\":true,\"block_slug\":\"hasGoogleCalendar\"},\"ical\":{\"label\":\"iCalendar\",\"single_label\":\"Zu iCalendar hinzuf\\u00fcgen\",\"visible\":true,\"block_slug\":\"hasiCal\"},\"outlook-365\":{\"label\":\"Outlook 365\",\"single_label\":\"Outlook 365\",\"visible\":true,\"block_slug\":\"hasOutlook365\"},\"outlook-live\":{\"label\":\"Outlook Live\",\"single_label\":\"Outlook Live\",\"visible\":true,\"block_slug\":\"hasOutlookLive\"},\"ics\":{\"label\":\".ics-Datei exportieren\",\"single_label\":\".ics-Datei exportieren\",\"visible\":true,\"block_slug\":null},\"outlook-ics\":{\"label\":\"Exportiere Outlook .ics Datei\",\"single_label\":\"Exportiere Outlook .ics Datei\",\"visible\":true,\"block_slug\":null}},\"_context\":{\"slug\":\"widget-events-list\"}}<\/script>\n\n\t\t\t\t\t\t\t<header class=\"tribe-events-widget-events-list__header\">\n\t\t\t\t\t<h2 class=\"tribe-events-widget-events-list__header-title tribe-common-h6 tribe-common-h--alt\">\n\t\t\t\t\t\tAnstehende Veranstaltungen\t\t\t\t\t<\/h2>\n\t\t\t\t<\/header>\n\t\t\t\n\t\t\t\n\t\t\t\t<div  class=\"tribe-events-header__messages tribe-events-c-messages tribe-common-b2\"  >\n\t\t\t<div class=\"tribe-events-c-messages__message tribe-events-c-messages__message--notice\" tabindex=\"0\" role=\"alert\" aria-live=\"assertive\">\n\t\t\t<svg\n\t class=\"tribe-common-c-svgicon tribe-common-c-svgicon--messages-not-found tribe-events-c-messages__message-icon-svg\" \taria-hidden=\"true\"\n\tviewBox=\"0 0 21 23\"\n\txmlns=\"http:\/\/www.w3.org\/2000\/svg\"\n>\n\t<g fill-rule=\"evenodd\">\n\t\t<path d=\"M.5 2.5h20v20H.5z\"\/>\n\t\t<path stroke-linecap=\"round\" d=\"M7.583 11.583l5.834 5.834m0-5.834l-5.834 5.834\" class=\"tribe-common-c-svgicon__svg-stroke\"\/>\n\t\t<path stroke-linecap=\"round\" d=\"M4.5.5v4m12-4v4\"\/>\n\t\t<path stroke-linecap=\"square\" d=\"M.5 7.5h20\"\/>\n\t<\/g>\n<\/svg>\n<span class=\"tribe-common-a11y-visual-hide\">\n\tHinweis<\/span>\n\t\t\t\t\t\t\t<div\n\t\t\t\t\t data-key=\"0\" >\n\t\t\t\t\tEs sind keine anstehenden Veranstaltungen vorhanden.\t\t\t\t<\/div>\n\t\t\t\t\t<\/div>\n\t<\/div>\n\n\t\t\t\t\t<\/div>\n\t<\/div>\n<\/div>\n<script data-js='tribe-events-view-nonce-data' type='application\/json'>{\"tvn1\":\"a814ad9d58\",\"tvn2\":\"\"}<\/script>\n<\/div>\n<\/div>\n\n\n\n<br>\n","protected":false},"excerpt":{"rendered":"<p>Aktuelles Termine<\/p>\n","protected":false},"author":1,"featured_media":0,"parent":0,"menu_order":0,"comment_status":"closed","ping_status":"closed","template":"","meta":{"pgc_sgb_lightbox_settings":"","_price":"","_stock":"","_tribe_ticket_header":"","_tribe_default_ticket_provider":"","_tribe_ticket_capacity":"0","_ticket_start_date":"","_ticket_end_date":"","_tribe_ticket_show_description":"","_tribe_ticket_show_not_going":false,"_tribe_ticket_use_global_stock":"","_tribe_ticket_global_stock_level":"","_global_stock_mode":"","_global_stock_cap":"","_tribe_rsvp_for_event":"","_tribe_ticket_going_count":"","_tribe_ticket_not_going_count":"","_tribe_tickets_list":"[]","_tribe_ticket_has_attendee_info_fields":false,"footnotes":"","_tec_slr_enabled":"","_tec_slr_layout":""},"class_list":["post-101","page","type-page","status-publish","hentry"],"ticketed":false,"_links":{"self":[{"href":"https:\/\/www.medine-schopfloch.de\/24\/wp-json\/wp\/v2\/pages\/101","targetHints":{"allow":["GET"]}}],"collection":[{"href":"https:\/\/www.medine-schopfloch.de\/24\/wp-json\/wp\/v2\/pages"}],"about":[{"href":"https:\/\/www.medine-schopfloch.de\/24\/wp-json\/wp\/v2\/types\/page"}],"author":[{"embeddable":true,"href":"https:\/\/www.medine-schopfloch.de\/24\/wp-json\/wp\/v2\/users\/1"}],"replies":[{"embeddable":true,"href":"https:\/\/www.medine-schopfloch.de\/24\/wp-json\/wp\/v2\/comments?post=101"}],"version-history":[{"count":35,"href":"https:\/\/www.medine-schopfloch.de\/24\/wp-json\/wp\/v2\/pages\/101\/revisions"}],"predecessor-version":[{"id":1554,"href":"https:\/\/www.medine-schopfloch.de\/24\/wp-json\/wp\/v2\/pages\/101\/revisions\/1554"}],"wp:attachment":[{"href":"https:\/\/www.medine-schopfloch.de\/24\/wp-json\/wp\/v2\/media?parent=101"}],"curies":[{"name":"wp","href":"https:\/\/api.w.org\/{rel}","templated":true}]}}